{"id":86,"date":"2023-10-11T18:20:29","date_gmt":"2023-10-11T16:20:29","guid":{"rendered":"https:\/\/snepfsu.fr\/eps2024\/?page_id=86"},"modified":"2024-07-01T17:52:57","modified_gmt":"2024-07-01T15:52:57","slug":"dans-les-medias","status":"publish","type":"page","link":"https:\/\/snepfsu.fr\/eps2024\/dans-les-medias\/","title":{"rendered":"Dans les m\u00e9dias"},"content":{"rendered":"\t\t<div data-elementor-type=\"wp-page\" data-elementor-id=\"86\" class=\"elementor elementor-86\" data-elementor-post-type=\"page\">\n\t\t\t\t<div class=\"elementor-element elementor-element-b3f6a24 e-flex e-con-boxed e-con e-parent\" data-id=\"b3f6a24\" data-element_type=\"container\" data-e-type=\"container\">\n\t\t\t\t\t<div class=\"e-con-inner\">\n\t\t\t\t<div class=\"elementor-element elementor-element-07654a2 elementor-widget elementor-widget-heading\" data-id=\"07654a2\" data-element_type=\"widget\" data-e-type=\"widget\" data-widget_type=\"heading.default\">\n\t\t\t\t<div class=\"elementor-widget-container\">\n\t\t\t\t\t<h1 class=\"elementor-heading-title elementor-size-xxl\">Dans les m\u00e9dias<\/h1>\t\t\t\t<\/div>\n\t\t\t\t<\/div>\n\t\t\t\t\t<\/div>\n\t\t\t\t<\/div>\n\t\t<div class=\"elementor-element elementor-element-7f7b53f e-flex e-con-boxed e-con e-parent\" data-id=\"7f7b53f\" data-element_type=\"container\" data-e-type=\"container\">\n\t\t\t\t\t<div class=\"e-con-inner\">\n\t\t\t\t<div class=\"elementor-element elementor-element-3df317a elementor-widget elementor-widget-heading\" data-id=\"3df317a\" data-element_type=\"widget\" data-e-type=\"widget\" data-widget_type=\"heading.default\">\n\t\t\t\t<div class=\"elementor-widget-container\">\n\t\t\t\t\t<h2 class=\"elementor-heading-title elementor-size-default\">Juillet 2024<\/h2>\t\t\t\t<\/div>\n\t\t\t\t<\/div>\n\t\t\t\t\t<\/div>\n\t\t\t\t<\/div>\n\t\t<div class=\"elementor-element elementor-element-c1614ec e-flex e-con-boxed e-con e-parent\" data-id=\"c1614ec\" data-element_type=\"container\" data-e-type=\"container\">\n\t\t\t\t\t<div class=\"e-con-inner\">\n\t\t<div class=\"elementor-element elementor-element-6ba841c e-con-full e-flex e-con e-child\" data-id=\"6ba841c\" data-element_type=\"container\" data-e-type=\"container\">\n\t\t\t\t<div class=\"elementor-element elementor-element-fb2d72a elementor-widget elementor-widget-image\" data-id=\"fb2d72a\" data-element_type=\"widget\" data-e-type=\"widget\" data-widget_type=\"image.default\">\n\t\t\t\t<div class=\"elementor-widget-container\">\n\t\t\t\t\t\t\t\t\t\t\t\t\t\t\t<img fetchpriority=\"high\" decoding=\"async\" width=\"735\" height=\"210\" src=\"https:\/\/snepfsu.fr\/eps2024\/wp-content\/uploads\/2024\/07\/nouvel-obs.png\" class=\"attachment-large size-large wp-image-1018\" alt=\"\" srcset=\"https:\/\/snepfsu.fr\/eps2024\/wp-content\/uploads\/2024\/07\/nouvel-obs.png 735w, https:\/\/snepfsu.fr\/eps2024\/wp-content\/uploads\/2024\/07\/nouvel-obs-300x86.png 300w\" sizes=\"(max-width: 735px) 100vw, 735px\" \/>\t\t\t\t\t\t\t\t\t\t\t\t\t\t\t<\/div>\n\t\t\t\t<\/div>\n\t\t\t\t<\/div>\n\t\t<div class=\"elementor-element elementor-element-2812057 e-con-full e-flex e-con e-child\" data-id=\"2812057\" data-element_type=\"container\" data-e-type=\"container\">\n\t\t\t\t<div class=\"elementor-element elementor-element-8732ce5 elementor-widget elementor-widget-text-editor\" data-id=\"8732ce5\" data-element_type=\"widget\" data-e-type=\"widget\" data-widget_type=\"text-editor.default\">\n\t\t\t\t<div class=\"elementor-widget-container\">\n\t\t\t\t\t\t\t\t\t<h2>Pour les acteurs du sport scolaire en Seine-Saint-Denis, la promesse des Jeux olympiques n\u2019est pas tenue<\/h2>\n<p>\u00ab\u00a0D\u00e9cryptage La Seine-Saint-Denis est le d\u00e9partement le moins bien dot\u00e9 en installations sportives du pays. Si les Jeux olympiques et paralympiques de 2024 promettaient de laisser un h\u00e9ritage \u00e0 la population, \u00e0 un mois de l\u2019\u00e9v\u00e9nement, le territoire conna\u00eet toujours d\u2019importantes difficult\u00e9s structurelles, en particulier pour le sport scolaire (&#8230;)\u00a0\u00bb<\/p>\n<p><a href=\"https:\/\/www.nouvelobs.com\/sport\/20240701.OBS90476\/pour-les-acteurs-du-sport-scolaire-en-seine-saint-denis-la-promesse-des-jeux-olympiques-n-est-pas-tenue.html\" target=\"_blank\" rel=\"noopener\">Lire<\/a><\/p>\t\t\t\t\t\t\t\t<\/div>\n\t\t\t\t<\/div>\n\t\t\t\t<\/div>\n\t\t\t\t\t<\/div>\n\t\t\t\t<\/div>\n\t\t<div class=\"elementor-element elementor-element-82087f0 e-flex e-con-boxed e-con e-parent\" data-id=\"82087f0\" data-element_type=\"container\" data-e-type=\"container\">\n\t\t\t\t\t<div class=\"e-con-inner\">\n\t\t\t\t<div class=\"elementor-element elementor-element-19b534b elementor-widget elementor-widget-heading\" data-id=\"19b534b\" data-element_type=\"widget\" data-e-type=\"widget\" data-widget_type=\"heading.default\">\n\t\t\t\t<div class=\"elementor-widget-container\">\n\t\t\t\t\t<h2 class=\"elementor-heading-title elementor-size-default\">Mai 2024<\/h2>\t\t\t\t<\/div>\n\t\t\t\t<\/div>\n\t\t\t\t\t<\/div>\n\t\t\t\t<\/div>\n\t\t<div class=\"elementor-element elementor-element-c02cefa e-flex e-con-boxed e-con e-parent\" data-id=\"c02cefa\" data-element_type=\"container\" data-e-type=\"container\">\n\t\t\t\t\t<div class=\"e-con-inner\">\n\t\t<div class=\"elementor-element elementor-element-e6034fd e-con-full e-flex e-con e-child\" data-id=\"e6034fd\" data-element_type=\"container\" data-e-type=\"container\">\n\t\t\t\t<div class=\"elementor-element elementor-element-b4c643e elementor-widget elementor-widget-image\" data-id=\"b4c643e\" data-element_type=\"widget\" data-e-type=\"widget\" data-widget_type=\"image.default\">\n\t\t\t\t<div class=\"elementor-widget-container\">\n\t\t\t\t\t\t\t\t\t\t\t\t\t\t\t<img decoding=\"async\" width=\"1024\" height=\"296\" src=\"https:\/\/snepfsu.fr\/eps2024\/wp-content\/uploads\/2024\/05\/mediapart-1024x296.png\" class=\"attachment-large size-large wp-image-937\" alt=\"\" srcset=\"https:\/\/snepfsu.fr\/eps2024\/wp-content\/uploads\/2024\/05\/mediapart-1024x296.png 1024w, https:\/\/snepfsu.fr\/eps2024\/wp-content\/uploads\/2024\/05\/mediapart-300x87.png 300w, https:\/\/snepfsu.fr\/eps2024\/wp-content\/uploads\/2024\/05\/mediapart-768x222.png 768w, https:\/\/snepfsu.fr\/eps2024\/wp-content\/uploads\/2024\/05\/mediapart.png 1055w\" sizes=\"(max-width: 1024px) 100vw, 1024px\" \/>\t\t\t\t\t\t\t\t\t\t\t\t\t\t\t<\/div>\n\t\t\t\t<\/div>\n\t\t\t\t<\/div>\n\t\t<div class=\"elementor-element elementor-element-09503cb e-con-full e-flex e-con e-child\" data-id=\"09503cb\" data-element_type=\"container\" data-e-type=\"container\">\n\t\t\t\t<div class=\"elementor-element elementor-element-f429129 elementor-widget elementor-widget-text-editor\" data-id=\"f429129\" data-element_type=\"widget\" data-e-type=\"widget\" data-widget_type=\"text-editor.default\">\n\t\t\t\t<div class=\"elementor-widget-container\">\n\t\t\t\t\t\t\t\t\t<h2>\u00c9quipements absents et stades v\u00e9tustes, le 93 risque de ne pas profiter des JO<\/h2>\n<p>\u00ab\u00a0Alors que la Seine-Saint-Denis doit accueillir une partie des \u00e9preuves des JO cet \u00e9t\u00e9, les enseignants et membres du mouvement sportif alertent sur la carence d\u2019\u00e9quipements sportifs. Les quelques constructions ou r\u00e9novations risquent de ne pas suffire (&#8230;)\u00a0\u00bb<\/p>\n<p><a href=\"http:\/\/snepfsu.fr\/eps2024\/wp-content\/uploads\/2024\/05\/Equipements-absents-et-stades-vetustes-le-93-risque-de-ne-pas-profiter-des-JO-Mediapart.pdf\" target=\"_blank\" rel=\"noopener\">Lire<\/a><\/p>\t\t\t\t\t\t\t\t<\/div>\n\t\t\t\t<\/div>\n\t\t\t\t<\/div>\n\t\t\t\t\t<\/div>\n\t\t\t\t<\/div>\n\t\t<div class=\"elementor-element elementor-element-da56d15 e-flex e-con-boxed e-con e-parent\" data-id=\"da56d15\" data-element_type=\"container\" data-e-type=\"container\">\n\t\t\t\t\t<div class=\"e-con-inner\">\n\t\t<div class=\"elementor-element elementor-element-dc4f1ec e-con-full e-flex e-con e-child\" data-id=\"dc4f1ec\" data-element_type=\"container\" data-e-type=\"container\">\n\t\t\t\t<div class=\"elementor-element elementor-element-cfe3259 elementor-widget elementor-widget-image\" data-id=\"cfe3259\" data-element_type=\"widget\" data-e-type=\"widget\" data-widget_type=\"image.default\">\n\t\t\t\t<div class=\"elementor-widget-container\">\n\t\t\t\t\t\t\t\t\t\t\t\t\t\t\t<img decoding=\"async\" width=\"840\" height=\"265\" src=\"https:\/\/snepfsu.fr\/eps2024\/wp-content\/uploads\/2023\/11\/le-monde.png\" class=\"attachment-large size-large wp-image-347\" alt=\"\" srcset=\"https:\/\/snepfsu.fr\/eps2024\/wp-content\/uploads\/2023\/11\/le-monde.png 840w, https:\/\/snepfsu.fr\/eps2024\/wp-content\/uploads\/2023\/11\/le-monde-300x95.png 300w, https:\/\/snepfsu.fr\/eps2024\/wp-content\/uploads\/2023\/11\/le-monde-768x242.png 768w\" sizes=\"(max-width: 840px) 100vw, 840px\" \/>\t\t\t\t\t\t\t\t\t\t\t\t\t\t\t<\/div>\n\t\t\t\t<\/div>\n\t\t\t\t<\/div>\n\t\t<div class=\"elementor-element elementor-element-993c5ec e-con-full e-flex e-con e-child\" data-id=\"993c5ec\" data-element_type=\"container\" data-e-type=\"container\">\n\t\t\t\t<div class=\"elementor-element elementor-element-5cfc725 elementor-widget elementor-widget-text-editor\" data-id=\"5cfc725\" data-element_type=\"widget\" data-e-type=\"widget\" data-widget_type=\"text-editor.default\">\n\t\t\t\t<div class=\"elementor-widget-container\">\n\t\t\t\t\t\t\t\t\t<h2>En Seine-Saint-Denis, les espoirs d\u00e9\u00e7us du sport scolaire<\/h2>\n<p>\u00ab\u00a0Les enseignants craignent que le renouvellement des \u00e9quipements sportifs en vue des Jeux ne soit pas \u00e0 la hauteur des besoins (&#8230;)\u00a0\u00bb<\/p>\n<p><a href=\"http:\/\/snepfsu.fr\/eps2024\/wp-content\/uploads\/2024\/05\/article-Le-Monde-16-mai2024.pdf\" target=\"_blank\" rel=\"noopener\">Lire<\/a><\/p>\t\t\t\t\t\t\t\t<\/div>\n\t\t\t\t<\/div>\n\t\t\t\t<\/div>\n\t\t\t\t\t<\/div>\n\t\t\t\t<\/div>\n\t\t<div class=\"elementor-element elementor-element-2262266 e-flex e-con-boxed e-con e-parent\" data-id=\"2262266\" data-element_type=\"container\" data-e-type=\"container\">\n\t\t\t\t\t<div class=\"e-con-inner\">\n\t\t<div class=\"elementor-element elementor-element-2fadcb3 e-con-full e-flex e-con e-child\" data-id=\"2fadcb3\" data-element_type=\"container\" data-e-type=\"container\">\n\t\t\t\t<div class=\"elementor-element elementor-element-ccd7c38 elementor-widget elementor-widget-image\" data-id=\"ccd7c38\" data-element_type=\"widget\" data-e-type=\"widget\" data-widget_type=\"image.default\">\n\t\t\t\t<div class=\"elementor-widget-container\">\n\t\t\t\t\t\t\t\t\t\t\t\t\t\t\t<img loading=\"lazy\" decoding=\"async\" width=\"947\" height=\"455\" src=\"https:\/\/snepfsu.fr\/eps2024\/wp-content\/uploads\/2024\/05\/alternatives-economiques.png\" class=\"attachment-large size-large wp-image-916\" alt=\"\" srcset=\"https:\/\/snepfsu.fr\/eps2024\/wp-content\/uploads\/2024\/05\/alternatives-economiques.png 947w, https:\/\/snepfsu.fr\/eps2024\/wp-content\/uploads\/2024\/05\/alternatives-economiques-300x144.png 300w, https:\/\/snepfsu.fr\/eps2024\/wp-content\/uploads\/2024\/05\/alternatives-economiques-768x369.png 768w\" sizes=\"(max-width: 947px) 100vw, 947px\" \/>\t\t\t\t\t\t\t\t\t\t\t\t\t\t\t<\/div>\n\t\t\t\t<\/div>\n\t\t\t\t<\/div>\n\t\t<div class=\"elementor-element elementor-element-9962b8f e-con-full e-flex e-con e-child\" data-id=\"9962b8f\" data-element_type=\"container\" data-e-type=\"container\">\n\t\t\t\t<div class=\"elementor-element elementor-element-b979a9c elementor-widget elementor-widget-text-editor\" data-id=\"b979a9c\" data-element_type=\"widget\" data-e-type=\"widget\" data-widget_type=\"text-editor.default\">\n\t\t\t\t<div class=\"elementor-widget-container\">\n\t\t\t\t\t\t\t\t\t<h2>Piscines : apr\u00e8s les JO, le 93 ne sortira pas encore la t\u00eate de l\u2019eau<\/h2>\n<p>\u00ab\u00a0Les nouveaux bassins financ\u00e9s par les Jeux rattraperont une petite partie du retard du d\u00e9partement, et la privatisation de leur gestion inqui\u00e8te quant \u00e0 leur co\u00fbt pour les collectivit\u00e9s et le public (&#8230;)\u00a0\u00bb<\/p>\n<p><a href=\"http:\/\/snepfsu.fr\/eps2024\/wp-content\/uploads\/2024\/05\/Piscines-apres-les-JO-le-93-ne-sortira-pas-encore-la-tete-de-leau-Alternatives-Economiques.pdf\" target=\"_blank\" rel=\"noopener\">Lire<\/a><\/p>\t\t\t\t\t\t\t\t<\/div>\n\t\t\t\t<\/div>\n\t\t\t\t<\/div>\n\t\t\t\t\t<\/div>\n\t\t\t\t<\/div>\n\t\t<div class=\"elementor-element elementor-element-e85048d e-flex e-con-boxed e-con e-parent\" data-id=\"e85048d\" data-element_type=\"container\" data-e-type=\"container\">\n\t\t\t\t\t<div class=\"e-con-inner\">\n\t\t\t\t<div class=\"elementor-element elementor-element-4b9f9e4 elementor-widget elementor-widget-heading\" data-id=\"4b9f9e4\" data-element_type=\"widget\" data-e-type=\"widget\" data-widget_type=\"heading.default\">\n\t\t\t\t<div class=\"elementor-widget-container\">\n\t\t\t\t\t<h2 class=\"elementor-heading-title elementor-size-default\">Avril 2024<\/h2>\t\t\t\t<\/div>\n\t\t\t\t<\/div>\n\t\t\t\t\t<\/div>\n\t\t\t\t<\/div>\n\t\t<div class=\"elementor-element elementor-element-c6af296 e-flex e-con-boxed e-con e-parent\" data-id=\"c6af296\" data-element_type=\"container\" data-e-type=\"container\">\n\t\t\t\t\t<div class=\"e-con-inner\">\n\t\t<div class=\"elementor-element elementor-element-d2eff72 e-con-full e-flex e-con e-child\" data-id=\"d2eff72\" data-element_type=\"container\" data-e-type=\"container\">\n\t\t\t\t<div class=\"elementor-element elementor-element-6b406cf elementor-widget elementor-widget-image\" data-id=\"6b406cf\" data-element_type=\"widget\" data-e-type=\"widget\" data-widget_type=\"image.default\">\n\t\t\t\t<div class=\"elementor-widget-container\">\n\t\t\t\t\t\t\t\t\t\t\t\t\t\t\t<img loading=\"lazy\" decoding=\"async\" width=\"875\" height=\"320\" src=\"https:\/\/snepfsu.fr\/eps2024\/wp-content\/uploads\/2024\/05\/yonne.png\" class=\"attachment-large size-large wp-image-869\" alt=\"\" srcset=\"https:\/\/snepfsu.fr\/eps2024\/wp-content\/uploads\/2024\/05\/yonne.png 875w, https:\/\/snepfsu.fr\/eps2024\/wp-content\/uploads\/2024\/05\/yonne-300x110.png 300w, https:\/\/snepfsu.fr\/eps2024\/wp-content\/uploads\/2024\/05\/yonne-768x281.png 768w\" sizes=\"(max-width: 875px) 100vw, 875px\" \/>\t\t\t\t\t\t\t\t\t\t\t\t\t\t\t<\/div>\n\t\t\t\t<\/div>\n\t\t\t\t<\/div>\n\t\t<div class=\"elementor-element elementor-element-5e976fc e-con-full e-flex e-con e-child\" data-id=\"5e976fc\" data-element_type=\"container\" data-e-type=\"container\">\n\t\t\t\t<div class=\"elementor-element elementor-element-9d37975 elementor-widget elementor-widget-text-editor\" data-id=\"9d37975\" data-element_type=\"widget\" data-e-type=\"widget\" data-widget_type=\"text-editor.default\">\n\t\t\t\t<div class=\"elementor-widget-container\">\n\t\t\t\t\t\t\t\t\t<h2>Des professeurs d&rsquo;EPS en tenue de bain contre les restrictions d&rsquo;acc\u00e8s \u00e0 la piscine d&rsquo;Auxerre<\/h2>\n<p>\u00ab\u00a0Des professeurs d&rsquo;\u00c9ducation physique et sportive (EPS) de l&rsquo;Auxerrois se sont rassembl\u00e9s, ce lundi 29 avril 2024 devant la mairie d&rsquo;Auxerre, pour d\u00e9noncer la d\u00e9gradation des conditions d&rsquo;acc\u00e8s au stade nautique. (&#8230;)\u00a0\u00bb<\/p>\n<p><a href=\"https:\/\/www.lyonne.fr\/auxerre-89000\/actualites\/des-professeurs-d-eps-en-tenue-de-bain-contre-les-restrictions-d-acces-a-la-piscine-d-auxerre_14493970\/\" target=\"_blank\" rel=\"noopener\">Lire<\/a><\/p>\t\t\t\t\t\t\t\t<\/div>\n\t\t\t\t<\/div>\n\t\t\t\t<\/div>\n\t\t\t\t\t<\/div>\n\t\t\t\t<\/div>\n\t\t<div class=\"elementor-element elementor-element-0c45261 e-flex e-con-boxed e-con e-parent\" data-id=\"0c45261\" data-element_type=\"container\" data-e-type=\"container\">\n\t\t\t\t\t<div class=\"e-con-inner\">\n\t\t<div class=\"elementor-element elementor-element-cda669a e-con-full e-flex e-con e-child\" data-id=\"cda669a\" data-element_type=\"container\" data-e-type=\"container\">\n\t\t\t\t<div class=\"elementor-element elementor-element-d066254 elementor-widget elementor-widget-image\" data-id=\"d066254\" data-element_type=\"widget\" data-e-type=\"widget\" data-widget_type=\"image.default\">\n\t\t\t\t<div class=\"elementor-widget-container\">\n\t\t\t\t\t\t\t\t\t\t\t\t\t\t\t<img loading=\"lazy\" decoding=\"async\" width=\"600\" height=\"287\" src=\"https:\/\/snepfsu.fr\/eps2024\/wp-content\/uploads\/2024\/04\/europe1.png\" class=\"attachment-large size-large wp-image-849\" alt=\"\" srcset=\"https:\/\/snepfsu.fr\/eps2024\/wp-content\/uploads\/2024\/04\/europe1.png 600w, https:\/\/snepfsu.fr\/eps2024\/wp-content\/uploads\/2024\/04\/europe1-300x144.png 300w\" sizes=\"(max-width: 600px) 100vw, 600px\" \/>\t\t\t\t\t\t\t\t\t\t\t\t\t\t\t<\/div>\n\t\t\t\t<\/div>\n\t\t\t\t<\/div>\n\t\t<div class=\"elementor-element elementor-element-8e09fcc e-con-full e-flex e-con e-child\" data-id=\"8e09fcc\" data-element_type=\"container\" data-e-type=\"container\">\n\t\t\t\t<div class=\"elementor-element elementor-element-07931ab elementor-widget elementor-widget-text-editor\" data-id=\"07931ab\" data-element_type=\"widget\" data-e-type=\"widget\" data-widget_type=\"text-editor.default\">\n\t\t\t\t<div class=\"elementor-widget-container\">\n\t\t\t\t\t\t\t\t\t<h2>Le sport en France : \u00abIl faut un investissement de l&rsquo;\u00c9tat dans des installations sportives et dans l&rsquo;EPS \u00e0 l&rsquo;\u00e9cole\u00bb, explique Coralie Benech<\/h2>\n<p>\u00ab\u00a0Coralie Benech, secr\u00e9taire g\u00e9n\u00e9rale du SNEP-FSU, syndicat des enseignant-es d&rsquo;EPS et professeure d\u2019EPS dans l&rsquo;acad\u00e9mie de Paris, r\u00e9pond aux questions d&rsquo;Alexandre Le Mer (&#8230;)\u00a0\u00bb<\/p>\n<p><a href=\"https:\/\/www.europe1.fr\/emissions\/linterview-de-5h40\/le-sport-en-france-il-faut-un-investissement-de-letat-dans-des-installations-sportives-et-dans-leps-a-lecole-explique-coralie-benech-4241736\" target=\"_blank\" rel=\"noopener\">Lire<\/a><\/p>\t\t\t\t\t\t\t\t<\/div>\n\t\t\t\t<\/div>\n\t\t\t\t<\/div>\n\t\t\t\t\t<\/div>\n\t\t\t\t<\/div>\n\t\t<div class=\"elementor-element elementor-element-4d9c182 e-flex e-con-boxed e-con e-parent\" data-id=\"4d9c182\" data-element_type=\"container\" data-e-type=\"container\">\n\t\t\t\t\t<div class=\"e-con-inner\">\n\t\t<div class=\"elementor-element elementor-element-376c43f e-con-full e-flex e-con e-child\" data-id=\"376c43f\" data-element_type=\"container\" data-e-type=\"container\">\n\t\t\t\t<div class=\"elementor-element elementor-element-d443055 elementor-widget elementor-widget-image\" data-id=\"d443055\" data-element_type=\"widget\" data-e-type=\"widget\" data-widget_type=\"image.default\">\n\t\t\t\t<div class=\"elementor-widget-container\">\n\t\t\t\t\t\t\t\t\t\t\t\t\t\t\t<img loading=\"lazy\" decoding=\"async\" width=\"1000\" height=\"385\" src=\"https:\/\/snepfsu.fr\/eps2024\/wp-content\/uploads\/2023\/11\/objectif-gard.png\" class=\"attachment-large size-large wp-image-419\" alt=\"\" srcset=\"https:\/\/snepfsu.fr\/eps2024\/wp-content\/uploads\/2023\/11\/objectif-gard.png 1000w, https:\/\/snepfsu.fr\/eps2024\/wp-content\/uploads\/2023\/11\/objectif-gard-300x116.png 300w, https:\/\/snepfsu.fr\/eps2024\/wp-content\/uploads\/2023\/11\/objectif-gard-768x296.png 768w\" sizes=\"(max-width: 1000px) 100vw, 1000px\" \/>\t\t\t\t\t\t\t\t\t\t\t\t\t\t\t<\/div>\n\t\t\t\t<\/div>\n\t\t\t\t<\/div>\n\t\t<div class=\"elementor-element elementor-element-02aabdc e-con-full e-flex e-con e-child\" data-id=\"02aabdc\" data-element_type=\"container\" data-e-type=\"container\">\n\t\t\t\t<div class=\"elementor-element elementor-element-819ec51 elementor-widget elementor-widget-text-editor\" data-id=\"819ec51\" data-element_type=\"widget\" data-e-type=\"widget\" data-widget_type=\"text-editor.default\">\n\t\t\t\t<div class=\"elementor-widget-container\">\n\t\t\t\t\t\t\t\t\t<h2>Gard 2024 : un h\u00e9ritage pour l\u2019EPS et le sport, c\u2019est possible ?<\/h2>\n<p>\u00ab\u00a0La section d\u00e9partementale du Gard du Syndicat national de l\u2019\u00e9ducation physique SNEP et FSU, sort une enqu\u00eate sur l&rsquo;utilisation des installations sportives des coll\u00e8ges et lyc\u00e9es du Gard et autant dire que le retard est \u00e9norme ! (&#8230;)\u00a0\u00bb<\/p>\n<p><a href=\"https:\/\/www.objectifgard.com\/education\/gard-2024-un-heritage-pour-leps-et-le-sport-cest-possible-125471.php\" target=\"_blank\" rel=\"noopener\">Lire<\/a><\/p>\t\t\t\t\t\t\t\t<\/div>\n\t\t\t\t<\/div>\n\t\t\t\t<\/div>\n\t\t\t\t\t<\/div>\n\t\t\t\t<\/div>\n\t\t<div class=\"elementor-element elementor-element-51cf618 e-flex e-con-boxed e-con e-parent\" data-id=\"51cf618\" data-element_type=\"container\" data-e-type=\"container\">\n\t\t\t\t\t<div class=\"e-con-inner\">\n\t\t\t\t<div class=\"elementor-element elementor-element-451d3c2 elementor-widget elementor-widget-heading\" data-id=\"451d3c2\" data-element_type=\"widget\" data-e-type=\"widget\" data-widget_type=\"heading.default\">\n\t\t\t\t<div class=\"elementor-widget-container\">\n\t\t\t\t\t<h2 class=\"elementor-heading-title elementor-size-default\">Mars 2024<\/h2>\t\t\t\t<\/div>\n\t\t\t\t<\/div>\n\t\t\t\t\t<\/div>\n\t\t\t\t<\/div>\n\t\t<div class=\"elementor-element elementor-element-ee7fef2 e-flex e-con-boxed e-con e-parent\" data-id=\"ee7fef2\" data-element_type=\"container\" data-e-type=\"container\">\n\t\t\t\t\t<div class=\"e-con-inner\">\n\t\t<div class=\"elementor-element elementor-element-c79419f e-con-full e-flex e-con e-child\" data-id=\"c79419f\" data-element_type=\"container\" data-e-type=\"container\">\n\t\t\t\t<div class=\"elementor-element elementor-element-4dbc22c elementor-widget elementor-widget-image\" data-id=\"4dbc22c\" data-element_type=\"widget\" data-e-type=\"widget\" data-widget_type=\"image.default\">\n\t\t\t\t<div class=\"elementor-widget-container\">\n\t\t\t\t\t\t\t\t\t\t\t\t\t\t\t<img loading=\"lazy\" decoding=\"async\" width=\"942\" height=\"412\" src=\"https:\/\/snepfsu.fr\/eps2024\/wp-content\/uploads\/2023\/11\/france-bleu.png\" class=\"attachment-large size-large wp-image-395\" alt=\"\" srcset=\"https:\/\/snepfsu.fr\/eps2024\/wp-content\/uploads\/2023\/11\/france-bleu.png 942w, https:\/\/snepfsu.fr\/eps2024\/wp-content\/uploads\/2023\/11\/france-bleu-300x131.png 300w, https:\/\/snepfsu.fr\/eps2024\/wp-content\/uploads\/2023\/11\/france-bleu-768x336.png 768w\" sizes=\"(max-width: 942px) 100vw, 942px\" \/>\t\t\t\t\t\t\t\t\t\t\t\t\t\t\t<\/div>\n\t\t\t\t<\/div>\n\t\t\t\t<\/div>\n\t\t<div class=\"elementor-element elementor-element-f87c2ce e-con-full e-flex e-con e-child\" data-id=\"f87c2ce\" data-element_type=\"container\" data-e-type=\"container\">\n\t\t\t\t<div class=\"elementor-element elementor-element-44b9bfe elementor-widget elementor-widget-text-editor\" data-id=\"44b9bfe\" data-element_type=\"widget\" data-e-type=\"widget\" data-widget_type=\"text-editor.default\">\n\t\t\t\t<div class=\"elementor-widget-container\">\n\t\t\t\t\t\t\t\t\t<h2>Sport : des \u00e9l\u00e8ves sarthois de moins en moins actifs selon les profs d&rsquo;EPS<\/h2>\n<p>\u00ab\u00a0C&rsquo;est un constat dress\u00e9 au niveau national par les professeurs d&rsquo;\u00e9ducation physique et sportive. Les \u00e9l\u00e8ves sont de moins en moins sportifs. Les \u00e9crans favorisent la s\u00e9dentarit\u00e9 mais les enseignants d\u00e9noncent aussi le nombre d&rsquo;heures d&rsquo;EPS qui a \u00e9t\u00e9 r\u00e9duit de moiti\u00e9 dans les coll\u00e8ges et les lyc\u00e9es (&#8230;)\u00a0\u00bb<\/p>\n<p><a href=\"https:\/\/www.francebleu.fr\/emissions\/l-invite-de-la-redaction-de-france-bleu-maine\/sport-des-eleves-sarthois-de-moins-en-moins-actifs-selon-les-profs-d-eps-6216249\" target=\"_blank\" rel=\"noopener\">Lire<\/a><\/p>\t\t\t\t\t\t\t\t<\/div>\n\t\t\t\t<\/div>\n\t\t\t\t<\/div>\n\t\t\t\t\t<\/div>\n\t\t\t\t<\/div>\n\t\t<div class=\"elementor-element elementor-element-88f1e4b e-flex e-con-boxed e-con e-parent\" data-id=\"88f1e4b\" data-element_type=\"container\" data-e-type=\"container\">\n\t\t\t\t\t<div class=\"e-con-inner\">\n\t\t<div class=\"elementor-element elementor-element-9486c0f e-con-full e-flex e-con e-child\" data-id=\"9486c0f\" data-element_type=\"container\" data-e-type=\"container\">\n\t\t\t\t<div class=\"elementor-element elementor-element-4b6004a elementor-widget elementor-widget-image\" data-id=\"4b6004a\" data-element_type=\"widget\" data-e-type=\"widget\" data-widget_type=\"image.default\">\n\t\t\t\t<div class=\"elementor-widget-container\">\n\t\t\t\t\t\t\t\t\t\t\t\t\t\t\t<img loading=\"lazy\" decoding=\"async\" width=\"685\" height=\"180\" src=\"https:\/\/snepfsu.fr\/eps2024\/wp-content\/uploads\/2023\/10\/france-info.png\" class=\"attachment-large size-large wp-image-178\" alt=\"\" srcset=\"https:\/\/snepfsu.fr\/eps2024\/wp-content\/uploads\/2023\/10\/france-info.png 685w, https:\/\/snepfsu.fr\/eps2024\/wp-content\/uploads\/2023\/10\/france-info-300x79.png 300w\" sizes=\"(max-width: 685px) 100vw, 685px\" \/>\t\t\t\t\t\t\t\t\t\t\t\t\t\t\t<\/div>\n\t\t\t\t<\/div>\n\t\t\t\t<\/div>\n\t\t<div class=\"elementor-element elementor-element-1eae138 e-con-full e-flex e-con e-child\" data-id=\"1eae138\" data-element_type=\"container\" data-e-type=\"container\">\n\t\t\t\t<div class=\"elementor-element elementor-element-6beada7 elementor-widget elementor-widget-text-editor\" data-id=\"6beada7\" data-element_type=\"widget\" data-e-type=\"widget\" data-widget_type=\"text-editor.default\">\n\t\t\t\t<div class=\"elementor-widget-container\">\n\t\t\t\t\t\t\t\t\t<h2>Stades, gymnases, piscines&#8230; Apr\u00e8s les JO, \u00ab\u00a0tout reste encore \u00e0 jouer\u00a0\u00bb pour combler les carences en Seine-Saint-Denis<\/h2>\n<p>\u00ab\u00a0\u00a0\u00bbL\u2019h\u00e9ritage\u00a0\u00bb des JO de Paris 2024 \u00ab\u00a0ne suffira pas\u00a0\u00bb \u00e0 r\u00e9soudre les carences en \u00e9quipements sportifs en Seine Saint-Denis. Des acteurs du mouvement sportif et des \u00e9lus du d\u00e9partement demandent un vaste plan d&rsquo;investissements publics pour r\u00e9nover et construire (&#8230;)\u00a0\u00bb<\/p>\n<p><a href=\"https:\/\/france3-regions.francetvinfo.fr\/paris-ile-de-france\/seine-saint-denis\/reportage-stades-gymnases-piscines-apres-les-jo-tout-reste-encore-a-jouer-pour-combler-les-carences-en-seine-saint-denis-2941848.html\" target=\"_blank\" rel=\"noopener\">Lire<\/a><\/p>\t\t\t\t\t\t\t\t<\/div>\n\t\t\t\t<\/div>\n\t\t\t\t<\/div>\n\t\t\t\t\t<\/div>\n\t\t\t\t<\/div>\n\t\t<div class=\"elementor-element elementor-element-94c7a59 e-flex e-con-boxed e-con e-parent\" data-id=\"94c7a59\" data-element_type=\"container\" data-e-type=\"container\">\n\t\t\t\t\t<div class=\"e-con-inner\">\n\t\t<div class=\"elementor-element elementor-element-2f75b0a e-con-full e-flex e-con e-child\" data-id=\"2f75b0a\" data-element_type=\"container\" data-e-type=\"container\">\n\t\t\t\t<div class=\"elementor-element elementor-element-e71ef5f elementor-widget elementor-widget-image\" data-id=\"e71ef5f\" data-element_type=\"widget\" data-e-type=\"widget\" data-widget_type=\"image.default\">\n\t\t\t\t<div class=\"elementor-widget-container\">\n\t\t\t\t\t\t\t\t\t\t\t\t\t\t\t<img loading=\"lazy\" decoding=\"async\" width=\"939\" height=\"234\" src=\"https:\/\/snepfsu.fr\/eps2024\/wp-content\/uploads\/2023\/10\/humanite.png\" class=\"attachment-large size-large wp-image-193\" alt=\"\" srcset=\"https:\/\/snepfsu.fr\/eps2024\/wp-content\/uploads\/2023\/10\/humanite.png 939w, https:\/\/snepfsu.fr\/eps2024\/wp-content\/uploads\/2023\/10\/humanite-300x75.png 300w, https:\/\/snepfsu.fr\/eps2024\/wp-content\/uploads\/2023\/10\/humanite-768x191.png 768w\" sizes=\"(max-width: 939px) 100vw, 939px\" \/>\t\t\t\t\t\t\t\t\t\t\t\t\t\t\t<\/div>\n\t\t\t\t<\/div>\n\t\t\t\t<\/div>\n\t\t<div class=\"elementor-element elementor-element-133fb98 e-con-full e-flex e-con e-child\" data-id=\"133fb98\" data-element_type=\"container\" data-e-type=\"container\">\n\t\t\t\t<div class=\"elementor-element elementor-element-27cfad2 elementor-widget elementor-widget-text-editor\" data-id=\"27cfad2\" data-element_type=\"widget\" data-e-type=\"widget\" data-widget_type=\"text-editor.default\">\n\t\t\t\t<div class=\"elementor-widget-container\">\n\t\t\t\t\t\t\t\t\t<h2>Paris 2024 : les Jeux arrivent, le sport scolaire agonise<\/h2>\n<p>\u00ab\u00a0\u00c0 quelques mois des jeux Olympiques de Paris, les professeurs d\u2019EPS s\u2019inqui\u00e8tent de l\u2019\u00e9tat du sport \u00e0 l\u2019\u00e9cole. Ils sont en gr\u00e8ve, ce vendredi, pour alerter sur l\u2019urgence \u00e0 investir dans la pratique et les \u00e9quipements sportifs pour tous. Explications avec Coralie Benech, cosecr\u00e9taire g\u00e9n\u00e9rale du Snep-FSU (&#8230;)\u00a0\u00bb<\/p>\n<p><a href=\"https:\/\/www.humanite.fr\/societe\/eps\/paris-2024-les-jeux-arrivent-le-sport-scolaire-agonise\" target=\"_blank\" rel=\"noopener\">Lire<\/a><\/p>\t\t\t\t\t\t\t\t<\/div>\n\t\t\t\t<\/div>\n\t\t\t\t<\/div>\n\t\t\t\t\t<\/div>\n\t\t\t\t<\/div>\n\t\t<div class=\"elementor-element elementor-element-98e7279 e-flex e-con-boxed e-con e-parent\" data-id=\"98e7279\" data-element_type=\"container\" data-e-type=\"container\">\n\t\t\t\t\t<div class=\"e-con-inner\">\n\t\t<div class=\"elementor-element elementor-element-447e2bf e-con-full e-flex e-con e-child\" data-id=\"447e2bf\" data-element_type=\"container\" data-e-type=\"container\">\n\t\t\t\t<div class=\"elementor-element elementor-element-1d2b398 elementor-widget elementor-widget-image\" data-id=\"1d2b398\" data-element_type=\"widget\" data-e-type=\"widget\" data-widget_type=\"image.default\">\n\t\t\t\t<div class=\"elementor-widget-container\">\n\t\t\t\t\t\t\t\t\t\t\t\t\t\t\t<img loading=\"lazy\" decoding=\"async\" width=\"795\" height=\"410\" src=\"https:\/\/snepfsu.fr\/eps2024\/wp-content\/uploads\/2024\/03\/sud-ouest.png\" class=\"attachment-large size-large wp-image-760\" alt=\"\" srcset=\"https:\/\/snepfsu.fr\/eps2024\/wp-content\/uploads\/2024\/03\/sud-ouest.png 795w, https:\/\/snepfsu.fr\/eps2024\/wp-content\/uploads\/2024\/03\/sud-ouest-300x155.png 300w, https:\/\/snepfsu.fr\/eps2024\/wp-content\/uploads\/2024\/03\/sud-ouest-768x396.png 768w\" sizes=\"(max-width: 795px) 100vw, 795px\" \/>\t\t\t\t\t\t\t\t\t\t\t\t\t\t\t<\/div>\n\t\t\t\t<\/div>\n\t\t\t\t<\/div>\n\t\t<div class=\"elementor-element elementor-element-611ba13 e-con-full e-flex e-con e-child\" data-id=\"611ba13\" data-element_type=\"container\" data-e-type=\"container\">\n\t\t\t\t<div class=\"elementor-element elementor-element-bd4f779 elementor-widget elementor-widget-text-editor\" data-id=\"bd4f779\" data-element_type=\"widget\" data-e-type=\"widget\" data-widget_type=\"text-editor.default\">\n\t\t\t\t<div class=\"elementor-widget-container\">\n\t\t\t\t\t\t\t\t\t<h2>JO de Paris 2024 : des professeurs de sport d\u00e9noncent le peu de retomb\u00e9es pour les jeunes fran\u00e7ais<\/h2>\n<p>\u00ab\u00a0\u00ab Il n\u2019y a aura pas d\u2019h\u00e9ritage des Jeux Olympiques et Paralympiques \u00bb pour la jeunesse fran\u00e7aise, estiment les enseignants d\u2019EPS, qui ont manifest\u00e9 vendredi \u00e0 Paris (&#8230;)\u00a0\u00bb<\/p>\n<p><a href=\"https:\/\/www.sudouest.fr\/sport\/jo-de-paris-2024-des-professeurs-de-sport-denoncent-le-peu-de-retombees-pour-les-jeunes-francais-18980820.php\" target=\"_blank\" rel=\"noopener\">Lire<\/a><\/p>\t\t\t\t\t\t\t\t<\/div>\n\t\t\t\t<\/div>\n\t\t\t\t<\/div>\n\t\t\t\t\t<\/div>\n\t\t\t\t<\/div>\n\t\t<div class=\"elementor-element elementor-element-58f15b9 e-flex e-con-boxed e-con e-parent\" data-id=\"58f15b9\" data-element_type=\"container\" data-e-type=\"container\">\n\t\t\t\t\t<div class=\"e-con-inner\">\n\t\t<div class=\"elementor-element elementor-element-4347199 e-con-full e-flex e-con e-child\" data-id=\"4347199\" data-element_type=\"container\" data-e-type=\"container\">\n\t\t\t\t<div class=\"elementor-element elementor-element-f8c773c elementor-widget elementor-widget-image\" data-id=\"f8c773c\" data-element_type=\"widget\" data-e-type=\"widget\" data-widget_type=\"image.default\">\n\t\t\t\t<div class=\"elementor-widget-container\">\n\t\t\t\t\t\t\t\t\t\t\t\t\t\t\t<img loading=\"lazy\" decoding=\"async\" width=\"1024\" height=\"194\" src=\"https:\/\/snepfsu.fr\/eps2024\/wp-content\/uploads\/2024\/03\/la-rep-des-pyr-1024x194.png\" class=\"attachment-large size-large wp-image-761\" alt=\"\" srcset=\"https:\/\/snepfsu.fr\/eps2024\/wp-content\/uploads\/2024\/03\/la-rep-des-pyr-1024x194.png 1024w, https:\/\/snepfsu.fr\/eps2024\/wp-content\/uploads\/2024\/03\/la-rep-des-pyr-300x57.png 300w, https:\/\/snepfsu.fr\/eps2024\/wp-content\/uploads\/2024\/03\/la-rep-des-pyr-768x146.png 768w, https:\/\/snepfsu.fr\/eps2024\/wp-content\/uploads\/2024\/03\/la-rep-des-pyr.png 1240w\" sizes=\"(max-width: 1024px) 100vw, 1024px\" \/>\t\t\t\t\t\t\t\t\t\t\t\t\t\t\t<\/div>\n\t\t\t\t<\/div>\n\t\t\t\t<\/div>\n\t\t<div class=\"elementor-element elementor-element-5a29c9c e-con-full e-flex e-con e-child\" data-id=\"5a29c9c\" data-element_type=\"container\" data-e-type=\"container\">\n\t\t\t\t<div class=\"elementor-element elementor-element-3783492 elementor-widget elementor-widget-text-editor\" data-id=\"3783492\" data-element_type=\"widget\" data-e-type=\"widget\" data-widget_type=\"text-editor.default\">\n\t\t\t\t<div class=\"elementor-widget-container\">\n\t\t\t\t\t\t\t\t\t<h2>Lescar : les professeurs d\u2019EPS veulent 4 heures de sport pour tous au coll\u00e8ge<\/h2>\n<p>\u00ab\u00a0Les professeurs d\u2019EPS du coll\u00e8ge Simin-Palys, mobilis\u00e9s ce vendredi 15 mars, demandent l\u2019augmentation des horaires d\u2019\u00e9ducation physique et sportive \u00e0 l\u2019\u00e9cole (&#8230;)\u00a0\u00bb<\/p>\n<p><a href=\"https:\/\/www.larepubliquedespyrenees.fr\/pyrenees-atlantiques\/lescar\/lescar-les-professeurs-d-eps-veulent-4-heures-de-sport-pour-tous-au-college-18967606.php\" target=\"_blank\" rel=\"noopener\">Lire<\/a><\/p>\t\t\t\t\t\t\t\t<\/div>\n\t\t\t\t<\/div>\n\t\t\t\t<\/div>\n\t\t\t\t\t<\/div>\n\t\t\t\t<\/div>\n\t\t<div class=\"elementor-element elementor-element-945872b e-flex e-con-boxed e-con e-parent\" data-id=\"945872b\" data-element_type=\"container\" data-e-type=\"container\">\n\t\t\t\t\t<div class=\"e-con-inner\">\n\t\t<div class=\"elementor-element elementor-element-29a6254 e-con-full e-flex e-con e-child\" data-id=\"29a6254\" data-element_type=\"container\" data-e-type=\"container\">\n\t\t\t\t<div class=\"elementor-element elementor-element-001ccd7 elementor-widget elementor-widget-image\" data-id=\"001ccd7\" data-element_type=\"widget\" data-e-type=\"widget\" data-widget_type=\"image.default\">\n\t\t\t\t<div class=\"elementor-widget-container\">\n\t\t\t\t\t\t\t\t\t\t\t\t\t\t\t<img loading=\"lazy\" decoding=\"async\" width=\"732\" height=\"300\" src=\"https:\/\/snepfsu.fr\/eps2024\/wp-content\/uploads\/2024\/03\/oneplanet.png\" class=\"attachment-large size-large wp-image-762\" alt=\"\" srcset=\"https:\/\/snepfsu.fr\/eps2024\/wp-content\/uploads\/2024\/03\/oneplanet.png 732w, https:\/\/snepfsu.fr\/eps2024\/wp-content\/uploads\/2024\/03\/oneplanet-300x123.png 300w\" sizes=\"(max-width: 732px) 100vw, 732px\" \/>\t\t\t\t\t\t\t\t\t\t\t\t\t\t\t<\/div>\n\t\t\t\t<\/div>\n\t\t\t\t<\/div>\n\t\t<div class=\"elementor-element elementor-element-3d133a2 e-con-full e-flex e-con e-child\" data-id=\"3d133a2\" data-element_type=\"container\" data-e-type=\"container\">\n\t\t\t\t<div class=\"elementor-element elementor-element-6b807aa elementor-widget elementor-widget-text-editor\" data-id=\"6b807aa\" data-element_type=\"widget\" data-e-type=\"widget\" data-widget_type=\"text-editor.default\">\n\t\t\t\t<div class=\"elementor-widget-container\">\n\t\t\t\t\t\t\t\t\t<h2>\u00c0 l\u2019approche des JO, les profs d\u2019EPS en campagne<\/h2>\n<p>\u00ab\u00a0Les profs d\u2019EPS du Snep-FSU de Montpellier \u00e9taient en campagne ce vendredi 15 mars, pour plus de sport et des embauches (&#8230;)\u00a0\u00bb<\/p>\n<p><a href=\"https:\/\/oneplanete.com\/actualite-en-continu\/a-lapproche-des-jo-les-profs-deps-en-campagne\/\" target=\"_blank\" rel=\"noopener\">Lire<\/a><\/p>\t\t\t\t\t\t\t\t<\/div>\n\t\t\t\t<\/div>\n\t\t\t\t<\/div>\n\t\t\t\t\t<\/div>\n\t\t\t\t<\/div>\n\t\t<div class=\"elementor-element elementor-element-f63c05d e-flex e-con-boxed e-con e-parent\" data-id=\"f63c05d\" data-element_type=\"container\" data-e-type=\"container\">\n\t\t\t\t\t<div class=\"e-con-inner\">\n\t\t\t\t<div class=\"elementor-element elementor-element-fed4bf0 elementor-widget elementor-widget-heading\" data-id=\"fed4bf0\" data-element_type=\"widget\" data-e-type=\"widget\" data-widget_type=\"heading.default\">\n\t\t\t\t<div class=\"elementor-widget-container\">\n\t\t\t\t\t<h2 class=\"elementor-heading-title elementor-size-default\">F\u00e9vrier 2024<\/h2>\t\t\t\t<\/div>\n\t\t\t\t<\/div>\n\t\t\t\t\t<\/div>\n\t\t\t\t<\/div>\n\t\t<div class=\"elementor-element elementor-element-6c34aad e-flex e-con-boxed e-con e-parent\" data-id=\"6c34aad\" data-element_type=\"container\" data-e-type=\"container\">\n\t\t\t\t\t<div class=\"e-con-inner\">\n\t\t<div class=\"elementor-element elementor-element-f3dbf8d e-con-full e-flex e-con e-child\" data-id=\"f3dbf8d\" data-element_type=\"container\" data-e-type=\"container\">\n\t\t\t\t<div class=\"elementor-element elementor-element-4147edb elementor-widget elementor-widget-image\" data-id=\"4147edb\" data-element_type=\"widget\" data-e-type=\"widget\" data-widget_type=\"image.default\">\n\t\t\t\t<div class=\"elementor-widget-container\">\n\t\t\t\t\t\t\t\t\t\t\t\t\t\t\t<img loading=\"lazy\" decoding=\"async\" width=\"1010\" height=\"505\" src=\"https:\/\/snepfsu.fr\/eps2024\/wp-content\/uploads\/2024\/02\/pa_sport.png\" class=\"attachment-large size-large wp-image-657\" alt=\"\" srcset=\"https:\/\/snepfsu.fr\/eps2024\/wp-content\/uploads\/2024\/02\/pa_sport.png 1010w, https:\/\/snepfsu.fr\/eps2024\/wp-content\/uploads\/2024\/02\/pa_sport-300x150.png 300w, https:\/\/snepfsu.fr\/eps2024\/wp-content\/uploads\/2024\/02\/pa_sport-768x384.png 768w\" sizes=\"(max-width: 1010px) 100vw, 1010px\" \/>\t\t\t\t\t\t\t\t\t\t\t\t\t\t\t<\/div>\n\t\t\t\t<\/div>\n\t\t\t\t<\/div>\n\t\t<div class=\"elementor-element elementor-element-308d690 e-con-full e-flex e-con e-child\" data-id=\"308d690\" data-element_type=\"container\" data-e-type=\"container\">\n\t\t\t\t<div class=\"elementor-element elementor-element-6810503 elementor-widget elementor-widget-text-editor\" data-id=\"6810503\" data-element_type=\"widget\" data-e-type=\"widget\" data-widget_type=\"text-editor.default\">\n\t\t\t\t<div class=\"elementor-widget-container\">\n\t\t\t\t\t\t\t\t\t<h2>Journ\u00e9e d\u2019action nationale des professeurs d\u2019EPS\u034f<\/h2>\n<p>\u00ab\u00a0\u00c0 quelques mois des JOP 2024, l\u2019EPS et ses acteurs\u00b7rices de terrain, les enseignant\u00b7es d\u2019\u00e9ducation physique et sportive, ne sont r\u00e9solument pas \u00ab \u00e0 l\u2019honneur \u00bb, comme l\u2019avait annonc\u00e9 G. Attal, alors ministre de l\u2019\u00c9ducation nationale, lors de la derni\u00e8re rentr\u00e9e scolaire (&#8230;)\u00a0\u00bb<\/p>\n<p><a href=\"http:\/\/www.pa-sport.fr\/2024\/02\/23\/institutionnel-snep-fsu-journee-daction-nationale-des-professeurs-deps%CD%8F-%CD%8F-%CD%8F-%CD%8F-%CD%8F-%CD%8F-%CD%8F-%CD%8F-%CD%8F-%CD%8F-%CD%8F-%CD%8F-%CD%8F-%CD%8F-%CD%8F\/\" target=\"_blank\" rel=\"noopener\">Lire<\/a><\/p>\t\t\t\t\t\t\t\t<\/div>\n\t\t\t\t<\/div>\n\t\t\t\t<\/div>\n\t\t\t\t\t<\/div>\n\t\t\t\t<\/div>\n\t\t<div class=\"elementor-element elementor-element-a3fb929 e-flex e-con-boxed e-con e-parent\" data-id=\"a3fb929\" data-element_type=\"container\" data-e-type=\"container\">\n\t\t\t\t\t<div class=\"e-con-inner\">\n\t\t<div class=\"elementor-element elementor-element-6dae924 e-con-full e-flex e-con e-child\" data-id=\"6dae924\" data-element_type=\"container\" data-e-type=\"container\">\n\t\t\t\t<div class=\"elementor-element elementor-element-7eb3ef6 elementor-widget elementor-widget-image\" data-id=\"7eb3ef6\" data-element_type=\"widget\" data-e-type=\"widget\" data-widget_type=\"image.default\">\n\t\t\t\t<div class=\"elementor-widget-container\">\n\t\t\t\t\t\t\t\t\t\t\t\t\t\t\t<img loading=\"lazy\" decoding=\"async\" width=\"837\" height=\"370\" src=\"https:\/\/snepfsu.fr\/eps2024\/wp-content\/uploads\/2023\/11\/ouest-france.png\" class=\"attachment-large size-large wp-image-406\" alt=\"\" srcset=\"https:\/\/snepfsu.fr\/eps2024\/wp-content\/uploads\/2023\/11\/ouest-france.png 837w, https:\/\/snepfsu.fr\/eps2024\/wp-content\/uploads\/2023\/11\/ouest-france-300x133.png 300w, https:\/\/snepfsu.fr\/eps2024\/wp-content\/uploads\/2023\/11\/ouest-france-768x339.png 768w\" sizes=\"(max-width: 837px) 100vw, 837px\" \/>\t\t\t\t\t\t\t\t\t\t\t\t\t\t\t<\/div>\n\t\t\t\t<\/div>\n\t\t\t\t<\/div>\n\t\t<div class=\"elementor-element elementor-element-055c382 e-con-full e-flex e-con e-child\" data-id=\"055c382\" data-element_type=\"container\" data-e-type=\"container\">\n\t\t\t\t<div class=\"elementor-element elementor-element-1a2a029 elementor-widget elementor-widget-text-editor\" data-id=\"1a2a029\" data-element_type=\"widget\" data-e-type=\"widget\" data-widget_type=\"text-editor.default\">\n\t\t\t\t<div class=\"elementor-widget-container\">\n\t\t\t\t\t\t\t\t\t<h2>\u00ab Ravivons la flamme de l\u2019EPS \u00bb au coll\u00e8ge et lyc\u00e9e<\/h2>\n<p>\u00ab\u00a0Le SNEP-FSU revendique 4 heures d\u2019EPS par semaine pour chaque niveau au coll\u00e8ge et au lyc\u00e9e et va le faire savoir par des actions en f\u00e9vrier et mars 2024 (&#8230;)\u00a0\u00bb<\/p>\n<p><a href=\"https:\/\/www.francelive.fr\/teaser\/presse-ocean\/ravivons-la-flamme-de-leps-au-college-et-lycee-8408328\/\" target=\"_blank\" rel=\"noopener\">Lire<\/a><\/p>\t\t\t\t\t\t\t\t<\/div>\n\t\t\t\t<\/div>\n\t\t\t\t<\/div>\n\t\t\t\t\t<\/div>\n\t\t\t\t<\/div>\n\t\t<div class=\"elementor-element elementor-element-f350ddc e-flex e-con-boxed e-con e-parent\" data-id=\"f350ddc\" data-element_type=\"container\" data-e-type=\"container\">\n\t\t\t\t\t<div class=\"e-con-inner\">\n\t\t<div class=\"elementor-element elementor-element-78c8bcf e-con-full e-flex e-con e-child\" data-id=\"78c8bcf\" data-element_type=\"container\" data-e-type=\"container\">\n\t\t\t\t<div class=\"elementor-element elementor-element-d4b0eab elementor-widget elementor-widget-image\" data-id=\"d4b0eab\" data-element_type=\"widget\" data-e-type=\"widget\" data-widget_type=\"image.default\">\n\t\t\t\t<div class=\"elementor-widget-container\">\n\t\t\t\t\t\t\t\t\t\t\t\t\t\t\t<img loading=\"lazy\" decoding=\"async\" width=\"577\" height=\"275\" src=\"https:\/\/snepfsu.fr\/eps2024\/wp-content\/uploads\/2024\/02\/hebdo-sevre-maine.png\" class=\"attachment-large size-large wp-image-606\" alt=\"\" srcset=\"https:\/\/snepfsu.fr\/eps2024\/wp-content\/uploads\/2024\/02\/hebdo-sevre-maine.png 577w, https:\/\/snepfsu.fr\/eps2024\/wp-content\/uploads\/2024\/02\/hebdo-sevre-maine-300x143.png 300w\" sizes=\"(max-width: 577px) 100vw, 577px\" \/>\t\t\t\t\t\t\t\t\t\t\t\t\t\t\t<\/div>\n\t\t\t\t<\/div>\n\t\t\t\t<\/div>\n\t\t<div class=\"elementor-element elementor-element-3796a13 e-con-full e-flex e-con e-child\" data-id=\"3796a13\" data-element_type=\"container\" data-e-type=\"container\">\n\t\t\t\t<div class=\"elementor-element elementor-element-86f984c elementor-widget elementor-widget-text-editor\" data-id=\"86f984c\" data-element_type=\"widget\" data-e-type=\"widget\" data-widget_type=\"text-editor.default\">\n\t\t\t\t<div class=\"elementor-widget-container\">\n\t\t\t\t\t\t\t\t\t<h2>Ils organisent une course dans le Vignoble nantais pour r\u00e9clamer plus de sport \u00e0 l&rsquo;\u00e9cole<\/h2>\n<p>\u00ab\u00a0Une course d&rsquo;orientation aura lieu, samedi 17 f\u00e9vrier \u00e0 Ch\u00e2teau-Th\u00e9baud. Le syndicat des professeurs d&rsquo;EPS qui l&rsquo;organise r\u00e9clame 4 heures de sport par semaine chez les scolaires (&#8230;)\u00a0\u00bb<\/p>\n<p><a href=\"https:\/\/actu.fr\/pays-de-la-loire\/chateau-thebaud_44037\/ils-organisent-une-course-dans-le-vignoble-nantais-pour-reclamer-plus-de-sport-a-lecole_60697563.html\" target=\"_blank\" rel=\"noopener\">Lire<\/a><\/p>\t\t\t\t\t\t\t\t<\/div>\n\t\t\t\t<\/div>\n\t\t\t\t<\/div>\n\t\t\t\t\t<\/div>\n\t\t\t\t<\/div>\n\t\t<div class=\"elementor-element elementor-element-00183cd e-flex e-con-boxed e-con e-parent\" data-id=\"00183cd\" data-element_type=\"container\" data-e-type=\"container\">\n\t\t\t\t\t<div class=\"e-con-inner\">\n\t\t<div class=\"elementor-element elementor-element-8f66a46 e-con-full e-flex e-con e-child\" data-id=\"8f66a46\" data-element_type=\"container\" data-e-type=\"container\">\n\t\t\t\t<div class=\"elementor-element elementor-element-8352501 elementor-widget elementor-widget-image\" data-id=\"8352501\" data-element_type=\"widget\" data-e-type=\"widget\" data-widget_type=\"image.default\">\n\t\t\t\t<div class=\"elementor-widget-container\">\n\t\t\t\t\t\t\t\t\t\t\t\t\t\t\t<img loading=\"lazy\" decoding=\"async\" width=\"892\" height=\"335\" src=\"https:\/\/snepfsu.fr\/eps2024\/wp-content\/uploads\/2024\/02\/echo-republicain.png\" class=\"attachment-large size-large wp-image-612\" alt=\"\" srcset=\"https:\/\/snepfsu.fr\/eps2024\/wp-content\/uploads\/2024\/02\/echo-republicain.png 892w, https:\/\/snepfsu.fr\/eps2024\/wp-content\/uploads\/2024\/02\/echo-republicain-300x113.png 300w, https:\/\/snepfsu.fr\/eps2024\/wp-content\/uploads\/2024\/02\/echo-republicain-768x288.png 768w\" sizes=\"(max-width: 892px) 100vw, 892px\" \/>\t\t\t\t\t\t\t\t\t\t\t\t\t\t\t<\/div>\n\t\t\t\t<\/div>\n\t\t\t\t<\/div>\n\t\t<div class=\"elementor-element elementor-element-6d6b98c e-con-full e-flex e-con e-child\" data-id=\"6d6b98c\" data-element_type=\"container\" data-e-type=\"container\">\n\t\t\t\t<div class=\"elementor-element elementor-element-fc5c1e2 elementor-widget elementor-widget-text-editor\" data-id=\"fc5c1e2\" data-element_type=\"widget\" data-e-type=\"widget\" data-widget_type=\"text-editor.default\">\n\t\t\t\t<div class=\"elementor-widget-container\">\n\t\t\t\t\t\t\t\t\t<h2>Le coll\u00e8ge Jean Moulin, \u00e0 Chartres, toujours priv\u00e9 de gymnase et sans perspectives pour la rentr\u00e9e 2024<\/h2>\n<p>\u00ab\u00a0Jug\u00e9 v\u00e9tuste, le gymnase du coll\u00e8ge Jean Moulin a ferm\u00e9 en juillet 2023. Une situation que les professeurs d&rsquo;EPS d\u00e9noncent depuis lors. Ils ont manifest\u00e9 \u00e0 Chartres, mercredi 14 f\u00e9vrier 2024 (&#8230;)\u00a0\u00bb<\/p>\n<p><a href=\"https:\/\/www.lechorepublicain.fr\/chartres-28000\/actualites\/le-college-jean-moulin-a-chartres-toujours-prive-de-gymnase-et-sans-perspectives-pour-la-rentree-2024_14452938\/\" target=\"_blank\" rel=\"noopener\">Lire<\/a><\/p>\t\t\t\t\t\t\t\t<\/div>\n\t\t\t\t<\/div>\n\t\t\t\t<\/div>\n\t\t\t\t\t<\/div>\n\t\t\t\t<\/div>\n\t\t<div class=\"elementor-element elementor-element-a55c4f4 e-flex e-con-boxed e-con e-parent\" data-id=\"a55c4f4\" data-element_type=\"container\" data-e-type=\"container\">\n\t\t\t\t\t<div class=\"e-con-inner\">\n\t\t<div class=\"elementor-element elementor-element-01301af e-con-full e-flex e-con e-child\" data-id=\"01301af\" data-element_type=\"container\" data-e-type=\"container\">\n\t\t\t\t<div class=\"elementor-element elementor-element-ad36b07 elementor-widget elementor-widget-image\" data-id=\"ad36b07\" data-element_type=\"widget\" data-e-type=\"widget\" data-widget_type=\"image.default\">\n\t\t\t\t<div class=\"elementor-widget-container\">\n\t\t\t\t\t\t\t\t\t\t\t\t\t\t\t<img loading=\"lazy\" decoding=\"async\" width=\"975\" height=\"195\" src=\"https:\/\/snepfsu.fr\/eps2024\/wp-content\/uploads\/2023\/11\/dauphine-libere.png\" class=\"attachment-large size-large wp-image-401\" alt=\"\" srcset=\"https:\/\/snepfsu.fr\/eps2024\/wp-content\/uploads\/2023\/11\/dauphine-libere.png 975w, https:\/\/snepfsu.fr\/eps2024\/wp-content\/uploads\/2023\/11\/dauphine-libere-300x60.png 300w, https:\/\/snepfsu.fr\/eps2024\/wp-content\/uploads\/2023\/11\/dauphine-libere-768x154.png 768w\" sizes=\"(max-width: 975px) 100vw, 975px\" \/>\t\t\t\t\t\t\t\t\t\t\t\t\t\t\t<\/div>\n\t\t\t\t<\/div>\n\t\t\t\t<\/div>\n\t\t<div class=\"elementor-element elementor-element-50edb21 e-con-full e-flex e-con e-child\" data-id=\"50edb21\" data-element_type=\"container\" data-e-type=\"container\">\n\t\t\t\t<div class=\"elementor-element elementor-element-c012383 elementor-widget elementor-widget-text-editor\" data-id=\"c012383\" data-element_type=\"widget\" data-e-type=\"widget\" data-widget_type=\"text-editor.default\">\n\t\t\t\t<div class=\"elementor-widget-container\">\n\t\t\t\t\t\t\t\t\t<h2>Dr\u00f4me et Ard\u00e8che : pourquoi les profs de sport veulent \u00ab rallumer la flamme de l\u2019EPS \u00bb<\/h2>\n<p>\u00ab\u00a0Un peu partout en France depuis un mois, les enseignants d\u2019\u00e9ducation physique et sportive (EPS) des coll\u00e8ges et lyc\u00e9es se mobilisent pour demander davantage d\u2019heures de sports pour les \u00e9l\u00e8ves, devenus tr\u00e8s s\u00e9dentaires, dont les capacit\u00e9s physiques ont baiss\u00e9, selon le syndicat Snep FSU. Leurs revendications s\u2019appuient \u00e9galement sur l\u2019organisation des JO cet \u00e9t\u00e9 \u00e0 Paris (&#8230;)\u00a0\u00bb<\/p>\n<p><a href=\"https:\/\/www.ledauphine.com\/sport\/2024\/02\/09\/drome-et-ardeche-pourquoi-les-profs-de-sport-veulent-rallumer-la-flamme-de-l-eps\" target=\"_blank\" rel=\"noopener\">Lire<\/a><\/p>\t\t\t\t\t\t\t\t<\/div>\n\t\t\t\t<\/div>\n\t\t\t\t<\/div>\n\t\t\t\t\t<\/div>\n\t\t\t\t<\/div>\n\t\t<div class=\"elementor-element elementor-element-00dc217 e-flex e-con-boxed e-con e-parent\" data-id=\"00dc217\" data-element_type=\"container\" data-e-type=\"container\">\n\t\t\t\t\t<div class=\"e-con-inner\">\n\t\t<div class=\"elementor-element elementor-element-f33e138 e-con-full e-flex e-con e-child\" data-id=\"f33e138\" data-element_type=\"container\" data-e-type=\"container\">\n\t\t\t\t<div class=\"elementor-element elementor-element-aa6312b elementor-widget elementor-widget-image\" data-id=\"aa6312b\" data-element_type=\"widget\" data-e-type=\"widget\" data-widget_type=\"image.default\">\n\t\t\t\t<div class=\"elementor-widget-container\">\n\t\t\t\t\t\t\t\t\t\t\t\t\t\t\t<img loading=\"lazy\" decoding=\"async\" width=\"1000\" height=\"350\" src=\"https:\/\/snepfsu.fr\/eps2024\/wp-content\/uploads\/2024\/02\/France-live.png\" class=\"attachment-large size-large wp-image-608\" alt=\"\" srcset=\"https:\/\/snepfsu.fr\/eps2024\/wp-content\/uploads\/2024\/02\/France-live.png 1000w, https:\/\/snepfsu.fr\/eps2024\/wp-content\/uploads\/2024\/02\/France-live-300x105.png 300w, https:\/\/snepfsu.fr\/eps2024\/wp-content\/uploads\/2024\/02\/France-live-768x269.png 768w\" sizes=\"(max-width: 1000px) 100vw, 1000px\" \/>\t\t\t\t\t\t\t\t\t\t\t\t\t\t\t<\/div>\n\t\t\t\t<\/div>\n\t\t\t\t<\/div>\n\t\t<div class=\"elementor-element elementor-element-815ea3b e-con-full e-flex e-con e-child\" data-id=\"815ea3b\" data-element_type=\"container\" data-e-type=\"container\">\n\t\t\t\t<div class=\"elementor-element elementor-element-3a4a082 elementor-widget elementor-widget-text-editor\" data-id=\"3a4a082\" data-element_type=\"widget\" data-e-type=\"widget\" data-widget_type=\"text-editor.default\">\n\t\t\t\t<div class=\"elementor-widget-container\">\n\t\t\t\t\t\t\t\t\t<h2>\u00ab Ravivons la flamme de l\u2019EPS \u00bb au coll\u00e8ge et lyc\u00e9e<\/h2>\n<p>\u00ab\u00a0Le SNEP-FSU revendique 4 heures d\u2019EPS par semaine pour chaque niveau au coll\u00e8ge et au lyc\u00e9e et va le faire savoir par des actions en f\u00e9vrier et mars 2024 (&#8230;)\u00a0\u00bb<\/p>\n<p><a href=\"https:\/\/www.francelive.fr\/teaser\/presse-ocean\/ravivons-la-flamme-de-leps-au-college-et-lycee-8408328\/\" target=\"_blank\" rel=\"noopener\">Lire<\/a><\/p>\t\t\t\t\t\t\t\t<\/div>\n\t\t\t\t<\/div>\n\t\t\t\t<\/div>\n\t\t\t\t\t<\/div>\n\t\t\t\t<\/div>\n\t\t<div class=\"elementor-element elementor-element-dbe9144 e-flex e-con-boxed e-con e-parent\" data-id=\"dbe9144\" data-element_type=\"container\" data-e-type=\"container\">\n\t\t\t\t\t<div class=\"e-con-inner\">\n\t\t\t\t<div class=\"elementor-element elementor-element-1aa8772 elementor-widget elementor-widget-heading\" data-id=\"1aa8772\" data-element_type=\"widget\" data-e-type=\"widget\" data-widget_type=\"heading.default\">\n\t\t\t\t<div class=\"elementor-widget-container\">\n\t\t\t\t\t<h2 class=\"elementor-heading-title elementor-size-default\">Janvier 2024<\/h2>\t\t\t\t<\/div>\n\t\t\t\t<\/div>\n\t\t\t\t\t<\/div>\n\t\t\t\t<\/div>\n\t\t<div class=\"elementor-element elementor-element-1121805 e-flex e-con-boxed e-con e-parent\" data-id=\"1121805\" data-element_type=\"container\" data-e-type=\"container\">\n\t\t\t\t\t<div class=\"e-con-inner\">\n\t\t<div class=\"elementor-element elementor-element-662d4a3 e-con-full e-flex e-con e-child\" data-id=\"662d4a3\" data-element_type=\"container\" data-e-type=\"container\">\n\t\t\t\t<div class=\"elementor-element elementor-element-0cf8a1f elementor-widget elementor-widget-image\" data-id=\"0cf8a1f\" data-element_type=\"widget\" data-e-type=\"widget\" data-widget_type=\"image.default\">\n\t\t\t\t<div class=\"elementor-widget-container\">\n\t\t\t\t\t\t\t\t\t\t\t\t\t\t\t<img loading=\"lazy\" decoding=\"async\" width=\"1024\" height=\"241\" src=\"https:\/\/snepfsu.fr\/eps2024\/wp-content\/uploads\/2024\/02\/telegramme-1024x241.png\" class=\"attachment-large size-large wp-image-590\" alt=\"\" srcset=\"https:\/\/snepfsu.fr\/eps2024\/wp-content\/uploads\/2024\/02\/telegramme-1024x241.png 1024w, https:\/\/snepfsu.fr\/eps2024\/wp-content\/uploads\/2024\/02\/telegramme-300x71.png 300w, https:\/\/snepfsu.fr\/eps2024\/wp-content\/uploads\/2024\/02\/telegramme-768x181.png 768w, https:\/\/snepfsu.fr\/eps2024\/wp-content\/uploads\/2024\/02\/telegramme.png 1177w\" sizes=\"(max-width: 1024px) 100vw, 1024px\" \/>\t\t\t\t\t\t\t\t\t\t\t\t\t\t\t<\/div>\n\t\t\t\t<\/div>\n\t\t\t\t<\/div>\n\t\t<div class=\"elementor-element elementor-element-44779df e-con-full e-flex e-con e-child\" data-id=\"44779df\" data-element_type=\"container\" data-e-type=\"container\">\n\t\t\t\t<div class=\"elementor-element elementor-element-1983c93 elementor-widget elementor-widget-text-editor\" data-id=\"1983c93\" data-element_type=\"widget\" data-e-type=\"widget\" data-widget_type=\"text-editor.default\">\n\t\t\t\t<div class=\"elementor-widget-container\">\n\t\t\t\t\t\t\t\t\t<h2>\u00ab Le sport doit \u00eatre pris au s\u00e9rieux \u00bb : \u00e0 Rennes, les professeurs d\u2019EPS ont manifest\u00e9 pour r\u00e9clamer plus d\u2019heures\u00a0<\/h2>\n<p>\u00ab\u00a0\u00c0 Rennes, le syndicat national de l\u2019\u00e9ducation physique (Snep) a lanc\u00e9 ce 20 janvier une premi\u00e8re journ\u00e9e de mobilisation pour alerter sur le manque de consid\u00e9ration du sport dans le temps scolaire (&#8230;)\u00a0\u00bb<\/p>\n<p><a href=\"https:\/\/www.letelegramme.fr\/ille-et-vilaine\/rennes-35000\/le-sport-doit-etre-pris-au-serieux-a-rennes-les-professeurs-deps-ont-manifeste-pour-reclamer-plus-dheures-6508739.php\" target=\"_blank\" rel=\"noopener\">Voir<\/a><\/p>\t\t\t\t\t\t\t\t<\/div>\n\t\t\t\t<\/div>\n\t\t\t\t<\/div>\n\t\t\t\t\t<\/div>\n\t\t\t\t<\/div>\n\t\t<div class=\"elementor-element elementor-element-e231e68 e-flex e-con-boxed e-con e-parent\" data-id=\"e231e68\" data-element_type=\"container\" data-e-type=\"container\">\n\t\t\t\t\t<div class=\"e-con-inner\">\n\t\t<div class=\"elementor-element elementor-element-cc6ac56 e-con-full e-flex e-con e-child\" data-id=\"cc6ac56\" data-element_type=\"container\" data-e-type=\"container\">\n\t\t\t\t<div class=\"elementor-element elementor-element-a417b11 elementor-widget elementor-widget-image\" data-id=\"a417b11\" data-element_type=\"widget\" data-e-type=\"widget\" data-widget_type=\"image.default\">\n\t\t\t\t<div class=\"elementor-widget-container\">\n\t\t\t\t\t\t\t\t\t\t\t\t\t\t\t<img loading=\"lazy\" decoding=\"async\" width=\"637\" height=\"290\" src=\"https:\/\/snepfsu.fr\/eps2024\/wp-content\/uploads\/2024\/01\/bfm-alsace.png\" class=\"attachment-large size-large wp-image-573\" alt=\"\" srcset=\"https:\/\/snepfsu.fr\/eps2024\/wp-content\/uploads\/2024\/01\/bfm-alsace.png 637w, https:\/\/snepfsu.fr\/eps2024\/wp-content\/uploads\/2024\/01\/bfm-alsace-300x137.png 300w\" sizes=\"(max-width: 637px) 100vw, 637px\" \/>\t\t\t\t\t\t\t\t\t\t\t\t\t\t\t<\/div>\n\t\t\t\t<\/div>\n\t\t\t\t<\/div>\n\t\t<div class=\"elementor-element elementor-element-30f72cb e-con-full e-flex e-con e-child\" data-id=\"30f72cb\" data-element_type=\"container\" data-e-type=\"container\">\n\t\t\t\t<div class=\"elementor-element elementor-element-d6d39eb elementor-widget elementor-widget-text-editor\" data-id=\"d6d39eb\" data-element_type=\"widget\" data-e-type=\"widget\" data-widget_type=\"text-editor.default\">\n\t\t\t\t<div class=\"elementor-widget-container\">\n\t\t\t\t\t\t\t\t\t<h2>Strasbourg : des professeurs de sport courent devant le parlement\u00a0<\/h2>\n<p>\u00ab\u00a0Des professeurs de sport ont couru devant le parlement ce mardi 30 janvier au matin pour sensibiliser \u00e0 la pratique du sport. L&rsquo;action a \u00e9t\u00e9 port\u00e9e par un syndicat. Ils r\u00e9clament l&rsquo;instauration de 4 heures de sport au coll\u00e8ge contre trois actuellement (&#8230;)\u00a0\u00bb<\/p>\n<p><a href=\"https:\/\/www.bfmtv.com\/alsace\/replay-emissions\/le-12-17\/strasbourg-des-professeurs-de-sport-courent-devant-le-parlement_VN-202401300559.html\" target=\"_blank\" rel=\"noopener\">Voir<\/a><\/p>\t\t\t\t\t\t\t\t<\/div>\n\t\t\t\t<\/div>\n\t\t\t\t<\/div>\n\t\t\t\t\t<\/div>\n\t\t\t\t<\/div>\n\t\t<div class=\"elementor-element elementor-element-a4356c8 e-flex e-con-boxed e-con e-parent\" data-id=\"a4356c8\" data-element_type=\"container\" data-e-type=\"container\">\n\t\t\t\t\t<div class=\"e-con-inner\">\n\t\t<div class=\"elementor-element elementor-element-98acd39 e-con-full e-flex e-con e-child\" data-id=\"98acd39\" data-element_type=\"container\" data-e-type=\"container\">\n\t\t\t\t<div class=\"elementor-element elementor-element-42873cf elementor-widget elementor-widget-image\" data-id=\"42873cf\" data-element_type=\"widget\" data-e-type=\"widget\" data-widget_type=\"image.default\">\n\t\t\t\t<div class=\"elementor-widget-container\">\n\t\t\t\t\t\t\t\t\t\t\t\t\t\t\t<img loading=\"lazy\" decoding=\"async\" width=\"895\" height=\"302\" src=\"https:\/\/snepfsu.fr\/eps2024\/wp-content\/uploads\/2024\/01\/gazette-nimes.png\" class=\"attachment-large size-large wp-image-569\" alt=\"\" srcset=\"https:\/\/snepfsu.fr\/eps2024\/wp-content\/uploads\/2024\/01\/gazette-nimes.png 895w, https:\/\/snepfsu.fr\/eps2024\/wp-content\/uploads\/2024\/01\/gazette-nimes-300x101.png 300w, https:\/\/snepfsu.fr\/eps2024\/wp-content\/uploads\/2024\/01\/gazette-nimes-768x259.png 768w\" sizes=\"(max-width: 895px) 100vw, 895px\" \/>\t\t\t\t\t\t\t\t\t\t\t\t\t\t\t<\/div>\n\t\t\t\t<\/div>\n\t\t\t\t<\/div>\n\t\t<div class=\"elementor-element elementor-element-e573b07 e-con-full e-flex e-con e-child\" data-id=\"e573b07\" data-element_type=\"container\" data-e-type=\"container\">\n\t\t\t\t<div class=\"elementor-element elementor-element-fd9356b elementor-widget elementor-widget-text-editor\" data-id=\"fd9356b\" data-element_type=\"widget\" data-e-type=\"widget\" data-widget_type=\"text-editor.default\">\n\t\t\t\t<div class=\"elementor-widget-container\">\n\t\t\t\t\t\t\t\t\t<h2>N\u00eemes. Des profs courent autour des ar\u00e8nes pour raviver la \u00ab\u00a0flamme EPS\u00a0\u00bb\u00a0<\/h2>\n<p>\u00ab\u00a0Ce vendredi 26 janvier, une dizaine de professeurs d\u2019EPS de coll\u00e8ges et de lyc\u00e9es du Gard, et membres du syndicat enseignant SNEP-FSU, ont couru autour des ar\u00e8nes, flamme en main, pour d\u00e9noncer un manque de moyens dans leur discipline (&#8230;)\u00a0\u00bb<\/p>\n<p><a href=\"https:\/\/www.lagazettedenimes.fr\/live\/65b3b527fe04d4002bcf8cb2\/nimes-des-profs-courent-autour-des-arenes-pour-raviver-la-flamme-eps\" target=\"_blank\" rel=\"noopener\">Lire<\/a><\/p>\t\t\t\t\t\t\t\t<\/div>\n\t\t\t\t<\/div>\n\t\t\t\t<\/div>\n\t\t\t\t\t<\/div>\n\t\t\t\t<\/div>\n\t\t<div class=\"elementor-element elementor-element-ea9a68e e-flex e-con-boxed e-con e-parent\" data-id=\"ea9a68e\" data-element_type=\"container\" data-e-type=\"container\">\n\t\t\t\t\t<div class=\"e-con-inner\">\n\t\t<div class=\"elementor-element elementor-element-f939616 e-con-full e-flex e-con e-child\" data-id=\"f939616\" data-element_type=\"container\" data-e-type=\"container\">\n\t\t\t\t<div class=\"elementor-element elementor-element-d6ae618 elementor-widget elementor-widget-image\" data-id=\"d6ae618\" data-element_type=\"widget\" data-e-type=\"widget\" data-widget_type=\"image.default\">\n\t\t\t\t<div class=\"elementor-widget-container\">\n\t\t\t\t\t\t\t\t\t\t\t\t\t\t\t<img loading=\"lazy\" decoding=\"async\" width=\"939\" height=\"234\" src=\"https:\/\/snepfsu.fr\/eps2024\/wp-content\/uploads\/2023\/10\/humanite.png\" class=\"attachment-large size-large wp-image-193\" alt=\"\" srcset=\"https:\/\/snepfsu.fr\/eps2024\/wp-content\/uploads\/2023\/10\/humanite.png 939w, https:\/\/snepfsu.fr\/eps2024\/wp-content\/uploads\/2023\/10\/humanite-300x75.png 300w, https:\/\/snepfsu.fr\/eps2024\/wp-content\/uploads\/2023\/10\/humanite-768x191.png 768w\" sizes=\"(max-width: 939px) 100vw, 939px\" \/>\t\t\t\t\t\t\t\t\t\t\t\t\t\t\t<\/div>\n\t\t\t\t<\/div>\n\t\t\t\t<\/div>\n\t\t<div class=\"elementor-element elementor-element-c0bcedd e-con-full e-flex e-con e-child\" data-id=\"c0bcedd\" data-element_type=\"container\" data-e-type=\"container\">\n\t\t\t\t<div class=\"elementor-element elementor-element-e491712 elementor-widget elementor-widget-text-editor\" data-id=\"e491712\" data-element_type=\"widget\" data-e-type=\"widget\" data-widget_type=\"text-editor.default\">\n\t\t\t\t<div class=\"elementor-widget-container\">\n\t\t\t\t\t\t\t\t\t<h2>Apr\u00e8s la nomination d\u2019Am\u00e9lie Oud\u00e9a-Cast\u00e9ra : \u00ab Nous sommes tr\u00e8s inquiets de la mani\u00e8re dont vont \u00eatre conduits les deux minist\u00e8res \u00bb\u00a0<\/h2>\n<p>\u00ab\u00a0Crise d\u2019attractivit\u00e9 du m\u00e9tier de professeur d\u2019\u00e9ducation physique, r\u00e9formes qui se succ\u00e8dent, manque d\u2019infrastructures\u2026 la nomination d\u2019Am\u00e9lie Oud\u00e9a-Cast\u00e9ra en tant que ministre de l\u2019\u00c9ducation nationale, tout en gardant son portefeuille au sport, n\u2019annonce rien de bon \u00e0 six mois des JO, nous explique Beno\u00eet Hubert, secr\u00e9taire g\u00e9n\u00e9ral du syndicat Snep-FSU (&#8230;)\u00a0\u00bb<\/p>\n<p><a href=\"https:\/\/www.humanite.fr\/sports\/sport-scolaire\/apres-la-nomination-damelie-oudea-castera-nous-sommes-tres-inquiets-de-la-maniere-dont-vont-etre-conduits-les-deux-ministeres\" target=\"_blank\" rel=\"noopener\">Lire<\/a><\/p>\t\t\t\t\t\t\t\t<\/div>\n\t\t\t\t<\/div>\n\t\t\t\t<\/div>\n\t\t\t\t\t<\/div>\n\t\t\t\t<\/div>\n\t\t<div class=\"elementor-element elementor-element-5a03a54 e-flex e-con-boxed e-con e-parent\" data-id=\"5a03a54\" data-element_type=\"container\" data-e-type=\"container\">\n\t\t\t\t\t<div class=\"e-con-inner\">\n\t\t<div class=\"elementor-element elementor-element-2e31a3d e-con-full e-flex e-con e-child\" data-id=\"2e31a3d\" data-element_type=\"container\" data-e-type=\"container\">\n\t\t\t\t<div class=\"elementor-element elementor-element-7596914 elementor-widget elementor-widget-image\" data-id=\"7596914\" data-element_type=\"widget\" data-e-type=\"widget\" data-widget_type=\"image.default\">\n\t\t\t\t<div class=\"elementor-widget-container\">\n\t\t\t\t\t\t\t\t\t\t\t\t\t\t\t<img loading=\"lazy\" decoding=\"async\" width=\"1024\" height=\"247\" src=\"https:\/\/snepfsu.fr\/eps2024\/wp-content\/uploads\/2024\/01\/figaro-1024x247.png\" class=\"attachment-large size-large wp-image-507\" alt=\"\" srcset=\"https:\/\/snepfsu.fr\/eps2024\/wp-content\/uploads\/2024\/01\/figaro-1024x247.png 1024w, https:\/\/snepfsu.fr\/eps2024\/wp-content\/uploads\/2024\/01\/figaro-300x72.png 300w, https:\/\/snepfsu.fr\/eps2024\/wp-content\/uploads\/2024\/01\/figaro-768x185.png 768w, https:\/\/snepfsu.fr\/eps2024\/wp-content\/uploads\/2024\/01\/figaro.png 1515w\" sizes=\"(max-width: 1024px) 100vw, 1024px\" \/>\t\t\t\t\t\t\t\t\t\t\t\t\t\t\t<\/div>\n\t\t\t\t<\/div>\n\t\t\t\t<\/div>\n\t\t<div class=\"elementor-element elementor-element-4119cad e-con-full e-flex e-con e-child\" data-id=\"4119cad\" data-element_type=\"container\" data-e-type=\"container\">\n\t\t\t\t<div class=\"elementor-element elementor-element-a6f0f6b elementor-widget elementor-widget-text-editor\" data-id=\"a6f0f6b\" data-element_type=\"widget\" data-e-type=\"widget\" data-widget_type=\"text-editor.default\">\n\t\t\t\t<div class=\"elementor-widget-container\">\n\t\t\t\t\t\t\t\t\t<h2>\u00c0 l\u2019\u00e9cole, la laborieuse mise en place des 30 minutes de sport obligatoires par jour<\/h2>\n<p>\u00ab\u00a0Mise en place \u00e0 la rentr\u00e9e 2022, l\u2019application de cette promesse de campagne d\u2019Emmanuel Macron, qui veut b\u00e2tir une \u00abnation sportive\u00bb en vue des Jeux olympiques de Paris 2024, s\u2019av\u00e8re poussive voire inutile, pointent les syndicats (&#8230;)\u00a0\u00bb<\/p>\n<p><a href=\"https:\/\/www.lefigaro.fr\/actualite-france\/a-l-ecole-la-laborieuse-mise-en-place-des-30-minutes-de-sport-obligatoires-par-jour-20240110\" target=\"_blank\" rel=\"noopener\">Lire<\/a><\/p>\t\t\t\t\t\t\t\t<\/div>\n\t\t\t\t<\/div>\n\t\t\t\t<\/div>\n\t\t\t\t\t<\/div>\n\t\t\t\t<\/div>\n\t\t<div class=\"elementor-element elementor-element-4a05176 e-flex e-con-boxed e-con e-parent\" data-id=\"4a05176\" data-element_type=\"container\" data-e-type=\"container\">\n\t\t\t\t\t<div class=\"e-con-inner\">\n\t\t<div class=\"elementor-element elementor-element-00376a3 e-con-full e-flex e-con e-child\" data-id=\"00376a3\" data-element_type=\"container\" data-e-type=\"container\">\n\t\t\t\t<div class=\"elementor-element elementor-element-4883820 elementor-widget elementor-widget-image\" data-id=\"4883820\" data-element_type=\"widget\" data-e-type=\"widget\" data-widget_type=\"image.default\">\n\t\t\t\t<div class=\"elementor-widget-container\">\n\t\t\t\t\t\t\t\t\t\t\t\t\t\t\t<img loading=\"lazy\" decoding=\"async\" width=\"685\" height=\"180\" src=\"https:\/\/snepfsu.fr\/eps2024\/wp-content\/uploads\/2023\/10\/france-info.png\" class=\"attachment-large size-large wp-image-178\" alt=\"\" srcset=\"https:\/\/snepfsu.fr\/eps2024\/wp-content\/uploads\/2023\/10\/france-info.png 685w, https:\/\/snepfsu.fr\/eps2024\/wp-content\/uploads\/2023\/10\/france-info-300x79.png 300w\" sizes=\"(max-width: 685px) 100vw, 685px\" \/>\t\t\t\t\t\t\t\t\t\t\t\t\t\t\t<\/div>\n\t\t\t\t<\/div>\n\t\t\t\t<\/div>\n\t\t<div class=\"elementor-element elementor-element-aa78e7c e-con-full e-flex e-con e-child\" data-id=\"aa78e7c\" data-element_type=\"container\" data-e-type=\"container\">\n\t\t\t\t<div class=\"elementor-element elementor-element-08bf9fb elementor-widget elementor-widget-text-editor\" data-id=\"08bf9fb\" data-element_type=\"widget\" data-e-type=\"widget\" data-widget_type=\"text-editor.default\">\n\t\t\t\t<div class=\"elementor-widget-container\">\n\t\t\t\t\t\t\t\t\t<h2>Appel d&rsquo;Emmanuel Macron \u00ab\u00a0\u00e0 faire au moins 30 minutes de sport chaque jour\u00a0\u00bb : \u00ab\u00a0Le pr\u00e9sident a bien rod\u00e9 sa communication\u00a0\u00bb, r\u00e9agit le Syndicat national de l&rsquo;\u00e9ducation physique<\/h2>\n<p>\u00ab\u00a0\u00c0 200 jours du coup d&rsquo;envoi des Jeux olympiques de Paris 2024, le pr\u00e9sident de la R\u00e9publique a post\u00e9 une vid\u00e9o sur X incitant les Fran\u00e7ais \u00e0 faire \u00ab\u00a0au moins 30 minutes de sport chaque jour\u00a0\u00bb (&#8230;)\u00a0\u00bb<\/p>\n<p><a href=\"https:\/\/www.francetvinfo.fr\/les-jeux-olympiques\/paris-2024\/appel-d-emmanuel-macron-a-faire-au-moins-30-minutes-de-sport-chaque-jour-le-president-a-bien-rode-sa-communication-reagit-le-syndicat-national-de-l-education-physique_6290541.html\" target=\"_blank\" rel=\"noopener\">Lire<\/a><\/p>\t\t\t\t\t\t\t\t<\/div>\n\t\t\t\t<\/div>\n\t\t\t\t<\/div>\n\t\t\t\t\t<\/div>\n\t\t\t\t<\/div>\n\t\t<div class=\"elementor-element elementor-element-96db056 e-flex e-con-boxed e-con e-parent\" data-id=\"96db056\" data-element_type=\"container\" data-e-type=\"container\">\n\t\t\t\t\t<div class=\"e-con-inner\">\n\t\t<div class=\"elementor-element elementor-element-63b852f e-con-full e-flex e-con e-child\" data-id=\"63b852f\" data-element_type=\"container\" data-e-type=\"container\">\n\t\t\t\t<div class=\"elementor-element elementor-element-926290c elementor-widget elementor-widget-image\" data-id=\"926290c\" data-element_type=\"widget\" data-e-type=\"widget\" data-widget_type=\"image.default\">\n\t\t\t\t<div class=\"elementor-widget-container\">\n\t\t\t\t\t\t\t\t\t\t\t\t\t\t\t<img loading=\"lazy\" decoding=\"async\" width=\"685\" height=\"180\" src=\"https:\/\/snepfsu.fr\/eps2024\/wp-content\/uploads\/2023\/10\/france-info.png\" class=\"attachment-large size-large wp-image-178\" alt=\"\" srcset=\"https:\/\/snepfsu.fr\/eps2024\/wp-content\/uploads\/2023\/10\/france-info.png 685w, https:\/\/snepfsu.fr\/eps2024\/wp-content\/uploads\/2023\/10\/france-info-300x79.png 300w\" sizes=\"(max-width: 685px) 100vw, 685px\" \/>\t\t\t\t\t\t\t\t\t\t\t\t\t\t\t<\/div>\n\t\t\t\t<\/div>\n\t\t\t\t<\/div>\n\t\t<div class=\"elementor-element elementor-element-06f683e e-con-full e-flex e-con e-child\" data-id=\"06f683e\" data-element_type=\"container\" data-e-type=\"container\">\n\t\t\t\t<div class=\"elementor-element elementor-element-1043570 elementor-widget elementor-widget-text-editor\" data-id=\"1043570\" data-element_type=\"widget\" data-e-type=\"widget\" data-widget_type=\"text-editor.default\">\n\t\t\t\t<div class=\"elementor-widget-container\">\n\t\t\t\t\t\t\t\t\t<h2>\u00ab\u00a0On a coch\u00e9 des cases mais ce n&rsquo;est pas satisfaisant\u00a0\u00bb : 30 minutes de sport par jour \u00e0 l&rsquo;\u00e9cole primaire, une promesse au bilan mitig\u00e9<\/h2>\n<p>\u00ab\u00a0Depuis la rentr\u00e9e scolaire 2022, 30 minutes d&rsquo;activit\u00e9 physique quotidienne sont obligatoires dans les \u00e9coles \u00e9l\u00e9mentaires (&#8230;)\u00a0\u00bb<\/p>\n<p><a href=\"https:\/\/www.francetvinfo.fr\/sports\/on-a-coche-des-cases-mais-ce-n-est-pas-satisfaisant-30-minutes-de-sport-par-jour-a-l-ecole-primaire-une-promesse-au-bilan-mitige_6290658.html\" target=\"_blank\" rel=\"noopener\">Lire<\/a><\/p>\t\t\t\t\t\t\t\t<\/div>\n\t\t\t\t<\/div>\n\t\t\t\t<\/div>\n\t\t\t\t\t<\/div>\n\t\t\t\t<\/div>\n\t\t<div class=\"elementor-element elementor-element-cbd0187 e-flex e-con-boxed e-con e-parent\" data-id=\"cbd0187\" data-element_type=\"container\" data-e-type=\"container\">\n\t\t\t\t\t<div class=\"e-con-inner\">\n\t\t<div class=\"elementor-element elementor-element-ecea033 e-con-full e-flex e-con e-child\" data-id=\"ecea033\" data-element_type=\"container\" data-e-type=\"container\">\n\t\t\t\t<div class=\"elementor-element elementor-element-de16f09 elementor-widget elementor-widget-image\" data-id=\"de16f09\" data-element_type=\"widget\" data-e-type=\"widget\" data-widget_type=\"image.default\">\n\t\t\t\t<div class=\"elementor-widget-container\">\n\t\t\t\t\t\t\t\t\t\t\t\t\t\t\t<img loading=\"lazy\" decoding=\"async\" width=\"942\" height=\"412\" src=\"https:\/\/snepfsu.fr\/eps2024\/wp-content\/uploads\/2023\/11\/france-bleu.png\" class=\"attachment-large size-large wp-image-395\" alt=\"\" srcset=\"https:\/\/snepfsu.fr\/eps2024\/wp-content\/uploads\/2023\/11\/france-bleu.png 942w, https:\/\/snepfsu.fr\/eps2024\/wp-content\/uploads\/2023\/11\/france-bleu-300x131.png 300w, https:\/\/snepfsu.fr\/eps2024\/wp-content\/uploads\/2023\/11\/france-bleu-768x336.png 768w\" sizes=\"(max-width: 942px) 100vw, 942px\" \/>\t\t\t\t\t\t\t\t\t\t\t\t\t\t\t<\/div>\n\t\t\t\t<\/div>\n\t\t\t\t<\/div>\n\t\t<div class=\"elementor-element elementor-element-98f9800 e-con-full e-flex e-con e-child\" data-id=\"98f9800\" data-element_type=\"container\" data-e-type=\"container\">\n\t\t\t\t<div class=\"elementor-element elementor-element-3f95110 elementor-widget elementor-widget-text-editor\" data-id=\"3f95110\" data-element_type=\"widget\" data-e-type=\"widget\" data-widget_type=\"text-editor.default\">\n\t\t\t\t<div class=\"elementor-widget-container\">\n\t\t\t\t\t\t\t\t\t<h2>Vague de froid et Sport grande cause nationale 2024<\/h2>\n<p>\u00ab\u00a0Apr\u00e8s une premi\u00e8re partie consacr\u00e9e \u00e0 la vague de froid qui arrive en France, l&rsquo;\u00e9mission Ma France s&rsquo;est int\u00e9ress\u00e9 au Sport, grande cause nationale pour 2024, avec en toile de fond la probl\u00e9matique de la s\u00e9dentarit\u00e9 qui touche particuli\u00e8rement les jeunes.\u00a0\u00bb<\/p>\n<p><!-- \/wp:paragraph --><!-- wp:paragraph --><\/p>\n<p><a href=\"https:\/\/www.francebleu.fr\/emissions\/ma-france\/vague-de-froid-et-sport-grande-cause-nationale-2024-7514740\" target=\"_blank\" rel=\"noopener\">\u00c9couter<\/a><\/p>\n<p><!-- \/wp:paragraph --><\/p>\t\t\t\t\t\t\t\t<\/div>\n\t\t\t\t<\/div>\n\t\t\t\t<\/div>\n\t\t\t\t\t<\/div>\n\t\t\t\t<\/div>\n\t\t<div class=\"elementor-element elementor-element-946453f e-flex e-con-boxed e-con e-parent\" data-id=\"946453f\" data-element_type=\"container\" data-e-type=\"container\">\n\t\t\t\t\t<div class=\"e-con-inner\">\n\t\t\t\t<div class=\"elementor-element elementor-element-8502fd7 elementor-widget elementor-widget-heading\" data-id=\"8502fd7\" data-element_type=\"widget\" data-e-type=\"widget\" data-widget_type=\"heading.default\">\n\t\t\t\t<div class=\"elementor-widget-container\">\n\t\t\t\t\t<h2 class=\"elementor-heading-title elementor-size-default\">D\u00e9cembre 2023<\/h2>\t\t\t\t<\/div>\n\t\t\t\t<\/div>\n\t\t\t\t\t<\/div>\n\t\t\t\t<\/div>\n\t\t<div class=\"elementor-element elementor-element-067eb46 e-flex e-con-boxed e-con e-parent\" data-id=\"067eb46\" data-element_type=\"container\" data-e-type=\"container\">\n\t\t\t\t\t<div class=\"e-con-inner\">\n\t\t<div class=\"elementor-element elementor-element-f538265 e-con-full e-flex e-con e-child\" data-id=\"f538265\" data-element_type=\"container\" data-e-type=\"container\">\n\t\t\t\t<div class=\"elementor-element elementor-element-3cd2059 elementor-widget elementor-widget-image\" data-id=\"3cd2059\" data-element_type=\"widget\" data-e-type=\"widget\" data-widget_type=\"image.default\">\n\t\t\t\t<div class=\"elementor-widget-container\">\n\t\t\t\t\t\t\t\t\t\t\t\t\t\t\t<img loading=\"lazy\" decoding=\"async\" width=\"975\" height=\"195\" src=\"https:\/\/snepfsu.fr\/eps2024\/wp-content\/uploads\/2023\/11\/dauphine-libere.png\" class=\"attachment-large size-large wp-image-401\" alt=\"\" srcset=\"https:\/\/snepfsu.fr\/eps2024\/wp-content\/uploads\/2023\/11\/dauphine-libere.png 975w, https:\/\/snepfsu.fr\/eps2024\/wp-content\/uploads\/2023\/11\/dauphine-libere-300x60.png 300w, https:\/\/snepfsu.fr\/eps2024\/wp-content\/uploads\/2023\/11\/dauphine-libere-768x154.png 768w\" sizes=\"(max-width: 975px) 100vw, 975px\" \/>\t\t\t\t\t\t\t\t\t\t\t\t\t\t\t<\/div>\n\t\t\t\t<\/div>\n\t\t\t\t<\/div>\n\t\t<div class=\"elementor-element elementor-element-a390e0d e-con-full e-flex e-con e-child\" data-id=\"a390e0d\" data-element_type=\"container\" data-e-type=\"container\">\n\t\t\t\t<div class=\"elementor-element elementor-element-54444f9 elementor-widget elementor-widget-text-editor\" data-id=\"54444f9\" data-element_type=\"widget\" data-e-type=\"widget\" data-widget_type=\"text-editor.default\">\n\t\t\t\t<div class=\"elementor-widget-container\">\n\t\t\t\t\t\t\t\t\t<h2>Des professeurs d\u2019EPS alertent sur la sant\u00e9 des \u00e9l\u00e8ves<\/h2>\n<p>\u00ab\u00a0Le Syndicat national de l\u2019\u00e9ducation physique (SNEP) a interpell\u00e9 les \u00e9lus et les responsables du monde sportif sur les conditions de travail des professeurs et l\u2019importance de leur m\u00e9tier (&#8230;)\u00a0\u00bb<\/p>\n<p><a href=\"https:\/\/www.ledauphine.com\/education\/2023\/12\/13\/isere-des-professeurs-d-eps-alertent-sur-la-sante-des-eleves\" target=\"_blank\" rel=\"noopener\">Lire<\/a><\/p>\t\t\t\t\t\t\t\t<\/div>\n\t\t\t\t<\/div>\n\t\t\t\t<\/div>\n\t\t\t\t\t<\/div>\n\t\t\t\t<\/div>\n\t\t<div class=\"elementor-element elementor-element-a5f96e6 e-flex e-con-boxed e-con e-parent\" data-id=\"a5f96e6\" data-element_type=\"container\" data-e-type=\"container\">\n\t\t\t\t\t<div class=\"e-con-inner\">\n\t\t\t\t<div class=\"elementor-element elementor-element-582eda3 elementor-widget elementor-widget-heading\" data-id=\"582eda3\" data-element_type=\"widget\" data-e-type=\"widget\" data-widget_type=\"heading.default\">\n\t\t\t\t<div class=\"elementor-widget-container\">\n\t\t\t\t\t<h2 class=\"elementor-heading-title elementor-size-default\">Novembre 2023<\/h2>\t\t\t\t<\/div>\n\t\t\t\t<\/div>\n\t\t\t\t\t<\/div>\n\t\t\t\t<\/div>\n\t\t<div class=\"elementor-element elementor-element-1bd4e51 e-flex e-con-boxed e-con e-parent\" data-id=\"1bd4e51\" data-element_type=\"container\" data-e-type=\"container\">\n\t\t\t\t\t<div class=\"e-con-inner\">\n\t\t<div class=\"elementor-element elementor-element-1b5fb3c e-con-full e-flex e-con e-child\" data-id=\"1b5fb3c\" data-element_type=\"container\" data-e-type=\"container\">\n\t\t\t\t<div class=\"elementor-element elementor-element-fdccd3f elementor-widget elementor-widget-image\" data-id=\"fdccd3f\" data-element_type=\"widget\" data-e-type=\"widget\" data-widget_type=\"image.default\">\n\t\t\t\t<div class=\"elementor-widget-container\">\n\t\t\t\t\t\t\t\t\t\t\t\t\t\t\t<img loading=\"lazy\" decoding=\"async\" width=\"942\" height=\"412\" src=\"https:\/\/snepfsu.fr\/eps2024\/wp-content\/uploads\/2023\/11\/france-bleu.png\" class=\"attachment-large size-large wp-image-395\" alt=\"\" srcset=\"https:\/\/snepfsu.fr\/eps2024\/wp-content\/uploads\/2023\/11\/france-bleu.png 942w, https:\/\/snepfsu.fr\/eps2024\/wp-content\/uploads\/2023\/11\/france-bleu-300x131.png 300w, https:\/\/snepfsu.fr\/eps2024\/wp-content\/uploads\/2023\/11\/france-bleu-768x336.png 768w\" sizes=\"(max-width: 942px) 100vw, 942px\" \/>\t\t\t\t\t\t\t\t\t\t\t\t\t\t\t<\/div>\n\t\t\t\t<\/div>\n\t\t\t\t<\/div>\n\t\t<div class=\"elementor-element elementor-element-080aefd e-con-full e-flex e-con e-child\" data-id=\"080aefd\" data-element_type=\"container\" data-e-type=\"container\">\n\t\t\t\t<div class=\"elementor-element elementor-element-eab778f elementor-widget elementor-widget-text-editor\" data-id=\"eab778f\" data-element_type=\"widget\" data-e-type=\"widget\" data-widget_type=\"text-editor.default\">\n\t\t\t\t<div class=\"elementor-widget-container\">\n\t\t\t\t\t\t\t\t\t<h2>Vid\u00e9o &#8211; Le syndicat des profs d&rsquo;EPS alerte sur le manque d&rsquo;enseignants dans le Gard<\/h2><p>\u00ab\u00a0<!-- wp:paragraph -->Les profs d\u2019EPS alertent sur une p\u00e9nurie de postes dans le Gard. Le Syndicat National de l\u2019\u00c9ducation Physique (SNEP-FSU) demande la mise en place des mesures fortes pour que les enfants puissent pratiquer le sport \u00e0 l&rsquo;\u00e9cole toute l&rsquo;ann\u00e9e et dans de bonnes conditions.\u00a0\u00bb<\/p><p><!-- \/wp:paragraph --> <!-- wp:paragraph --><\/p><p><a href=\"https:\/\/www.francebleu.fr\/emissions\/l-invite-de-8h20\/video-le-syndicat-des-profs-d-eps-alerte-sur-le-manque-d-enseignants-dans-le-gard-3618658\" target=\"_blank\" rel=\"noreferrer noopener\">Voir<\/a><\/p><p><!-- \/wp:paragraph --><\/p>\t\t\t\t\t\t\t\t<\/div>\n\t\t\t\t<\/div>\n\t\t\t\t<\/div>\n\t\t\t\t\t<\/div>\n\t\t\t\t<\/div>\n\t\t<div class=\"elementor-element elementor-element-e3be72f e-flex e-con-boxed e-con e-parent\" data-id=\"e3be72f\" data-element_type=\"container\" data-e-type=\"container\">\n\t\t\t\t\t<div class=\"e-con-inner\">\n\t\t<div class=\"elementor-element elementor-element-9794918 e-con-full e-flex e-con e-child\" data-id=\"9794918\" data-element_type=\"container\" data-e-type=\"container\">\n\t\t\t\t<div class=\"elementor-element elementor-element-2effb44 elementor-widget elementor-widget-image\" data-id=\"2effb44\" data-element_type=\"widget\" data-e-type=\"widget\" data-widget_type=\"image.default\">\n\t\t\t\t<div class=\"elementor-widget-container\">\n\t\t\t\t\t\t\t\t\t\t\t\t\t\t\t<img loading=\"lazy\" decoding=\"async\" width=\"820\" height=\"407\" src=\"https:\/\/snepfsu.fr\/eps2024\/wp-content\/uploads\/2023\/11\/charente-libre.png\" class=\"attachment-large size-large wp-image-453\" alt=\"\" srcset=\"https:\/\/snepfsu.fr\/eps2024\/wp-content\/uploads\/2023\/11\/charente-libre.png 820w, https:\/\/snepfsu.fr\/eps2024\/wp-content\/uploads\/2023\/11\/charente-libre-300x149.png 300w, https:\/\/snepfsu.fr\/eps2024\/wp-content\/uploads\/2023\/11\/charente-libre-768x381.png 768w\" sizes=\"(max-width: 820px) 100vw, 820px\" \/>\t\t\t\t\t\t\t\t\t\t\t\t\t\t\t<\/div>\n\t\t\t\t<\/div>\n\t\t\t\t<\/div>\n\t\t<div class=\"elementor-element elementor-element-562eaca e-con-full e-flex e-con e-child\" data-id=\"562eaca\" data-element_type=\"container\" data-e-type=\"container\">\n\t\t\t\t<div class=\"elementor-element elementor-element-cbd2bb4 elementor-widget elementor-widget-text-editor\" data-id=\"cbd2bb4\" data-element_type=\"widget\" data-e-type=\"widget\" data-widget_type=\"text-editor.default\">\n\t\t\t\t<div class=\"elementor-widget-container\">\n\t\t\t\t\t\t\t\t\t<h2>Semaine de l\u2019EPS : le cri d\u2019alerte des profs de sport<\/h2><p>\u00ab\u00a0\u00c0 l\u2019occasion de la semaine de l\u2019EPS du 20 au 24 novembre, le Syndicat National de l\u2019Education Physique (SNEP-FSU) demande la mise en place de quatre heures de sport pour tous les \u00e9l\u00e8ves. En Charente, la mesure est frein\u00e9e par le manque d\u2019infrastructures.\u00a0\u00bb<\/p><p><a href=\"https:\/\/www.charentelibre.fr\/sport\/semaine-de-l-eps-le-cri-d-alerte-des-profs-de-sport-17568974.php\" target=\"_blank\" rel=\"noopener\">Lire<\/a><\/p>\t\t\t\t\t\t\t\t<\/div>\n\t\t\t\t<\/div>\n\t\t\t\t<\/div>\n\t\t\t\t\t<\/div>\n\t\t\t\t<\/div>\n\t\t<div class=\"elementor-element elementor-element-ed73918 e-flex e-con-boxed e-con e-parent\" data-id=\"ed73918\" data-element_type=\"container\" data-e-type=\"container\">\n\t\t\t\t\t<div class=\"e-con-inner\">\n\t\t<div class=\"elementor-element elementor-element-8b25e83 e-con-full e-flex e-con e-child\" data-id=\"8b25e83\" data-element_type=\"container\" data-e-type=\"container\">\n\t\t\t\t<div class=\"elementor-element elementor-element-4984536 elementor-widget elementor-widget-image\" data-id=\"4984536\" data-element_type=\"widget\" data-e-type=\"widget\" data-widget_type=\"image.default\">\n\t\t\t\t<div class=\"elementor-widget-container\">\n\t\t\t\t\t\t\t\t\t\t\t\t\t\t\t<img loading=\"lazy\" decoding=\"async\" width=\"1024\" height=\"223\" src=\"https:\/\/snepfsu.fr\/eps2024\/wp-content\/uploads\/2023\/11\/decideur-dus-port-1024x223.png\" class=\"attachment-large size-large wp-image-424\" alt=\"\" srcset=\"https:\/\/snepfsu.fr\/eps2024\/wp-content\/uploads\/2023\/11\/decideur-dus-port-1024x223.png 1024w, https:\/\/snepfsu.fr\/eps2024\/wp-content\/uploads\/2023\/11\/decideur-dus-port-300x65.png 300w, https:\/\/snepfsu.fr\/eps2024\/wp-content\/uploads\/2023\/11\/decideur-dus-port-768x167.png 768w, https:\/\/snepfsu.fr\/eps2024\/wp-content\/uploads\/2023\/11\/decideur-dus-port.png 1380w\" sizes=\"(max-width: 1024px) 100vw, 1024px\" \/>\t\t\t\t\t\t\t\t\t\t\t\t\t\t\t<\/div>\n\t\t\t\t<\/div>\n\t\t\t\t<\/div>\n\t\t<div class=\"elementor-element elementor-element-513440b e-con-full e-flex e-con e-child\" data-id=\"513440b\" data-element_type=\"container\" data-e-type=\"container\">\n\t\t\t\t<div class=\"elementor-element elementor-element-c5b325b elementor-widget elementor-widget-text-editor\" data-id=\"c5b325b\" data-element_type=\"widget\" data-e-type=\"widget\" data-widget_type=\"text-editor.default\">\n\t\t\t\t<div class=\"elementor-widget-container\">\n\t\t\t\t\t\t\t\t\t<h2>Semaine de l\u2019EPS : le SNEP r\u00e9clame 4 h d\u2019EPS pour tous les \u00e9l\u00e8ves<\/h2><p>\u00ab\u00a0C\u2019\u00e9tait la semaine de l\u2019EPS pour le SNEP pour lequel, \u00ab les d\u00e9clarations publiques de nos ministres sur le d\u00e9veloppement de l\u2019activit\u00e9 physique sont au mieux des paroles en l\u2019air, au pire des leurres. Le gouvernement tente de faire croire qu\u2019il fait quelque chose pour le sport et plus largement l\u2019activit\u00e9 physique en France. Or cela reste du domaine de la \u00ab communication \u00bb car aucune action concr\u00e8te n\u2019est \u00e0 acter \u00e0 ce jour ! \u00bb\u00a0\u00bb<\/p><p><a href=\"https:\/\/patrickbayeux.com\/actualites\/eps-snep-4-heures-pour-tous-les-eleves\/\" target=\"_blank\" rel=\"noopener\">Lire<\/a><\/p>\t\t\t\t\t\t\t\t<\/div>\n\t\t\t\t<\/div>\n\t\t\t\t<\/div>\n\t\t\t\t\t<\/div>\n\t\t\t\t<\/div>\n\t\t<div class=\"elementor-element elementor-element-e1c3546 e-flex e-con-boxed e-con e-parent\" data-id=\"e1c3546\" data-element_type=\"container\" data-e-type=\"container\">\n\t\t\t\t\t<div class=\"e-con-inner\">\n\t\t<div class=\"elementor-element elementor-element-8dfaf39 e-con-full e-flex e-con e-child\" data-id=\"8dfaf39\" data-element_type=\"container\" data-e-type=\"container\">\n\t\t\t\t<div class=\"elementor-element elementor-element-65ec6c6 elementor-widget elementor-widget-image\" data-id=\"65ec6c6\" data-element_type=\"widget\" data-e-type=\"widget\" data-widget_type=\"image.default\">\n\t\t\t\t<div class=\"elementor-widget-container\">\n\t\t\t\t\t\t\t\t\t\t\t\t\t\t\t<img loading=\"lazy\" decoding=\"async\" width=\"1000\" height=\"385\" src=\"https:\/\/snepfsu.fr\/eps2024\/wp-content\/uploads\/2023\/11\/objectif-gard.png\" class=\"attachment-large size-large wp-image-419\" alt=\"\" srcset=\"https:\/\/snepfsu.fr\/eps2024\/wp-content\/uploads\/2023\/11\/objectif-gard.png 1000w, https:\/\/snepfsu.fr\/eps2024\/wp-content\/uploads\/2023\/11\/objectif-gard-300x116.png 300w, https:\/\/snepfsu.fr\/eps2024\/wp-content\/uploads\/2023\/11\/objectif-gard-768x296.png 768w\" sizes=\"(max-width: 1000px) 100vw, 1000px\" \/>\t\t\t\t\t\t\t\t\t\t\t\t\t\t\t<\/div>\n\t\t\t\t<\/div>\n\t\t\t\t<\/div>\n\t\t<div class=\"elementor-element elementor-element-480120d e-con-full e-flex e-con e-child\" data-id=\"480120d\" data-element_type=\"container\" data-e-type=\"container\">\n\t\t\t\t<div class=\"elementor-element elementor-element-1e86c98 elementor-widget elementor-widget-text-editor\" data-id=\"1e86c98\" data-element_type=\"widget\" data-e-type=\"widget\" data-widget_type=\"text-editor.default\">\n\t\t\t\t<div class=\"elementor-widget-container\">\n\t\t\t\t\t\t\t\t\t<h2>Gard &#8211; Des professeurs de sport tirent la sonnette d\u2019alarme<\/h2><p>\u00ab\u00a0Notre revendication principale est de faire b\u00e9n\u00e9ficier tous les \u00e9l\u00e8ves de la maternelle au lyc\u00e9e de 4h d\u2019EPS hebdomadaire\u00a0\u00bb, fait savoir le syndicat SNEP-FSU.<\/p><p><a href=\"https:\/\/www.objectifgard.com\/education\/gard-des-professeurs-de-sport-tirent-la-sonnette-dalarme-119158.php\" target=\"_blank\" rel=\"noopener\">Lire<\/a><\/p>\t\t\t\t\t\t\t\t<\/div>\n\t\t\t\t<\/div>\n\t\t\t\t<\/div>\n\t\t\t\t\t<\/div>\n\t\t\t\t<\/div>\n\t\t<div class=\"elementor-element elementor-element-003573d e-flex e-con-boxed e-con e-parent\" data-id=\"003573d\" data-element_type=\"container\" data-e-type=\"container\">\n\t\t\t\t\t<div class=\"e-con-inner\">\n\t\t<div class=\"elementor-element elementor-element-f6729c1 e-con-full e-flex e-con e-child\" data-id=\"f6729c1\" data-element_type=\"container\" data-e-type=\"container\">\n\t\t\t\t<div class=\"elementor-element elementor-element-0d5c49f elementor-widget elementor-widget-image\" data-id=\"0d5c49f\" data-element_type=\"widget\" data-e-type=\"widget\" data-widget_type=\"image.default\">\n\t\t\t\t<div class=\"elementor-widget-container\">\n\t\t\t\t\t\t\t\t\t\t\t\t\t\t\t<img loading=\"lazy\" decoding=\"async\" width=\"685\" height=\"240\" src=\"https:\/\/snepfsu.fr\/eps2024\/wp-content\/uploads\/2023\/11\/est-republicain.png\" class=\"attachment-large size-large wp-image-414\" alt=\"\" srcset=\"https:\/\/snepfsu.fr\/eps2024\/wp-content\/uploads\/2023\/11\/est-republicain.png 685w, https:\/\/snepfsu.fr\/eps2024\/wp-content\/uploads\/2023\/11\/est-republicain-300x105.png 300w\" sizes=\"(max-width: 685px) 100vw, 685px\" \/>\t\t\t\t\t\t\t\t\t\t\t\t\t\t\t<\/div>\n\t\t\t\t<\/div>\n\t\t\t\t<\/div>\n\t\t<div class=\"elementor-element elementor-element-f51cf81 e-con-full e-flex e-con e-child\" data-id=\"f51cf81\" data-element_type=\"container\" data-e-type=\"container\">\n\t\t\t\t<div class=\"elementor-element elementor-element-cb1d226 elementor-widget elementor-widget-text-editor\" data-id=\"cb1d226\" data-element_type=\"widget\" data-e-type=\"widget\" data-widget_type=\"text-editor.default\">\n\t\t\t\t<div class=\"elementor-widget-container\">\n\t\t\t\t\t\t\t\t\t<h2>Besan\u00e7on &#8211; Semaine de l\u2019EPS : les professeurs de sport tirent la sonnette d\u2019alarme<\/h2><p>\u00ab\u00a0La semaine de l\u2019EPS est l\u2019occasion pour le secr\u00e9taire Snep-FSU de r\u00e9clamer des mesures concr\u00e8tes en faveur du sport \u00e0 l\u2019\u00e9cole. Il d\u00e9nonce des \u00ab coups de communication \u00bb du ministre de l\u2019\u00c9ducation nationale, \u00e0 quelques mois des Jeux olympiques, et attend des investissements sur les infrastructures sportives, le recrutement de davantage de personnels EPS dans les \u00e9tablissements, et une politique plus ambitieuse pour d\u00e9velopper la pratique du sport chez les jeunes (&#8230;)\u00a0\u00bb<\/p><p><a href=\"https:\/\/www.estrepublicain.fr\/education\/2023\/11\/23\/semaine-de-l-eps-les-professeurs-de-sports-tirent-la-sonnette-d-alarme\" target=\"_blank\" rel=\"noopener\">Lire<\/a><\/p>\t\t\t\t\t\t\t\t<\/div>\n\t\t\t\t<\/div>\n\t\t\t\t<\/div>\n\t\t\t\t\t<\/div>\n\t\t\t\t<\/div>\n\t\t<div class=\"elementor-element elementor-element-38f107b e-flex e-con-boxed e-con e-parent\" data-id=\"38f107b\" data-element_type=\"container\" data-e-type=\"container\">\n\t\t\t\t\t<div class=\"e-con-inner\">\n\t\t<div class=\"elementor-element elementor-element-3d2a9d7 e-con-full e-flex e-con e-child\" data-id=\"3d2a9d7\" data-element_type=\"container\" data-e-type=\"container\">\n\t\t\t\t<div class=\"elementor-element elementor-element-42c6768 elementor-widget elementor-widget-image\" data-id=\"42c6768\" data-element_type=\"widget\" data-e-type=\"widget\" data-widget_type=\"image.default\">\n\t\t\t\t<div class=\"elementor-widget-container\">\n\t\t\t\t\t\t\t\t\t\t\t\t\t\t\t<img loading=\"lazy\" decoding=\"async\" width=\"837\" height=\"370\" src=\"https:\/\/snepfsu.fr\/eps2024\/wp-content\/uploads\/2023\/11\/ouest-france.png\" class=\"attachment-large size-large wp-image-406\" alt=\"\" srcset=\"https:\/\/snepfsu.fr\/eps2024\/wp-content\/uploads\/2023\/11\/ouest-france.png 837w, https:\/\/snepfsu.fr\/eps2024\/wp-content\/uploads\/2023\/11\/ouest-france-300x133.png 300w, https:\/\/snepfsu.fr\/eps2024\/wp-content\/uploads\/2023\/11\/ouest-france-768x339.png 768w\" sizes=\"(max-width: 837px) 100vw, 837px\" \/>\t\t\t\t\t\t\t\t\t\t\t\t\t\t\t<\/div>\n\t\t\t\t<\/div>\n\t\t\t\t<\/div>\n\t\t<div class=\"elementor-element elementor-element-c98f6ce e-con-full e-flex e-con e-child\" data-id=\"c98f6ce\" data-element_type=\"container\" data-e-type=\"container\">\n\t\t\t\t<div class=\"elementor-element elementor-element-a54fb45 elementor-widget elementor-widget-text-editor\" data-id=\"a54fb45\" data-element_type=\"widget\" data-e-type=\"widget\" data-widget_type=\"text-editor.default\">\n\t\t\t\t<div class=\"elementor-widget-container\">\n\t\t\t\t\t\t\t\t\t<h2>\u00ab Les 30 minutes de sport \u00e0 l\u2019\u00e9cole, \u00e7a ne ressemble \u00e0 rien ! \u00bb, s\u2019alarme un prof d\u2019EPS<\/h2><p>\u00ab\u00a0Le nombre d\u2019heures d\u2019\u00e9ducation physique non dispens\u00e9es faute d\u2019effectifs suffisants s\u2019est encore aggrav\u00e9 \u00e0 la rentr\u00e9e, le tout dans des classes surcharg\u00e9es qui manquent de gymnases. Beno\u00eet Hubert, secr\u00e9taire g\u00e9n\u00e9ral du syndicat SNEP-FSU syndicat des professeurs d\u2019EPS, d\u00e9plore le silence assourdissant des pouvoirs publics, qui seront pourtant en haut de la photo, lors de l\u2019ouverture des Jeux \u00e0 Paris en juillet (&#8230;)\u00a0\u00bb<\/p><p><a href=\"https:\/\/www.ouest-france.fr\/sport\/entretien-les-30-minutes-de-sport-a-lecole-ca-ne-ressemble-a-rien-salarme-un-prof-deps-75d9ec8e-83c1-11ee-aabe-38ea97092852\" target=\"_blank\" rel=\"noopener\" data-wplink-edit=\"true\">Lire<\/a><\/p>\t\t\t\t\t\t\t\t<\/div>\n\t\t\t\t<\/div>\n\t\t\t\t<\/div>\n\t\t\t\t\t<\/div>\n\t\t\t\t<\/div>\n\t\t<div class=\"elementor-element elementor-element-2b0f9c6 e-flex e-con-boxed e-con e-parent\" data-id=\"2b0f9c6\" data-element_type=\"container\" data-e-type=\"container\">\n\t\t\t\t\t<div class=\"e-con-inner\">\n\t\t<div class=\"elementor-element elementor-element-1eddc71 e-con-full e-flex e-con e-child\" data-id=\"1eddc71\" data-element_type=\"container\" data-e-type=\"container\">\n\t\t\t\t<div class=\"elementor-element elementor-element-3a6e198 elementor-widget elementor-widget-image\" data-id=\"3a6e198\" data-element_type=\"widget\" data-e-type=\"widget\" data-widget_type=\"image.default\">\n\t\t\t\t<div class=\"elementor-widget-container\">\n\t\t\t\t\t\t\t\t\t\t\t\t\t\t\t<img loading=\"lazy\" decoding=\"async\" width=\"875\" height=\"225\" src=\"https:\/\/snepfsu.fr\/eps2024\/wp-content\/uploads\/2023\/11\/le-progres.png\" class=\"attachment-large size-large wp-image-402\" alt=\"\" srcset=\"https:\/\/snepfsu.fr\/eps2024\/wp-content\/uploads\/2023\/11\/le-progres.png 875w, https:\/\/snepfsu.fr\/eps2024\/wp-content\/uploads\/2023\/11\/le-progres-300x77.png 300w, https:\/\/snepfsu.fr\/eps2024\/wp-content\/uploads\/2023\/11\/le-progres-768x197.png 768w\" sizes=\"(max-width: 875px) 100vw, 875px\" \/>\t\t\t\t\t\t\t\t\t\t\t\t\t\t\t<\/div>\n\t\t\t\t<\/div>\n\t\t\t\t<\/div>\n\t\t<div class=\"elementor-element elementor-element-88eecd3 e-con-full e-flex e-con e-child\" data-id=\"88eecd3\" data-element_type=\"container\" data-e-type=\"container\">\n\t\t\t\t<div class=\"elementor-element elementor-element-5a0dfa2 elementor-widget elementor-widget-text-editor\" data-id=\"5a0dfa2\" data-element_type=\"widget\" data-e-type=\"widget\" data-widget_type=\"text-editor.default\">\n\t\t\t\t<div class=\"elementor-widget-container\">\n\t\t\t\t\t\t\t\t\t<h2>Le SNEP-FSU veut 4 heures de sport par semaine sur toute la scolarit\u00e9<\/h2><p><a href=\"https:\/\/www.leprogres.fr\/education\/2023\/11\/22\/le-snep-fsu-veut-4-heures-de-sport-par-semaine-sur-toute-la-scolarite\" target=\"_blank\" rel=\"noopener\">Lire<\/a><\/p>\t\t\t\t\t\t\t\t<\/div>\n\t\t\t\t<\/div>\n\t\t\t\t<\/div>\n\t\t\t\t\t<\/div>\n\t\t\t\t<\/div>\n\t\t<div class=\"elementor-element elementor-element-e43c1f2 e-flex e-con-boxed e-con e-parent\" data-id=\"e43c1f2\" data-element_type=\"container\" data-e-type=\"container\">\n\t\t\t\t\t<div class=\"e-con-inner\">\n\t\t<div class=\"elementor-element elementor-element-b70408a e-con-full e-flex e-con e-child\" data-id=\"b70408a\" data-element_type=\"container\" data-e-type=\"container\">\n\t\t\t\t<div class=\"elementor-element elementor-element-f9f3a55 elementor-widget elementor-widget-image\" data-id=\"f9f3a55\" data-element_type=\"widget\" data-e-type=\"widget\" data-widget_type=\"image.default\">\n\t\t\t\t<div class=\"elementor-widget-container\">\n\t\t\t\t\t\t\t\t\t\t\t\t\t\t\t<img loading=\"lazy\" decoding=\"async\" width=\"975\" height=\"195\" src=\"https:\/\/snepfsu.fr\/eps2024\/wp-content\/uploads\/2023\/11\/dauphine-libere.png\" class=\"attachment-large size-large wp-image-401\" alt=\"\" srcset=\"https:\/\/snepfsu.fr\/eps2024\/wp-content\/uploads\/2023\/11\/dauphine-libere.png 975w, https:\/\/snepfsu.fr\/eps2024\/wp-content\/uploads\/2023\/11\/dauphine-libere-300x60.png 300w, https:\/\/snepfsu.fr\/eps2024\/wp-content\/uploads\/2023\/11\/dauphine-libere-768x154.png 768w\" sizes=\"(max-width: 975px) 100vw, 975px\" \/>\t\t\t\t\t\t\t\t\t\t\t\t\t\t\t<\/div>\n\t\t\t\t<\/div>\n\t\t\t\t<\/div>\n\t\t<div class=\"elementor-element elementor-element-dbcbe32 e-con-full e-flex e-con e-child\" data-id=\"dbcbe32\" data-element_type=\"container\" data-e-type=\"container\">\n\t\t\t\t<div class=\"elementor-element elementor-element-61370c8 elementor-widget elementor-widget-text-editor\" data-id=\"61370c8\" data-element_type=\"widget\" data-e-type=\"widget\" data-widget_type=\"text-editor.default\">\n\t\t\t\t<div class=\"elementor-widget-container\">\n\t\t\t\t\t\t\t\t\t<h2>Pourquoi les profs d\u2019EPS revendiquent 4 heures de sport obligatoires par semaine<\/h2><p>\u00ab\u00a0Quatre heures de sport obligatoires par semaine. C\u2019est ce que revendique le Syndicat national de l\u2019\u00e9ducation physique affili\u00e9 \u00e0 la F\u00e9d\u00e9ration syndicale unitaire (Snep-FSU) pour tous les \u00e9l\u00e8ves des \u00e9tablissements publics, de la 6e \u00e0 la terminale. Mardi 21 novembre, l\u2019antenne dr\u00f4moise du syndicat s\u2019est r\u00e9unie \u00e0 Crest. Leur repr\u00e9sentante, Delphine Gasnier, explique les raisons de cette revendication (&#8230;)\u00a0\u00bb<\/p><p><a href=\"https:\/\/www.ledauphine.com\/education\/2023\/11\/22\/pourquoi-les-profs-d-eps-revendiquent-4-heures-de-sport-obligatoires-par-semaine\" target=\"_blank\" rel=\"noopener\">Lire<\/a><\/p>\t\t\t\t\t\t\t\t<\/div>\n\t\t\t\t<\/div>\n\t\t\t\t<\/div>\n\t\t\t\t\t<\/div>\n\t\t\t\t<\/div>\n\t\t<div class=\"elementor-element elementor-element-60d5272 e-flex e-con-boxed e-con e-parent\" data-id=\"60d5272\" data-element_type=\"container\" data-e-type=\"container\">\n\t\t\t\t\t<div class=\"e-con-inner\">\n\t\t<div class=\"elementor-element elementor-element-8546613 e-con-full e-flex e-con e-child\" data-id=\"8546613\" data-element_type=\"container\" data-e-type=\"container\">\n\t\t\t\t<div class=\"elementor-element elementor-element-56e5796 elementor-widget elementor-widget-image\" data-id=\"56e5796\" data-element_type=\"widget\" data-e-type=\"widget\" data-widget_type=\"image.default\">\n\t\t\t\t<div class=\"elementor-widget-container\">\n\t\t\t\t\t\t\t\t\t\t\t\t\t\t\t<img loading=\"lazy\" decoding=\"async\" width=\"942\" height=\"412\" src=\"https:\/\/snepfsu.fr\/eps2024\/wp-content\/uploads\/2023\/11\/france-bleu.png\" class=\"attachment-large size-large wp-image-395\" alt=\"\" srcset=\"https:\/\/snepfsu.fr\/eps2024\/wp-content\/uploads\/2023\/11\/france-bleu.png 942w, https:\/\/snepfsu.fr\/eps2024\/wp-content\/uploads\/2023\/11\/france-bleu-300x131.png 300w, https:\/\/snepfsu.fr\/eps2024\/wp-content\/uploads\/2023\/11\/france-bleu-768x336.png 768w\" sizes=\"(max-width: 942px) 100vw, 942px\" \/>\t\t\t\t\t\t\t\t\t\t\t\t\t\t\t<\/div>\n\t\t\t\t<\/div>\n\t\t\t\t<\/div>\n\t\t<div class=\"elementor-element elementor-element-6322936 e-con-full e-flex e-con e-child\" data-id=\"6322936\" data-element_type=\"container\" data-e-type=\"container\">\n\t\t\t\t<div class=\"elementor-element elementor-element-500e72c elementor-widget elementor-widget-text-editor\" data-id=\"500e72c\" data-element_type=\"widget\" data-e-type=\"widget\" data-widget_type=\"text-editor.default\">\n\t\t\t\t<div class=\"elementor-widget-container\">\n\t\t\t\t\t\t\t\t\t<h2>Sport \u00e0 l&rsquo;\u00e9cole : les profs d&rsquo;EPS r\u00e9clament plus d&rsquo;heures par semaine<\/h2><p>\u00ab\u00a0Alors que les JO 2024 approchent et que le gouvernement promet de renforcer la pratique sportive \u00e0 l&rsquo;\u00e9cole, les professeurs d&rsquo;\u00e9ducation physique et sportives (EPS) de l&rsquo;H\u00e9rault r\u00e9clament quatre heures de sport par semaine pour tous les \u00e9l\u00e8ves de la 6e \u00e0 la terminale (&#8230;)\u00a0\u00bb<\/p><p><a href=\"https:\/\/www.francebleu.fr\/infos\/education\/sport-a-l-ecole-les-profs-d-eps-reclament-plus-d-heures-par-semaine-8551346?s=03\" target=\"_blank\" rel=\"noopener\">Lire<\/a><\/p>\t\t\t\t\t\t\t\t<\/div>\n\t\t\t\t<\/div>\n\t\t\t\t<\/div>\n\t\t\t\t\t<\/div>\n\t\t\t\t<\/div>\n\t\t<div class=\"elementor-element elementor-element-8c0bcd0 e-flex e-con-boxed e-con e-parent\" data-id=\"8c0bcd0\" data-element_type=\"container\" data-e-type=\"container\">\n\t\t\t\t\t<div class=\"e-con-inner\">\n\t\t<div class=\"elementor-element elementor-element-f9c6f52 e-con-full e-flex e-con e-child\" data-id=\"f9c6f52\" data-element_type=\"container\" data-e-type=\"container\">\n\t\t\t\t<div class=\"elementor-element elementor-element-d8e968a elementor-widget elementor-widget-image\" data-id=\"d8e968a\" data-element_type=\"widget\" data-e-type=\"widget\" data-widget_type=\"image.default\">\n\t\t\t\t<div class=\"elementor-widget-container\">\n\t\t\t\t\t\t\t\t\t\t\t\t\t\t\t<img decoding=\"async\" width=\"840\" height=\"265\" src=\"https:\/\/snepfsu.fr\/eps2024\/wp-content\/uploads\/2023\/11\/le-monde.png\" class=\"attachment-large size-large wp-image-347\" alt=\"\" srcset=\"https:\/\/snepfsu.fr\/eps2024\/wp-content\/uploads\/2023\/11\/le-monde.png 840w, https:\/\/snepfsu.fr\/eps2024\/wp-content\/uploads\/2023\/11\/le-monde-300x95.png 300w, https:\/\/snepfsu.fr\/eps2024\/wp-content\/uploads\/2023\/11\/le-monde-768x242.png 768w\" sizes=\"(max-width: 840px) 100vw, 840px\" \/>\t\t\t\t\t\t\t\t\t\t\t\t\t\t\t<\/div>\n\t\t\t\t<\/div>\n\t\t\t\t<\/div>\n\t\t<div class=\"elementor-element elementor-element-7a7c8f7 e-con-full e-flex e-con e-child\" data-id=\"7a7c8f7\" data-element_type=\"container\" data-e-type=\"container\">\n\t\t\t\t<div class=\"elementor-element elementor-element-399c6ee elementor-widget elementor-widget-text-editor\" data-id=\"399c6ee\" data-element_type=\"widget\" data-e-type=\"widget\" data-widget_type=\"text-editor.default\">\n\t\t\t\t<div class=\"elementor-widget-container\">\n\t\t\t\t\t\t\t\t\t<h2>\u00ab Savoir nager \u00bb en s\u00e9curit\u00e9, un objectif national difficile \u00e0 atteindre en France<\/h2><p>\u00ab\u00a0L\u2019apprentissage de la natation \u00e0 l\u2019\u00e9cole a \u00e9t\u00e9 \u00e9rig\u00e9 en priorit\u00e9 par l\u2019\u00e9ducation nationale. Pourtant, en raison du manque d\u2019\u00e9quipements ou de leur v\u00e9tust\u00e9, certains \u00e9tablissements n\u2019arrivent pas \u00e0 l\u2019enseigner (&#8230;)\u00a0\u00bb<\/p><p><a href=\"https:\/\/www.lemonde.fr\/sport\/article\/2023\/11\/08\/savoir-nager-en-securite-un-objectif-national-difficile-a-atteindre-en-france_6198954_3242.html\" target=\"_blank\" rel=\"noopener\">Lire<\/a><\/p>\t\t\t\t\t\t\t\t<\/div>\n\t\t\t\t<\/div>\n\t\t\t\t<\/div>\n\t\t\t\t\t<\/div>\n\t\t\t\t<\/div>\n\t\t<div class=\"elementor-element elementor-element-65deb2a e-flex e-con-boxed e-con e-parent\" data-id=\"65deb2a\" data-element_type=\"container\" data-e-type=\"container\">\n\t\t\t\t\t<div class=\"e-con-inner\">\n\t\t<div class=\"elementor-element elementor-element-b192efb e-con-full e-flex e-con e-child\" data-id=\"b192efb\" data-element_type=\"container\" data-e-type=\"container\">\n\t\t\t\t<div class=\"elementor-element elementor-element-958eddd elementor-widget elementor-widget-image\" data-id=\"958eddd\" data-element_type=\"widget\" data-e-type=\"widget\" data-widget_type=\"image.default\">\n\t\t\t\t<div class=\"elementor-widget-container\">\n\t\t\t\t\t\t\t\t\t\t\t\t\t\t\t<img loading=\"lazy\" decoding=\"async\" width=\"1024\" height=\"292\" src=\"https:\/\/snepfsu.fr\/eps2024\/wp-content\/uploads\/2023\/11\/radio-mont-blanc-1024x292.png\" class=\"attachment-large size-large wp-image-354\" alt=\"\" srcset=\"https:\/\/snepfsu.fr\/eps2024\/wp-content\/uploads\/2023\/11\/radio-mont-blanc-1024x292.png 1024w, https:\/\/snepfsu.fr\/eps2024\/wp-content\/uploads\/2023\/11\/radio-mont-blanc-300x86.png 300w, https:\/\/snepfsu.fr\/eps2024\/wp-content\/uploads\/2023\/11\/radio-mont-blanc-768x219.png 768w, https:\/\/snepfsu.fr\/eps2024\/wp-content\/uploads\/2023\/11\/radio-mont-blanc.png 1472w\" sizes=\"(max-width: 1024px) 100vw, 1024px\" \/>\t\t\t\t\t\t\t\t\t\t\t\t\t\t\t<\/div>\n\t\t\t\t<\/div>\n\t\t\t\t<\/div>\n\t\t<div class=\"elementor-element elementor-element-2e58b55 e-con-full e-flex e-con e-child\" data-id=\"2e58b55\" data-element_type=\"container\" data-e-type=\"container\">\n\t\t\t\t<div class=\"elementor-element elementor-element-80a95c3 elementor-widget elementor-widget-text-editor\" data-id=\"80a95c3\" data-element_type=\"widget\" data-e-type=\"widget\" data-widget_type=\"text-editor.default\">\n\t\t\t\t<div class=\"elementor-widget-container\">\n\t\t\t\t\t\t\t\t\t<h2>Interview | Emilie &amp; Alice &#8211; Syndicat SNEP-FSU 74<\/h2><p>\u00ab\u00a0La F\u00e9d\u00e9ration Fran\u00e7aise de Cardiologie a montr\u00e9 que les enfants avaient perdu 25% de leur capacit\u00e9 cardio-vasculaire en 40 ans. Aujourd&rsquo;hui, il y a 10 % des enfants qui conserv\u00e9 les m\u00eames capacit\u00e9s que leurs a\u00een\u00e9s, c&rsquo;est tr\u00e8s peu. Pour l&rsquo;instant, on ne se rend pas compte que la jeunesse n&rsquo;est pas en bonne sant\u00e9 mais c&rsquo;est une bombe \u00e0 retardement.\u00a0\u00bb<br \/>Emilie Ducret et Alice Coulon sont professeurs d&rsquo;EPS et membres du syndicat SNEP-FSU 74. Elles font partie des 70 professeurs de Haute-Savoie qui demandent plus de sports pour les adolescents fran\u00e7ais, minimum 4h par semaine pour respecter les recommandations de l&rsquo;OMS.<\/p><p><a href=\"https:\/\/www.youtube.com\/watch?v=gHaqFxIy97M\" target=\"_blank\" rel=\"noopener\">Ecouter<\/a><\/p>\t\t\t\t\t\t\t\t<\/div>\n\t\t\t\t<\/div>\n\t\t\t\t<\/div>\n\t\t\t\t\t<\/div>\n\t\t\t\t<\/div>\n\t\t<div class=\"elementor-element elementor-element-5a7f487 e-flex e-con-boxed e-con e-parent\" data-id=\"5a7f487\" data-element_type=\"container\" data-e-type=\"container\">\n\t\t\t\t\t<div class=\"e-con-inner\">\n\t\t<div class=\"elementor-element elementor-element-e82d65a e-con-full e-flex e-con e-child\" data-id=\"e82d65a\" data-element_type=\"container\" data-e-type=\"container\">\n\t\t\t\t<div class=\"elementor-element elementor-element-52424ac elementor-widget elementor-widget-image\" data-id=\"52424ac\" data-element_type=\"widget\" data-e-type=\"widget\" data-widget_type=\"image.default\">\n\t\t\t\t<div class=\"elementor-widget-container\">\n\t\t\t\t\t\t\t\t\t\t\t\t\t\t\t<img decoding=\"async\" width=\"840\" height=\"265\" src=\"https:\/\/snepfsu.fr\/eps2024\/wp-content\/uploads\/2023\/11\/le-monde.png\" class=\"attachment-large size-large wp-image-347\" alt=\"\" srcset=\"https:\/\/snepfsu.fr\/eps2024\/wp-content\/uploads\/2023\/11\/le-monde.png 840w, https:\/\/snepfsu.fr\/eps2024\/wp-content\/uploads\/2023\/11\/le-monde-300x95.png 300w, https:\/\/snepfsu.fr\/eps2024\/wp-content\/uploads\/2023\/11\/le-monde-768x242.png 768w\" sizes=\"(max-width: 840px) 100vw, 840px\" \/>\t\t\t\t\t\t\t\t\t\t\t\t\t\t\t<\/div>\n\t\t\t\t<\/div>\n\t\t\t\t<\/div>\n\t\t<div class=\"elementor-element elementor-element-b70850b e-con-full e-flex e-con e-child\" data-id=\"b70850b\" data-element_type=\"container\" data-e-type=\"container\">\n\t\t\t\t<div class=\"elementor-element elementor-element-776d275 elementor-widget elementor-widget-text-editor\" data-id=\"776d275\" data-element_type=\"widget\" data-e-type=\"widget\" data-widget_type=\"text-editor.default\">\n\t\t\t\t<div class=\"elementor-widget-container\">\n\t\t\t\t\t\t\t\t\t<h2>Le sport \u00e0 l\u2019\u00e9cole cherche encore la bonne formule<\/h2><p>\u00ab\u00a0Malgr\u00e9 un temps d\u2019activit\u00e9 physique obligatoire plus \u00e9lev\u00e9 que celui de leurs voisins europ\u00e9ens, les \u00e9l\u00e8ves fran\u00e7ais ont une pratique sportive r\u00e9guli\u00e8re plut\u00f4t faible. La faute \u00e0 la place de la discipline au sein de l\u2019\u00e9ducation nationale, mais aussi \u00e0 un d\u00e9faut de continuit\u00e9 entre \u00e9cole, associations sportives scolaires et clubs. (&#8230;)\u00a0\u00bb<\/p><p><a href=\"https:\/\/www.lemonde.fr\/societe\/article\/2023\/11\/08\/le-sport-a-l-ecole-cherche-encore-la-bonne-formule_6198910_3224.html\" target=\"_blank\" rel=\"noopener\">Lire<\/a><\/p>\t\t\t\t\t\t\t\t<\/div>\n\t\t\t\t<\/div>\n\t\t\t\t<\/div>\n\t\t\t\t\t<\/div>\n\t\t\t\t<\/div>\n\t\t<div class=\"elementor-element elementor-element-25c6b96 e-flex e-con-boxed e-con e-parent\" data-id=\"25c6b96\" data-element_type=\"container\" data-e-type=\"container\">\n\t\t\t\t\t<div class=\"e-con-inner\">\n\t\t\t\t<div class=\"elementor-element elementor-element-801d79b elementor-widget elementor-widget-spacer\" data-id=\"801d79b\" data-element_type=\"widget\" data-e-type=\"widget\" data-widget_type=\"spacer.default\">\n\t\t\t\t<div class=\"elementor-widget-container\">\n\t\t\t\t\t\t\t<div class=\"elementor-spacer\">\n\t\t\t<div class=\"elementor-spacer-inner\"><\/div>\n\t\t<\/div>\n\t\t\t\t\t\t<\/div>\n\t\t\t\t<\/div>\n\t\t\t\t\t<\/div>\n\t\t\t\t<\/div>\n\t\t<div class=\"elementor-element elementor-element-ff33fcf e-flex e-con-boxed e-con e-parent\" data-id=\"ff33fcf\" data-element_type=\"container\" data-e-type=\"container\">\n\t\t\t\t\t<div class=\"e-con-inner\">\n\t\t\t\t<div class=\"elementor-element elementor-element-6745dcc elementor-widget elementor-widget-heading\" data-id=\"6745dcc\" data-element_type=\"widget\" data-e-type=\"widget\" data-widget_type=\"heading.default\">\n\t\t\t\t<div class=\"elementor-widget-container\">\n\t\t\t\t\t<h2 class=\"elementor-heading-title elementor-size-default\">Octobre 2023<\/h2>\t\t\t\t<\/div>\n\t\t\t\t<\/div>\n\t\t\t\t\t<\/div>\n\t\t\t\t<\/div>\n\t\t<div class=\"elementor-element elementor-element-3f9f699 e-flex e-con-boxed e-con e-parent\" data-id=\"3f9f699\" data-element_type=\"container\" data-e-type=\"container\">\n\t\t\t\t\t<div class=\"e-con-inner\">\n\t\t<div class=\"elementor-element elementor-element-222b339 e-con-full e-flex e-con e-child\" data-id=\"222b339\" data-element_type=\"container\" data-e-type=\"container\">\n\t\t\t\t<div class=\"elementor-element elementor-element-608102f elementor-widget elementor-widget-image\" data-id=\"608102f\" data-element_type=\"widget\" data-e-type=\"widget\" data-widget_type=\"image.default\">\n\t\t\t\t<div class=\"elementor-widget-container\">\n\t\t\t\t\t\t\t\t\t\t\t\t\t\t\t<img loading=\"lazy\" decoding=\"async\" width=\"685\" height=\"180\" src=\"https:\/\/snepfsu.fr\/eps2024\/wp-content\/uploads\/2023\/10\/france-info.png\" class=\"attachment-large size-large wp-image-178\" alt=\"\" srcset=\"https:\/\/snepfsu.fr\/eps2024\/wp-content\/uploads\/2023\/10\/france-info.png 685w, https:\/\/snepfsu.fr\/eps2024\/wp-content\/uploads\/2023\/10\/france-info-300x79.png 300w\" sizes=\"(max-width: 685px) 100vw, 685px\" \/>\t\t\t\t\t\t\t\t\t\t\t\t\t\t\t<\/div>\n\t\t\t\t<\/div>\n\t\t\t\t<\/div>\n\t\t<div class=\"elementor-element elementor-element-993fb1b e-con-full e-flex e-con e-child\" data-id=\"993fb1b\" data-element_type=\"container\" data-e-type=\"container\">\n\t\t\t\t<div class=\"elementor-element elementor-element-a7eef80 elementor-widget elementor-widget-text-editor\" data-id=\"a7eef80\" data-element_type=\"widget\" data-e-type=\"widget\" data-widget_type=\"text-editor.default\">\n\t\t\t\t<div class=\"elementor-widget-container\">\n\t\t\t\t\t\t\t\t\t<h2>Une place de choix dans les programmes scolaires mais une pratique souvent m\u00e9pris\u00e9e : pourquoi le sport est le mal-aim\u00e9 de l&rsquo;enseignement fran\u00e7ais<\/h2><p>\u00ab\u00a0Si la France est bien dot\u00e9e en nombre d&rsquo;heures d&rsquo;activit\u00e9 physique et sportive \u00e0 l&rsquo;\u00e9cole, la pratique et la strat\u00e9gie derri\u00e8re les programmes soulignent une autre r\u00e9alit\u00e9 (&#8230;)\u00a0\u00bb<\/p><p><a href=\"https:\/\/www.francetvinfo.fr\/sports\/une-place-de-choix-dans-les-programmes-scolaires-mais-une-pratique-souvent-meprisee-pourquoi-le-sport-est-le-mal-aime-de-l-enseignement-francais_6079734.html#xtor=CS2-765-%5Bautres%5D\" target=\"_blank\" rel=\"noopener\">Lire<\/a><\/p>\t\t\t\t\t\t\t\t<\/div>\n\t\t\t\t<\/div>\n\t\t\t\t<\/div>\n\t\t\t\t\t<\/div>\n\t\t\t\t<\/div>\n\t\t<div class=\"elementor-element elementor-element-a9c5a72 e-flex e-con-boxed e-con e-parent\" data-id=\"a9c5a72\" data-element_type=\"container\" data-e-type=\"container\">\n\t\t\t\t\t<div class=\"e-con-inner\">\n\t\t\t\t<div class=\"elementor-element elementor-element-ab6debc elementor-widget elementor-widget-spacer\" data-id=\"ab6debc\" data-element_type=\"widget\" data-e-type=\"widget\" data-widget_type=\"spacer.default\">\n\t\t\t\t<div class=\"elementor-widget-container\">\n\t\t\t\t\t\t\t<div class=\"elementor-spacer\">\n\t\t\t<div class=\"elementor-spacer-inner\"><\/div>\n\t\t<\/div>\n\t\t\t\t\t\t<\/div>\n\t\t\t\t<\/div>\n\t\t\t\t\t<\/div>\n\t\t\t\t<\/div>\n\t\t<div class=\"elementor-element elementor-element-d310ddb e-flex e-con-boxed e-con e-parent\" data-id=\"d310ddb\" data-element_type=\"container\" data-e-type=\"container\">\n\t\t\t\t\t<div class=\"e-con-inner\">\n\t\t\t\t<div class=\"elementor-element elementor-element-7d88e5a elementor-widget elementor-widget-heading\" data-id=\"7d88e5a\" data-element_type=\"widget\" data-e-type=\"widget\" data-widget_type=\"heading.default\">\n\t\t\t\t<div class=\"elementor-widget-container\">\n\t\t\t\t\t<h2 class=\"elementor-heading-title elementor-size-default\">Septembre 2023<\/h2>\t\t\t\t<\/div>\n\t\t\t\t<\/div>\n\t\t\t\t\t<\/div>\n\t\t\t\t<\/div>\n\t\t<div class=\"elementor-element elementor-element-36e2a59 e-flex e-con-boxed e-con e-parent\" data-id=\"36e2a59\" data-element_type=\"container\" data-e-type=\"container\">\n\t\t\t\t\t<div class=\"e-con-inner\">\n\t\t<div class=\"elementor-element elementor-element-c7dc3e4 e-con-full e-flex e-con e-child\" data-id=\"c7dc3e4\" data-element_type=\"container\" data-e-type=\"container\">\n\t\t\t\t<div class=\"elementor-element elementor-element-73735b0 elementor-widget elementor-widget-image\" data-id=\"73735b0\" data-element_type=\"widget\" data-e-type=\"widget\" data-widget_type=\"image.default\">\n\t\t\t\t<div class=\"elementor-widget-container\">\n\t\t\t\t\t\t\t\t\t\t\t\t\t\t\t<img loading=\"lazy\" decoding=\"async\" width=\"939\" height=\"234\" src=\"https:\/\/snepfsu.fr\/eps2024\/wp-content\/uploads\/2023\/10\/humanite.png\" class=\"attachment-large size-large wp-image-193\" alt=\"\" srcset=\"https:\/\/snepfsu.fr\/eps2024\/wp-content\/uploads\/2023\/10\/humanite.png 939w, https:\/\/snepfsu.fr\/eps2024\/wp-content\/uploads\/2023\/10\/humanite-300x75.png 300w, https:\/\/snepfsu.fr\/eps2024\/wp-content\/uploads\/2023\/10\/humanite-768x191.png 768w\" sizes=\"(max-width: 939px) 100vw, 939px\" \/>\t\t\t\t\t\t\t\t\t\t\t\t\t\t\t<\/div>\n\t\t\t\t<\/div>\n\t\t\t\t<\/div>\n\t\t<div class=\"elementor-element elementor-element-98917a5 e-con-full e-flex e-con e-child\" data-id=\"98917a5\" data-element_type=\"container\" data-e-type=\"container\">\n\t\t\t\t<div class=\"elementor-element elementor-element-e104241 elementor-widget elementor-widget-text-editor\" data-id=\"e104241\" data-element_type=\"widget\" data-e-type=\"widget\" data-widget_type=\"text-editor.default\">\n\t\t\t\t<div class=\"elementor-widget-container\">\n\t\t\t\t\t\t\t\t\t<h2>\u00c0 l&rsquo;ombre des JO 2024, comment le sport scolaire est laiss\u00e9 \u00e0 l&rsquo;abandon<\/h2><p>\u00ab\u00a0Installations v\u00e9tustes, manque d\u2019enseignants, formation d\u00e9grad\u00e9e, recul de la pratique : \u00e0 moins d\u2019un an de l\u2019ouverture des jeux Olympiques de Paris, le sport scolaire se d\u00e9bat pour garder sa place\u2026 que lorgne le secteur priv\u00e9, avec l\u2019appui du gouvernement (&#8230;)\u00a0\u00bb<\/p><p><a href=\"https:\/\/www.humanite.fr\/societe\/jeux-olympiques-paris-2024\/a-lombre-des-jo-2024-comment-le-sport-scolaire-est-laisse-a-labandon\" target=\"_blank\" rel=\"noopener\">Lire<\/a><\/p>\t\t\t\t\t\t\t\t<\/div>\n\t\t\t\t<\/div>\n\t\t\t\t<\/div>\n\t\t\t\t\t<\/div>\n\t\t\t\t<\/div>\n\t\t<div class=\"elementor-element elementor-element-9f0ccba e-flex e-con-boxed e-con e-parent\" data-id=\"9f0ccba\" data-element_type=\"container\" data-e-type=\"container\">\n\t\t\t\t\t<div class=\"e-con-inner\">\n\t\t<div class=\"elementor-element elementor-element-ddbd0c7 e-con-full e-flex e-con e-child\" data-id=\"ddbd0c7\" data-element_type=\"container\" data-e-type=\"container\">\n\t\t\t\t<div class=\"elementor-element elementor-element-25ebec7 elementor-widget elementor-widget-image\" data-id=\"25ebec7\" data-element_type=\"widget\" data-e-type=\"widget\" data-widget_type=\"image.default\">\n\t\t\t\t<div class=\"elementor-widget-container\">\n\t\t\t\t\t\t\t\t\t\t\t\t\t\t\t<img loading=\"lazy\" decoding=\"async\" width=\"857\" height=\"275\" src=\"https:\/\/snepfsu.fr\/eps2024\/wp-content\/uploads\/2023\/10\/banque-des-territoires.png\" class=\"attachment-large size-large wp-image-204\" alt=\"\" srcset=\"https:\/\/snepfsu.fr\/eps2024\/wp-content\/uploads\/2023\/10\/banque-des-territoires.png 857w, https:\/\/snepfsu.fr\/eps2024\/wp-content\/uploads\/2023\/10\/banque-des-territoires-300x96.png 300w, https:\/\/snepfsu.fr\/eps2024\/wp-content\/uploads\/2023\/10\/banque-des-territoires-768x246.png 768w\" sizes=\"(max-width: 857px) 100vw, 857px\" \/>\t\t\t\t\t\t\t\t\t\t\t\t\t\t\t<\/div>\n\t\t\t\t<\/div>\n\t\t\t\t<\/div>\n\t\t<div class=\"elementor-element elementor-element-023bced e-con-full e-flex e-con e-child\" data-id=\"023bced\" data-element_type=\"container\" data-e-type=\"container\">\n\t\t\t\t<div class=\"elementor-element elementor-element-a691e14 elementor-widget elementor-widget-text-editor\" data-id=\"a691e14\" data-element_type=\"widget\" data-e-type=\"widget\" data-widget_type=\"text-editor.default\">\n\t\t\t\t<div class=\"elementor-widget-container\">\n\t\t\t\t\t\t\t\t\t<h2>Dans le second degr\u00e9, l&rsquo;EPS ne tient pas une forme olympique<\/h2><p>\u00ab\u00a0Selon une enqu\u00eate du Snep-FSU, la situation de l&rsquo;\u00e9ducation physique et sportive dans les coll\u00e8ges et lyc\u00e9es fran\u00e7ais est \u00ab\u00a0loin d\u2019\u00eatre reluisante\u00a0\u00bb. Le syndicat met notamment en cause le manque d&rsquo;\u00e9quipements sportifs dans les \u00e9tablissements (&#8230;)\u00a0\u00bb<\/p><p><a href=\"https:\/\/www.humanite.fr\/societe\/jeux-olympiques-paris-2024\/a-lombre-des-jo-2024-comment-le-sport-scolaire-est-laisse-a-labandon\" target=\"_blank\" rel=\"noopener\">Lire<\/a><\/p>\t\t\t\t\t\t\t\t<\/div>\n\t\t\t\t<\/div>\n\t\t\t\t<\/div>\n\t\t\t\t\t<\/div>\n\t\t\t\t<\/div>\n\t\t<div class=\"elementor-element elementor-element-55612a7 e-flex e-con-boxed e-con e-parent\" data-id=\"55612a7\" data-element_type=\"container\" data-e-type=\"container\">\n\t\t\t\t\t<div class=\"e-con-inner\">\n\t\t<div class=\"elementor-element elementor-element-67aa607 e-con-full e-flex e-con e-child\" data-id=\"67aa607\" data-element_type=\"container\" data-e-type=\"container\">\n\t\t\t\t<div class=\"elementor-element elementor-element-5392064 elementor-widget elementor-widget-image\" data-id=\"5392064\" data-element_type=\"widget\" data-e-type=\"widget\" data-widget_type=\"image.default\">\n\t\t\t\t<div class=\"elementor-widget-container\">\n\t\t\t\t\t\t\t\t\t\t\t\t\t\t\t<img loading=\"lazy\" decoding=\"async\" width=\"685\" height=\"180\" src=\"https:\/\/snepfsu.fr\/eps2024\/wp-content\/uploads\/2023\/10\/france-info.png\" class=\"attachment-large size-large wp-image-178\" alt=\"\" srcset=\"https:\/\/snepfsu.fr\/eps2024\/wp-content\/uploads\/2023\/10\/france-info.png 685w, https:\/\/snepfsu.fr\/eps2024\/wp-content\/uploads\/2023\/10\/france-info-300x79.png 300w\" sizes=\"(max-width: 685px) 100vw, 685px\" \/>\t\t\t\t\t\t\t\t\t\t\t\t\t\t\t<\/div>\n\t\t\t\t<\/div>\n\t\t\t\t<\/div>\n\t\t<div class=\"elementor-element elementor-element-248aabd e-con-full e-flex e-con e-child\" data-id=\"248aabd\" data-element_type=\"container\" data-e-type=\"container\">\n\t\t\t\t<div class=\"elementor-element elementor-element-feddbb8 elementor-widget elementor-widget-text-editor\" data-id=\"feddbb8\" data-element_type=\"widget\" data-e-type=\"widget\" data-widget_type=\"text-editor.default\">\n\t\t\t\t<div class=\"elementor-widget-container\">\n\t\t\t\t\t\t\t\t\t<h2>Interview Coralie Benech &#8211; France Info du 5\/9\/2023<\/h2><p><span id=\"snippet-text\" class=\"style-scope ytd-text-inline-expander\"><span class=\"yt-core-attributed-string yt-core-attributed-string--white-space-pre-wrap\"><span class=\"yt-core-attributed-string--link-inherit-color\">Coralie Benech, secr\u00e9taire g\u00e9n\u00e9rale du SNEP-FSU, syndicat des enseignant-es d&rsquo;EPS, est invit\u00e9e sur le plateau de France Info pour \u00e9voquer le dispositif des 2h de sport au coll\u00e8ge<\/span><\/span><\/span> (&#8230;)<\/p><p><a href=\"https:\/\/www.youtube.com\/watch?v=mcrICiSpYwY\" target=\"_blank\" rel=\"noopener\">Ecouter<\/a><\/p>\t\t\t\t\t\t\t\t<\/div>\n\t\t\t\t<\/div>\n\t\t\t\t<\/div>\n\t\t\t\t\t<\/div>\n\t\t\t\t<\/div>\n\t\t<div class=\"elementor-element elementor-element-7f9cddb e-flex e-con-boxed e-con e-parent\" data-id=\"7f9cddb\" data-element_type=\"container\" data-e-type=\"container\">\n\t\t\t\t\t<div class=\"e-con-inner\">\n\t\t<div class=\"elementor-element elementor-element-41fecbe e-con-full e-flex e-con e-child\" data-id=\"41fecbe\" data-element_type=\"container\" data-e-type=\"container\">\n\t\t\t\t<div class=\"elementor-element elementor-element-676cf78 elementor-widget elementor-widget-image\" data-id=\"676cf78\" data-element_type=\"widget\" data-e-type=\"widget\" data-widget_type=\"image.default\">\n\t\t\t\t<div class=\"elementor-widget-container\">\n\t\t\t\t\t\t\t\t\t\t\t\t\t\t\t<img loading=\"lazy\" decoding=\"async\" width=\"670\" height=\"295\" src=\"https:\/\/snepfsu.fr\/eps2024\/wp-content\/uploads\/2023\/10\/le-mouv.png\" class=\"attachment-large size-large wp-image-189\" alt=\"\" srcset=\"https:\/\/snepfsu.fr\/eps2024\/wp-content\/uploads\/2023\/10\/le-mouv.png 670w, https:\/\/snepfsu.fr\/eps2024\/wp-content\/uploads\/2023\/10\/le-mouv-300x132.png 300w\" sizes=\"(max-width: 670px) 100vw, 670px\" \/>\t\t\t\t\t\t\t\t\t\t\t\t\t\t\t<\/div>\n\t\t\t\t<\/div>\n\t\t\t\t<\/div>\n\t\t<div class=\"elementor-element elementor-element-1528199 e-con-full e-flex e-con e-child\" data-id=\"1528199\" data-element_type=\"container\" data-e-type=\"container\">\n\t\t\t\t<div class=\"elementor-element elementor-element-6fd0fa5 elementor-widget elementor-widget-text-editor\" data-id=\"6fd0fa5\" data-element_type=\"widget\" data-e-type=\"widget\" data-widget_type=\"text-editor.default\">\n\t\t\t\t<div class=\"elementor-widget-container\">\n\t\t\t\t\t\t\t\t\t<h2>Emmanuel Macron propose deux heures de sport suppl\u00e9mentaires au coll\u00e8ge, le dispositif divise<\/h2><p>\u00ab\u00a0Avec son programme \u00ab\u00a0deux heures d\u2019activit\u00e9 physique et sportive en plus par semaine au coll\u00e8ge\u00a0\u00bb, le pr\u00e9sident de la R\u00e9publique entend proposer des cours de sport en plus aux \u00e9l\u00e8ves volontaires. Le manque de professeurs et l&rsquo;\u00e9chec des anciennes mesures laissent perplexe la profession (&#8230;) \u00ab\u00a0<\/p><p><a href=\"https:\/\/www.radiofrance.fr\/mouv\/podcasts\/reporterter\/emmanuel-macron-propose-deux-heures-de-sport-supplementaires-au-college-le-dispositif-divise-9465139\" target=\"_blank\" rel=\"noopener\">\u00c9couter<\/a><\/p>\t\t\t\t\t\t\t\t<\/div>\n\t\t\t\t<\/div>\n\t\t\t\t<\/div>\n\t\t\t\t\t<\/div>\n\t\t\t\t<\/div>\n\t\t<div class=\"elementor-element elementor-element-ae5e97f e-flex e-con-boxed e-con e-parent\" data-id=\"ae5e97f\" data-element_type=\"container\" data-e-type=\"container\">\n\t\t\t\t\t<div class=\"e-con-inner\">\n\t\t<div class=\"elementor-element elementor-element-fe26a38 e-con-full e-flex e-con e-child\" data-id=\"fe26a38\" data-element_type=\"container\" data-e-type=\"container\">\n\t\t\t\t<div class=\"elementor-element elementor-element-4fc6f4d elementor-widget elementor-widget-image\" data-id=\"4fc6f4d\" data-element_type=\"widget\" data-e-type=\"widget\" data-widget_type=\"image.default\">\n\t\t\t\t<div class=\"elementor-widget-container\">\n\t\t\t\t\t\t\t\t\t\t\t\t\t\t\t<img loading=\"lazy\" decoding=\"async\" width=\"710\" height=\"210\" src=\"https:\/\/snepfsu.fr\/eps2024\/wp-content\/uploads\/2023\/10\/la-gazette-des-communes.png\" class=\"attachment-large size-large wp-image-185\" alt=\"\" srcset=\"https:\/\/snepfsu.fr\/eps2024\/wp-content\/uploads\/2023\/10\/la-gazette-des-communes.png 710w, https:\/\/snepfsu.fr\/eps2024\/wp-content\/uploads\/2023\/10\/la-gazette-des-communes-300x89.png 300w\" sizes=\"(max-width: 710px) 100vw, 710px\" \/>\t\t\t\t\t\t\t\t\t\t\t\t\t\t\t<\/div>\n\t\t\t\t<\/div>\n\t\t\t\t<\/div>\n\t\t<div class=\"elementor-element elementor-element-8adb1ae e-con-full e-flex e-con e-child\" data-id=\"8adb1ae\" data-element_type=\"container\" data-e-type=\"container\">\n\t\t\t\t<div class=\"elementor-element elementor-element-a926034 elementor-widget elementor-widget-text-editor\" data-id=\"a926034\" data-element_type=\"widget\" data-e-type=\"widget\" data-widget_type=\"text-editor.default\">\n\t\t\t\t<div class=\"elementor-widget-container\">\n\t\t\t\t\t\t\t\t\t<h2>Sport \u00e0 l\u2019\u00e9cole : Emmanuel Macron veut acc\u00e9l\u00e9rer<\/h2><p>\u00ab\u00a0Trente minutes de plus chaque jour en primaire, deux heures de plus chaque semaine au coll\u00e8ge\u2026 En cette rentr\u00e9e des classes, sur fond de dynamique olympique, Emmanuel Macron rappelle sa volont\u00e9 d\u2019augmenter le temps de sport \u00e0 l\u2019\u00e9cole (&#8230;)\u00a0\u00bb<\/p><p><a href=\"https:\/\/www.lagazettedescommunes.com\/883838\/sport-a-lecole-emmanuel-macron-veut-accelerer\/\" target=\"_blank\" rel=\"noopener\">Lire<\/a><\/p>\t\t\t\t\t\t\t\t<\/div>\n\t\t\t\t<\/div>\n\t\t\t\t<\/div>\n\t\t\t\t\t<\/div>\n\t\t\t\t<\/div>\n\t\t<div class=\"elementor-element elementor-element-4f218c3 e-flex e-con-boxed e-con e-parent\" data-id=\"4f218c3\" data-element_type=\"container\" data-e-type=\"container\">\n\t\t\t\t\t<div class=\"e-con-inner\">\n\t\t<div class=\"elementor-element elementor-element-af3fa31 e-con-full e-flex e-con e-child\" data-id=\"af3fa31\" data-element_type=\"container\" data-e-type=\"container\">\n\t\t\t\t<div class=\"elementor-element elementor-element-65adbcf elementor-widget elementor-widget-image\" data-id=\"65adbcf\" data-element_type=\"widget\" data-e-type=\"widget\" data-widget_type=\"image.default\">\n\t\t\t\t<div class=\"elementor-widget-container\">\n\t\t\t\t\t\t\t\t\t\t\t\t\t\t\t<img loading=\"lazy\" decoding=\"async\" width=\"1024\" height=\"326\" src=\"https:\/\/snepfsu.fr\/eps2024\/wp-content\/uploads\/2023\/10\/cafe-peda-1024x326.png\" class=\"attachment-large size-large wp-image-171\" alt=\"\" srcset=\"https:\/\/snepfsu.fr\/eps2024\/wp-content\/uploads\/2023\/10\/cafe-peda-1024x326.png 1024w, https:\/\/snepfsu.fr\/eps2024\/wp-content\/uploads\/2023\/10\/cafe-peda-300x95.png 300w, https:\/\/snepfsu.fr\/eps2024\/wp-content\/uploads\/2023\/10\/cafe-peda-768x244.png 768w, https:\/\/snepfsu.fr\/eps2024\/wp-content\/uploads\/2023\/10\/cafe-peda.png 1320w\" sizes=\"(max-width: 1024px) 100vw, 1024px\" \/>\t\t\t\t\t\t\t\t\t\t\t\t\t\t\t<\/div>\n\t\t\t\t<\/div>\n\t\t\t\t<\/div>\n\t\t<div class=\"elementor-element elementor-element-4be8064 e-con-full e-flex e-con e-child\" data-id=\"4be8064\" data-element_type=\"container\" data-e-type=\"container\">\n\t\t\t\t<div class=\"elementor-element elementor-element-5ec7661 elementor-widget elementor-widget-text-editor\" data-id=\"5ec7661\" data-element_type=\"widget\" data-e-type=\"widget\" data-widget_type=\"text-editor.default\">\n\t\t\t\t<div class=\"elementor-widget-container\">\n\t\t\t\t\t\t\t\t\t<h2>Enqu\u00eate SNEP-FSU : \u201c\u00c9tat des lieux de l\u2019EPS\u201d<\/h2><p>\u00ab\u00a0Le SNEP-FSU lance une grande enqu\u00eate \u201c\u00c9tat des lieux de l\u2019EPS\u201d : \u00e9quipements, heures perdues, sport scolaire, contenus (&#8230;)\u00a0\u00bb<\/p><p><a href=\"https:\/\/www.cafepedagogique.net\/2023\/09\/08\/enquete-snep-fsu-etat-des-lieux-de-leps\/\" target=\"_blank\" rel=\"noopener\">Lire<\/a><\/p>\t\t\t\t\t\t\t\t<\/div>\n\t\t\t\t<\/div>\n\t\t\t\t<\/div>\n\t\t\t\t\t<\/div>\n\t\t\t\t<\/div>\n\t\t<div class=\"elementor-element elementor-element-e017f10 e-flex e-con-boxed e-con e-parent\" data-id=\"e017f10\" data-element_type=\"container\" data-e-type=\"container\">\n\t\t\t\t\t<div class=\"e-con-inner\">\n\t\t<div class=\"elementor-element elementor-element-f67ec21 e-con-full e-flex e-con e-child\" data-id=\"f67ec21\" data-element_type=\"container\" data-e-type=\"container\">\n\t\t\t\t<div class=\"elementor-element elementor-element-939a5cf elementor-widget elementor-widget-image\" data-id=\"939a5cf\" data-element_type=\"widget\" data-e-type=\"widget\" data-widget_type=\"image.default\">\n\t\t\t\t<div class=\"elementor-widget-container\">\n\t\t\t\t\t\t\t\t\t\t\t\t\t\t\t<img loading=\"lazy\" decoding=\"async\" width=\"1024\" height=\"326\" src=\"https:\/\/snepfsu.fr\/eps2024\/wp-content\/uploads\/2023\/10\/cafe-peda-1024x326.png\" class=\"attachment-large size-large wp-image-171\" alt=\"\" srcset=\"https:\/\/snepfsu.fr\/eps2024\/wp-content\/uploads\/2023\/10\/cafe-peda-1024x326.png 1024w, https:\/\/snepfsu.fr\/eps2024\/wp-content\/uploads\/2023\/10\/cafe-peda-300x95.png 300w, https:\/\/snepfsu.fr\/eps2024\/wp-content\/uploads\/2023\/10\/cafe-peda-768x244.png 768w, https:\/\/snepfsu.fr\/eps2024\/wp-content\/uploads\/2023\/10\/cafe-peda.png 1320w\" sizes=\"(max-width: 1024px) 100vw, 1024px\" \/>\t\t\t\t\t\t\t\t\t\t\t\t\t\t\t<\/div>\n\t\t\t\t<\/div>\n\t\t\t\t<\/div>\n\t\t<div class=\"elementor-element elementor-element-cc54d7b e-con-full e-flex e-con e-child\" data-id=\"cc54d7b\" data-element_type=\"container\" data-e-type=\"container\">\n\t\t\t\t<div class=\"elementor-element elementor-element-b55e1e2 elementor-widget elementor-widget-text-editor\" data-id=\"b55e1e2\" data-element_type=\"widget\" data-e-type=\"widget\" data-widget_type=\"text-editor.default\">\n\t\t\t\t<div class=\"elementor-widget-container\">\n\t\t\t\t\t\t\t\t\t<h2>Professeur d\u2019EPS : des conditions d\u2019exercice d\u00e9t\u00e9rior\u00e9es<\/h2><p>\u00ab\u00a0Pour le SNEP-FSU, premier syndicat des professeurs d\u2019\u00c9ducation Physique et Sportive, \u00ab la d\u00e9mocratisation du sport passe in\u00e9vitablement par l\u2019\u00c9cole, seul lieu et temps o\u00f9 l\u2019ensemble des jeunes sont confront\u00e9s \u00e0 l\u2019\u00e9tude des pratiques physiques sportives et artistiques \u00bb. \u00ab Si des passerelles sont \u00e0 r\u00e9fl\u00e9chir et approfondir avec le milieu sportif, ce n\u2019est pas en les opposant ou en empi\u00e9tant sur les champs d\u2019intervention des uns et des autres que nous gagnerons le pari d\u2019engager une plus grande part de la jeunesse vers la pratique physique et sportive tout au long de leur vie \u00bb a d\u00e9clar\u00e9 Coralie Benech lors d\u2019une conf\u00e9rence de presse. La secr\u00e9taire g\u00e9n\u00e9rale du syndicat a fait le point sur la place de l\u2019EPS \u00e0 l\u2019\u00e9cole et les conditions d\u2019exercice de ces professeurs un peu \u00e0 part (&#8230;)\u00a0\u00bb<\/p><p><a href=\"https:\/\/www.cafepedagogique.net\/2023\/09\/21\/professeur-deps-des-conditions-dexercice-deteriorees\/\" target=\"_blank\" rel=\"noopener\">Lire<\/a><\/p>\t\t\t\t\t\t\t\t<\/div>\n\t\t\t\t<\/div>\n\t\t\t\t<\/div>\n\t\t\t\t\t<\/div>\n\t\t\t\t<\/div>\n\t\t\t\t<\/div>\n\t\t","protected":false},"excerpt":{"rendered":"<p>Dans les m\u00e9dias Juillet 2024 Pour les acteurs du sport scolaire en Seine-Saint-Denis, la promesse des Jeux olympiques n\u2019est pas tenue \u00ab\u00a0D\u00e9cryptage La Seine-Saint-Denis est le d\u00e9partement le moins bien dot\u00e9 en installations sportives du pays. Si les Jeux olympiques et paralympiques de 2024 promettaient de laisser un h\u00e9ritage \u00e0 la population, \u00e0 un mois [&hellip;]<\/p>\n","protected":false},"author":1,"featured_media":0,"parent":0,"menu_order":0,"comment_status":"closed","ping_status":"closed","template":"","meta":{"ocean_post_layout":"","ocean_both_sidebars_style":"","ocean_both_sidebars_content_width":0,"ocean_both_sidebars_sidebars_width":0,"ocean_sidebar":"","ocean_second_sidebar":"","ocean_disable_margins":"enable","ocean_add_body_class":"","ocean_shortcode_before_top_bar":"","ocean_shortcode_after_top_bar":"","ocean_shortcode_before_header":"","ocean_shortcode_after_header":"","ocean_has_shortcode":"","ocean_shortcode_after_title":"","ocean_shortcode_before_footer_widgets":"","ocean_shortcode_after_footer_widgets":"","ocean_shortcode_before_footer_bottom":"","ocean_shortcode_after_footer_bottom":"","ocean_display_top_bar":"default","ocean_display_header":"default","ocean_header_style":"","ocean_center_header_left_menu":"","ocean_custom_header_template":"","ocean_custom_logo":0,"ocean_custom_retina_logo":0,"ocean_custom_logo_max_width":0,"ocean_custom_logo_tablet_max_width":0,"ocean_custom_logo_mobile_max_width":0,"ocean_custom_logo_max_height":0,"ocean_custom_logo_tablet_max_height":0,"ocean_custom_logo_mobile_max_height":0,"ocean_header_custom_menu":"","ocean_menu_typo_font_family":"","ocean_menu_typo_font_subset":"","ocean_menu_typo_font_size":0,"ocean_menu_typo_font_size_tablet":0,"ocean_menu_typo_font_size_mobile":0,"ocean_menu_typo_font_size_unit":"px","ocean_menu_typo_font_weight":"","ocean_menu_typo_font_weight_tablet":"","ocean_menu_typo_font_weight_mobile":"","ocean_menu_typo_transform":"","ocean_menu_typo_transform_tablet":"","ocean_menu_typo_transform_mobile":"","ocean_menu_typo_line_height":0,"ocean_menu_typo_line_height_tablet":0,"ocean_menu_typo_line_height_mobile":0,"ocean_menu_typo_line_height_unit":"","ocean_menu_typo_spacing":0,"ocean_menu_typo_spacing_tablet":0,"ocean_menu_typo_spacing_mobile":0,"ocean_menu_typo_spacing_unit":"","ocean_menu_link_color":"","ocean_menu_link_color_hover":"","ocean_menu_link_color_active":"","ocean_menu_link_background":"","ocean_menu_link_hover_background":"","ocean_menu_link_active_background":"","ocean_menu_social_links_bg":"","ocean_menu_social_hover_links_bg":"","ocean_menu_social_links_color":"","ocean_menu_social_hover_links_color":"","ocean_disable_title":"default","ocean_disable_heading":"default","ocean_post_title":"","ocean_post_subheading":"","ocean_post_title_style":"","ocean_post_title_background_color":"","ocean_post_title_background":0,"ocean_post_title_bg_image_position":"","ocean_post_title_bg_image_attachment":"","ocean_post_title_bg_image_repeat":"","ocean_post_title_bg_image_size":"","ocean_post_title_height":0,"ocean_post_title_bg_overlay":0.5,"ocean_post_title_bg_overlay_color":"","ocean_disable_breadcrumbs":"default","ocean_breadcrumbs_color":"","ocean_breadcrumbs_separator_color":"","ocean_breadcrumbs_links_color":"","ocean_breadcrumbs_links_hover_color":"","ocean_display_footer_widgets":"default","ocean_display_footer_bottom":"default","ocean_custom_footer_template":"","footnotes":""},"class_list":["post-86","page","type-page","status-publish","hentry","entry"],"yoast_head":"<!-- This site is optimized with the Yoast SEO plugin v27.5 - https:\/\/yoast.com\/product\/yoast-seo-wordpress\/ -->\n<title>Dans les m\u00e9dias - #EPS2024<\/title>\n<meta name=\"robots\" content=\"index, follow, max-snippet:-1, max-image-preview:large, max-video-preview:-1\" \/>\n<link rel=\"canonical\" href=\"https:\/\/snepfsu.fr\/eps2024\/dans-les-medias\/\" \/>\n<meta property=\"og:locale\" content=\"fr_FR\" \/>\n<meta property=\"og:type\" content=\"article\" \/>\n<meta property=\"og:title\" content=\"Dans les m\u00e9dias - #EPS2024\" \/>\n<meta property=\"og:description\" content=\"Dans les m\u00e9dias Juillet 2024 Pour les acteurs du sport scolaire en Seine-Saint-Denis, la promesse des Jeux olympiques n\u2019est pas tenue \u00ab\u00a0D\u00e9cryptage La Seine-Saint-Denis est le d\u00e9partement le moins bien dot\u00e9 en installations sportives du pays. Si les Jeux olympiques et paralympiques de 2024 promettaient de laisser un h\u00e9ritage \u00e0 la population, \u00e0 un mois [&hellip;]\" \/>\n<meta property=\"og:url\" content=\"https:\/\/snepfsu.fr\/eps2024\/dans-les-medias\/\" \/>\n<meta property=\"og:site_name\" content=\"#EPS2024\" \/>\n<meta property=\"article:modified_time\" content=\"2024-07-01T15:52:57+00:00\" \/>\n<meta property=\"og:image\" content=\"http:\/\/snepfsu.fr\/eps2024\/wp-content\/uploads\/2024\/07\/nouvel-obs.png\" \/>\n<meta name=\"twitter:card\" content=\"summary_large_image\" \/>\n<meta name=\"twitter:label1\" content=\"Dur\u00e9e de lecture estim\u00e9e\" \/>\n\t<meta name=\"twitter:data1\" content=\"23 minutes\" \/>\n<script type=\"application\/ld+json\" class=\"yoast-schema-graph\">{\"@context\":\"https:\\\/\\\/schema.org\",\"@graph\":[{\"@type\":\"WebPage\",\"@id\":\"https:\\\/\\\/snepfsu.fr\\\/eps2024\\\/dans-les-medias\\\/\",\"url\":\"https:\\\/\\\/snepfsu.fr\\\/eps2024\\\/dans-les-medias\\\/\",\"name\":\"Dans les m\u00e9dias - #EPS2024\",\"isPartOf\":{\"@id\":\"https:\\\/\\\/snepfsu.fr\\\/eps2024\\\/#website\"},\"primaryImageOfPage\":{\"@id\":\"https:\\\/\\\/snepfsu.fr\\\/eps2024\\\/dans-les-medias\\\/#primaryimage\"},\"image\":{\"@id\":\"https:\\\/\\\/snepfsu.fr\\\/eps2024\\\/dans-les-medias\\\/#primaryimage\"},\"thumbnailUrl\":\"http:\\\/\\\/snepfsu.fr\\\/eps2024\\\/wp-content\\\/uploads\\\/2024\\\/07\\\/nouvel-obs.png\",\"datePublished\":\"2023-10-11T16:20:29+00:00\",\"dateModified\":\"2024-07-01T15:52:57+00:00\",\"breadcrumb\":{\"@id\":\"https:\\\/\\\/snepfsu.fr\\\/eps2024\\\/dans-les-medias\\\/#breadcrumb\"},\"inLanguage\":\"fr-FR\",\"potentialAction\":[{\"@type\":\"ReadAction\",\"target\":[\"https:\\\/\\\/snepfsu.fr\\\/eps2024\\\/dans-les-medias\\\/\"]}]},{\"@type\":\"ImageObject\",\"inLanguage\":\"fr-FR\",\"@id\":\"https:\\\/\\\/snepfsu.fr\\\/eps2024\\\/dans-les-medias\\\/#primaryimage\",\"url\":\"https:\\\/\\\/snepfsu.fr\\\/eps2024\\\/wp-content\\\/uploads\\\/2024\\\/07\\\/nouvel-obs.png\",\"contentUrl\":\"https:\\\/\\\/snepfsu.fr\\\/eps2024\\\/wp-content\\\/uploads\\\/2024\\\/07\\\/nouvel-obs.png\",\"width\":735,\"height\":210},{\"@type\":\"BreadcrumbList\",\"@id\":\"https:\\\/\\\/snepfsu.fr\\\/eps2024\\\/dans-les-medias\\\/#breadcrumb\",\"itemListElement\":[{\"@type\":\"ListItem\",\"position\":1,\"name\":\"Accueil\",\"item\":\"https:\\\/\\\/snepfsu.fr\\\/eps2024\\\/\"},{\"@type\":\"ListItem\",\"position\":2,\"name\":\"Dans les m\u00e9dias\"}]},{\"@type\":\"WebSite\",\"@id\":\"https:\\\/\\\/snepfsu.fr\\\/eps2024\\\/#website\",\"url\":\"https:\\\/\\\/snepfsu.fr\\\/eps2024\\\/\",\"name\":\"#EPS2024\",\"description\":\"\",\"publisher\":{\"@id\":\"https:\\\/\\\/snepfsu.fr\\\/eps2024\\\/#organization\"},\"potentialAction\":[{\"@type\":\"SearchAction\",\"target\":{\"@type\":\"EntryPoint\",\"urlTemplate\":\"https:\\\/\\\/snepfsu.fr\\\/eps2024\\\/?s={search_term_string}\"},\"query-input\":{\"@type\":\"PropertyValueSpecification\",\"valueRequired\":true,\"valueName\":\"search_term_string\"}}],\"inLanguage\":\"fr-FR\"},{\"@type\":\"Organization\",\"@id\":\"https:\\\/\\\/snepfsu.fr\\\/eps2024\\\/#organization\",\"name\":\"#EPS2024\",\"url\":\"https:\\\/\\\/snepfsu.fr\\\/eps2024\\\/\",\"logo\":{\"@type\":\"ImageObject\",\"inLanguage\":\"fr-FR\",\"@id\":\"https:\\\/\\\/snepfsu.fr\\\/eps2024\\\/#\\\/schema\\\/logo\\\/image\\\/\",\"url\":\"https:\\\/\\\/snepfsu.fr\\\/eps2024\\\/wp-content\\\/uploads\\\/2023\\\/10\\\/signature-2023-4000-x-690-px-2560-x-442-px.gif\",\"contentUrl\":\"https:\\\/\\\/snepfsu.fr\\\/eps2024\\\/wp-content\\\/uploads\\\/2023\\\/10\\\/signature-2023-4000-x-690-px-2560-x-442-px.gif\",\"width\":2560,\"height\":442,\"caption\":\"#EPS2024\"},\"image\":{\"@id\":\"https:\\\/\\\/snepfsu.fr\\\/eps2024\\\/#\\\/schema\\\/logo\\\/image\\\/\"}}]}<\/script>\n<!-- \/ Yoast SEO plugin. -->","yoast_head_json":{"title":"Dans les m\u00e9dias - #EPS2024","robots":{"index":"index","follow":"follow","max-snippet":"max-snippet:-1","max-image-preview":"max-image-preview:large","max-video-preview":"max-video-preview:-1"},"canonical":"https:\/\/snepfsu.fr\/eps2024\/dans-les-medias\/","og_locale":"fr_FR","og_type":"article","og_title":"Dans les m\u00e9dias - #EPS2024","og_description":"Dans les m\u00e9dias Juillet 2024 Pour les acteurs du sport scolaire en Seine-Saint-Denis, la promesse des Jeux olympiques n\u2019est pas tenue \u00ab\u00a0D\u00e9cryptage La Seine-Saint-Denis est le d\u00e9partement le moins bien dot\u00e9 en installations sportives du pays. Si les Jeux olympiques et paralympiques de 2024 promettaient de laisser un h\u00e9ritage \u00e0 la population, \u00e0 un mois [&hellip;]","og_url":"https:\/\/snepfsu.fr\/eps2024\/dans-les-medias\/","og_site_name":"#EPS2024","article_modified_time":"2024-07-01T15:52:57+00:00","og_image":[{"url":"http:\/\/snepfsu.fr\/eps2024\/wp-content\/uploads\/2024\/07\/nouvel-obs.png","type":"","width":"","height":""}],"twitter_card":"summary_large_image","twitter_misc":{"Dur\u00e9e de lecture estim\u00e9e":"23 minutes"},"schema":{"@context":"https:\/\/schema.org","@graph":[{"@type":"WebPage","@id":"https:\/\/snepfsu.fr\/eps2024\/dans-les-medias\/","url":"https:\/\/snepfsu.fr\/eps2024\/dans-les-medias\/","name":"Dans les m\u00e9dias - #EPS2024","isPartOf":{"@id":"https:\/\/snepfsu.fr\/eps2024\/#website"},"primaryImageOfPage":{"@id":"https:\/\/snepfsu.fr\/eps2024\/dans-les-medias\/#primaryimage"},"image":{"@id":"https:\/\/snepfsu.fr\/eps2024\/dans-les-medias\/#primaryimage"},"thumbnailUrl":"http:\/\/snepfsu.fr\/eps2024\/wp-content\/uploads\/2024\/07\/nouvel-obs.png","datePublished":"2023-10-11T16:20:29+00:00","dateModified":"2024-07-01T15:52:57+00:00","breadcrumb":{"@id":"https:\/\/snepfsu.fr\/eps2024\/dans-les-medias\/#breadcrumb"},"inLanguage":"fr-FR","potentialAction":[{"@type":"ReadAction","target":["https:\/\/snepfsu.fr\/eps2024\/dans-les-medias\/"]}]},{"@type":"ImageObject","inLanguage":"fr-FR","@id":"https:\/\/snepfsu.fr\/eps2024\/dans-les-medias\/#primaryimage","url":"https:\/\/snepfsu.fr\/eps2024\/wp-content\/uploads\/2024\/07\/nouvel-obs.png","contentUrl":"https:\/\/snepfsu.fr\/eps2024\/wp-content\/uploads\/2024\/07\/nouvel-obs.png","width":735,"height":210},{"@type":"BreadcrumbList","@id":"https:\/\/snepfsu.fr\/eps2024\/dans-les-medias\/#breadcrumb","itemListElement":[{"@type":"ListItem","position":1,"name":"Accueil","item":"https:\/\/snepfsu.fr\/eps2024\/"},{"@type":"ListItem","position":2,"name":"Dans les m\u00e9dias"}]},{"@type":"WebSite","@id":"https:\/\/snepfsu.fr\/eps2024\/#website","url":"https:\/\/snepfsu.fr\/eps2024\/","name":"#EPS2024","description":"","publisher":{"@id":"https:\/\/snepfsu.fr\/eps2024\/#organization"},"potentialAction":[{"@type":"SearchAction","target":{"@type":"EntryPoint","urlTemplate":"https:\/\/snepfsu.fr\/eps2024\/?s={search_term_string}"},"query-input":{"@type":"PropertyValueSpecification","valueRequired":true,"valueName":"search_term_string"}}],"inLanguage":"fr-FR"},{"@type":"Organization","@id":"https:\/\/snepfsu.fr\/eps2024\/#organization","name":"#EPS2024","url":"https:\/\/snepfsu.fr\/eps2024\/","logo":{"@type":"ImageObject","inLanguage":"fr-FR","@id":"https:\/\/snepfsu.fr\/eps2024\/#\/schema\/logo\/image\/","url":"https:\/\/snepfsu.fr\/eps2024\/wp-content\/uploads\/2023\/10\/signature-2023-4000-x-690-px-2560-x-442-px.gif","contentUrl":"https:\/\/snepfsu.fr\/eps2024\/wp-content\/uploads\/2023\/10\/signature-2023-4000-x-690-px-2560-x-442-px.gif","width":2560,"height":442,"caption":"#EPS2024"},"image":{"@id":"https:\/\/snepfsu.fr\/eps2024\/#\/schema\/logo\/image\/"}}]}},"_links":{"self":[{"href":"https:\/\/snepfsu.fr\/eps2024\/wp-json\/wp\/v2\/pages\/86","targetHints":{"allow":["GET"]}}],"collection":[{"href":"https:\/\/snepfsu.fr\/eps2024\/wp-json\/wp\/v2\/pages"}],"about":[{"href":"https:\/\/snepfsu.fr\/eps2024\/wp-json\/wp\/v2\/types\/page"}],"author":[{"embeddable":true,"href":"https:\/\/snepfsu.fr\/eps2024\/wp-json\/wp\/v2\/users\/1"}],"replies":[{"embeddable":true,"href":"https:\/\/snepfsu.fr\/eps2024\/wp-json\/wp\/v2\/comments?post=86"}],"version-history":[{"count":5,"href":"https:\/\/snepfsu.fr\/eps2024\/wp-json\/wp\/v2\/pages\/86\/revisions"}],"predecessor-version":[{"id":1021,"href":"https:\/\/snepfsu.fr\/eps2024\/wp-json\/wp\/v2\/pages\/86\/revisions\/1021"}],"wp:attachment":[{"href":"https:\/\/snepfsu.fr\/eps2024\/wp-json\/wp\/v2\/media?parent=86"}],"curies":[{"name":"wp","href":"https:\/\/api.w.org\/{rel}","templated":true}]}}