{"id":155,"date":"2023-10-12T16:07:29","date_gmt":"2023-10-12T14:07:29","guid":{"rendered":"https:\/\/snepfsu.fr\/eps2024\/?page_id=155"},"modified":"2023-10-16T08:27:11","modified_gmt":"2023-10-16T06:27:11","slug":"les-etudes","status":"publish","type":"page","link":"https:\/\/snepfsu.fr\/eps2024\/les-etudes\/","title":{"rendered":"Les \u00e9tudes"},"content":{"rendered":"\t\t<div data-elementor-type=\"wp-page\" data-elementor-id=\"155\" class=\"elementor elementor-155\" data-elementor-post-type=\"page\">\n\t\t\t\t<div class=\"elementor-element elementor-element-4b37468 e-flex e-con-boxed e-con e-parent\" data-id=\"4b37468\" data-element_type=\"container\" data-e-type=\"container\">\n\t\t\t\t\t<div class=\"e-con-inner\">\n\t\t\t\t<div class=\"elementor-element elementor-element-9ad37dc elementor-widget elementor-widget-heading\" data-id=\"9ad37dc\" data-element_type=\"widget\" data-e-type=\"widget\" data-widget_type=\"heading.default\">\n\t\t\t\t<div class=\"elementor-widget-container\">\n\t\t\t\t\t<h1 class=\"elementor-heading-title elementor-size-xxl\">Les \u00e9tudes<\/h1>\t\t\t\t<\/div>\n\t\t\t\t<\/div>\n\t\t\t\t\t<\/div>\n\t\t\t\t<\/div>\n\t\t<div class=\"elementor-element elementor-element-7f1edef e-flex e-con-boxed e-con e-parent\" data-id=\"7f1edef\" data-element_type=\"container\" data-e-type=\"container\">\n\t\t\t\t\t<div class=\"e-con-inner\">\n\t\t<div class=\"elementor-element elementor-element-f84334d e-con-full e-flex e-con e-child\" data-id=\"f84334d\" data-element_type=\"container\" data-e-type=\"container\">\n\t\t\t\t<div class=\"elementor-element elementor-element-fc75e93 elementor-widget elementor-widget-image\" data-id=\"fc75e93\" data-element_type=\"widget\" data-e-type=\"widget\" data-widget_type=\"image.default\">\n\t\t\t\t<div class=\"elementor-widget-container\">\n\t\t\t\t\t\t\t\t\t\t\t\t\t\t\t<img fetchpriority=\"high\" decoding=\"async\" width=\"720\" height=\"480\" src=\"https:\/\/snepfsu.fr\/eps2024\/wp-content\/uploads\/2023\/10\/etirement.jpg\" class=\"attachment-large size-large wp-image-342\" alt=\"\" srcset=\"https:\/\/snepfsu.fr\/eps2024\/wp-content\/uploads\/2023\/10\/etirement.jpg 720w, https:\/\/snepfsu.fr\/eps2024\/wp-content\/uploads\/2023\/10\/etirement-300x200.jpg 300w\" sizes=\"(max-width: 720px) 100vw, 720px\" \/>\t\t\t\t\t\t\t\t\t\t\t\t\t\t\t<\/div>\n\t\t\t\t<\/div>\n\t\t\t\t<\/div>\n\t\t<div class=\"elementor-element elementor-element-911f117 e-con-full e-flex e-con e-child\" data-id=\"911f117\" data-element_type=\"container\" data-e-type=\"container\">\n\t\t\t\t<div class=\"elementor-element elementor-element-b8e556b elementor-widget elementor-widget-text-editor\" data-id=\"b8e556b\" data-element_type=\"widget\" data-e-type=\"widget\" data-widget_type=\"text-editor.default\">\n\t\t\t\t<div class=\"elementor-widget-container\">\n\t\t\t\t\t\t\t\t\t<h2>Extrait du rapport de la commission sur PLF 2023<\/h2><p>(&#8230;) L\u2019activit\u00e9 physique est un facteur de r\u00e9ussite scolaire des \u00e9l\u00e8ves en ce qu\u2019elle am\u00e9liore leur concentration, leurs capacit\u00e9s cognitives et motrices, ainsi que leur estime d\u2019eux-m\u00eames (&#8230;)<\/p><p><a href=\"https:\/\/lesite.snepfsu.fr\/agir\/campagnes-pour-leps\/les-bienfaits-de-lactivite-physique\/extrait-du-rapport-de-la-commission-sur-plf-2023\/\" target=\"_blank\" rel=\"noopener\">Lire<\/a><\/p>\t\t\t\t\t\t\t\t<\/div>\n\t\t\t\t<\/div>\n\t\t\t\t<\/div>\n\t\t\t\t\t<\/div>\n\t\t\t\t<\/div>\n\t\t<div class=\"elementor-element elementor-element-23c7496 e-flex e-con-boxed e-con e-parent\" data-id=\"23c7496\" data-element_type=\"container\" data-e-type=\"container\">\n\t\t\t\t\t<div class=\"e-con-inner\">\n\t\t<div class=\"elementor-element elementor-element-54481ee e-con-full e-flex e-con e-child\" data-id=\"54481ee\" data-element_type=\"container\" data-e-type=\"container\">\n\t\t\t\t<div class=\"elementor-element elementor-element-e590ab7 elementor-widget elementor-widget-image\" data-id=\"e590ab7\" data-element_type=\"widget\" data-e-type=\"widget\" data-widget_type=\"image.default\">\n\t\t\t\t<div class=\"elementor-widget-container\">\n\t\t\t\t\t\t\t\t\t\t\t\t\t\t\t<img decoding=\"async\" width=\"720\" height=\"480\" src=\"https:\/\/snepfsu.fr\/eps2024\/wp-content\/uploads\/2023\/10\/onu.jpg\" class=\"attachment-large size-large wp-image-328\" alt=\"\" srcset=\"https:\/\/snepfsu.fr\/eps2024\/wp-content\/uploads\/2023\/10\/onu.jpg 720w, https:\/\/snepfsu.fr\/eps2024\/wp-content\/uploads\/2023\/10\/onu-300x200.jpg 300w\" sizes=\"(max-width: 720px) 100vw, 720px\" \/>\t\t\t\t\t\t\t\t\t\t\t\t\t\t\t<\/div>\n\t\t\t\t<\/div>\n\t\t\t\t<\/div>\n\t\t<div class=\"elementor-element elementor-element-257f857 e-con-full e-flex e-con e-child\" data-id=\"257f857\" data-element_type=\"container\" data-e-type=\"container\">\n\t\t\t\t<div class=\"elementor-element elementor-element-813fe3c elementor-widget elementor-widget-text-editor\" data-id=\"813fe3c\" data-element_type=\"widget\" data-e-type=\"widget\" data-widget_type=\"text-editor.default\">\n\t\t\t\t<div class=\"elementor-widget-container\">\n\t\t\t\t\t\t\t\t\t<h2>OMS: rapport sur la situation mondiale de l\u2019activit\u00e9 physique 2022<\/h2><p>L\u2019OMS alerte sur le co\u00fbt de l\u2019inactivit\u00e9 physique<\/p><p><a href=\"https:\/\/lesite.snepfsu.fr\/agir\/campagnes-pour-leps\/les-bienfaits-de-lactivite-physique\/oms-rapport-sur-la-situation-mondiale-de-lactivite-physique-2022\/\" target=\"_blank\" rel=\"noopener\">Lire<\/a><\/p>\t\t\t\t\t\t\t\t<\/div>\n\t\t\t\t<\/div>\n\t\t\t\t<\/div>\n\t\t\t\t\t<\/div>\n\t\t\t\t<\/div>\n\t\t<div class=\"elementor-element elementor-element-ca7c4c6 e-flex e-con-boxed e-con e-parent\" data-id=\"ca7c4c6\" data-element_type=\"container\" data-e-type=\"container\">\n\t\t\t\t\t<div class=\"e-con-inner\">\n\t\t<div class=\"elementor-element elementor-element-b3a141b e-con-full e-flex e-con e-child\" data-id=\"b3a141b\" data-element_type=\"container\" data-e-type=\"container\">\n\t\t\t\t<div class=\"elementor-element elementor-element-17e7c77 elementor-widget elementor-widget-image\" data-id=\"17e7c77\" data-element_type=\"widget\" data-e-type=\"widget\" data-widget_type=\"image.default\">\n\t\t\t\t<div class=\"elementor-widget-container\">\n\t\t\t\t\t\t\t\t\t\t\t\t\t\t\t<img decoding=\"async\" width=\"720\" height=\"480\" src=\"https:\/\/snepfsu.fr\/eps2024\/wp-content\/uploads\/2023\/10\/avis-anses-2022.png\" class=\"attachment-large size-large wp-image-329\" alt=\"\" srcset=\"https:\/\/snepfsu.fr\/eps2024\/wp-content\/uploads\/2023\/10\/avis-anses-2022.png 720w, https:\/\/snepfsu.fr\/eps2024\/wp-content\/uploads\/2023\/10\/avis-anses-2022-300x200.png 300w\" sizes=\"(max-width: 720px) 100vw, 720px\" \/>\t\t\t\t\t\t\t\t\t\t\t\t\t\t\t<\/div>\n\t\t\t\t<\/div>\n\t\t\t\t<\/div>\n\t\t<div class=\"elementor-element elementor-element-39c8048 e-con-full e-flex e-con e-child\" data-id=\"39c8048\" data-element_type=\"container\" data-e-type=\"container\">\n\t\t\t\t<div class=\"elementor-element elementor-element-f003e86 elementor-widget elementor-widget-text-editor\" data-id=\"f003e86\" data-element_type=\"widget\" data-e-type=\"widget\" data-widget_type=\"text-editor.default\">\n\t\t\t\t<div class=\"elementor-widget-container\">\n\t\t\t\t\t\t\t\t\t<h2>Manque d\u2019activit\u00e9 physique et exc\u00e8s de s\u00e9dentarit\u00e9 : une priorit\u00e9 de sant\u00e9 publique<\/h2><p>Promouvoir des modes de vie favorables \u00e0 la pratique d\u2019activit\u00e9s physiques et \u00e0 la lutte contre la s\u00e9dentarit\u00e9 doit constituer une priorit\u00e9 des pouvoirs publics selon l\u2019Anses<\/p><p><a href=\"https:\/\/lesite.snepfsu.fr\/agir\/campagnes-pour-leps\/les-bienfaits-de-lactivite-physique\/manque-dactivite-physique-et-exces-de-sedentarite-une-priorite-de-sante-publique\/\" target=\"_blank\" rel=\"noopener\">Lire<\/a><\/p>\t\t\t\t\t\t\t\t<\/div>\n\t\t\t\t<\/div>\n\t\t\t\t<\/div>\n\t\t\t\t\t<\/div>\n\t\t\t\t<\/div>\n\t\t<div class=\"elementor-element elementor-element-24a1e91 e-flex e-con-boxed e-con e-parent\" data-id=\"24a1e91\" data-element_type=\"container\" data-e-type=\"container\">\n\t\t\t\t\t<div class=\"e-con-inner\">\n\t\t<div class=\"elementor-element elementor-element-bcd1816 e-con-full e-flex e-con e-child\" data-id=\"bcd1816\" data-element_type=\"container\" data-e-type=\"container\">\n\t\t\t\t<div class=\"elementor-element elementor-element-11e7a27 elementor-widget elementor-widget-image\" data-id=\"11e7a27\" data-element_type=\"widget\" data-e-type=\"widget\" data-widget_type=\"image.default\">\n\t\t\t\t<div class=\"elementor-widget-container\">\n\t\t\t\t\t\t\t\t\t\t\t\t\t\t\t<img loading=\"lazy\" decoding=\"async\" width=\"720\" height=\"480\" src=\"https:\/\/snepfsu.fr\/eps2024\/wp-content\/uploads\/2023\/10\/rapport-juanico.jpg\" class=\"attachment-large size-large wp-image-336\" alt=\"\" srcset=\"https:\/\/snepfsu.fr\/eps2024\/wp-content\/uploads\/2023\/10\/rapport-juanico.jpg 720w, https:\/\/snepfsu.fr\/eps2024\/wp-content\/uploads\/2023\/10\/rapport-juanico-300x200.jpg 300w\" sizes=\"(max-width: 720px) 100vw, 720px\" \/>\t\t\t\t\t\t\t\t\t\t\t\t\t\t\t<\/div>\n\t\t\t\t<\/div>\n\t\t\t\t<\/div>\n\t\t<div class=\"elementor-element elementor-element-9e7fed3 e-con-full e-flex e-con e-child\" data-id=\"9e7fed3\" data-element_type=\"container\" data-e-type=\"container\">\n\t\t\t\t<div class=\"elementor-element elementor-element-495ad7b elementor-widget elementor-widget-text-editor\" data-id=\"495ad7b\" data-element_type=\"widget\" data-e-type=\"widget\" data-widget_type=\"text-editor.default\">\n\t\t\t\t<div class=\"elementor-widget-container\">\n\t\t\t\t\t\t\t\t\t<h2>Rapport de la mission d\u2019\u00e9valuation des politiques de pr\u00e9vention en sant\u00e9 publique \u2013 Juanico (PS) \u2013 Tamarelle-Verhaeghe (LREM)<\/h2><p>\u00c9valuation des politiques de pr\u00e9vention en sant\u00e9 publique<\/p><p><a href=\"https:\/\/lesite.snepfsu.fr\/agir\/campagnes-pour-leps\/les-bienfaits-de-lactivite-physique\/rapport-de-la-mission-devaluation-des-politiques-de-prevention-en-sante-publique-juanico-ps-tamarelle-verhaeghe-lrem\/\" target=\"_blank\" rel=\"noopener\">Lire<\/a><\/p>\t\t\t\t\t\t\t\t<\/div>\n\t\t\t\t<\/div>\n\t\t\t\t<\/div>\n\t\t\t\t\t<\/div>\n\t\t\t\t<\/div>\n\t\t<div class=\"elementor-element elementor-element-6f45117 e-flex e-con-boxed e-con e-parent\" data-id=\"6f45117\" data-element_type=\"container\" data-e-type=\"container\">\n\t\t\t\t\t<div class=\"e-con-inner\">\n\t\t<div class=\"elementor-element elementor-element-9b93aa3 e-con-full e-flex e-con e-child\" data-id=\"9b93aa3\" data-element_type=\"container\" data-e-type=\"container\">\n\t\t\t\t<div class=\"elementor-element elementor-element-b779453 elementor-widget elementor-widget-image\" data-id=\"b779453\" data-element_type=\"widget\" data-e-type=\"widget\" data-widget_type=\"image.default\">\n\t\t\t\t<div class=\"elementor-widget-container\">\n\t\t\t\t\t\t\t\t\t\t\t\t\t\t\t<img loading=\"lazy\" decoding=\"async\" width=\"720\" height=\"480\" src=\"https:\/\/snepfsu.fr\/eps2024\/wp-content\/uploads\/2023\/10\/etude-insee.jpg\" class=\"attachment-large size-large wp-image-335\" alt=\"\" srcset=\"https:\/\/snepfsu.fr\/eps2024\/wp-content\/uploads\/2023\/10\/etude-insee.jpg 720w, https:\/\/snepfsu.fr\/eps2024\/wp-content\/uploads\/2023\/10\/etude-insee-300x200.jpg 300w\" sizes=\"(max-width: 720px) 100vw, 720px\" \/>\t\t\t\t\t\t\t\t\t\t\t\t\t\t\t<\/div>\n\t\t\t\t<\/div>\n\t\t\t\t<\/div>\n\t\t<div class=\"elementor-element elementor-element-fb437f9 e-con-full e-flex e-con e-child\" data-id=\"fb437f9\" data-element_type=\"container\" data-e-type=\"container\">\n\t\t\t\t<div class=\"elementor-element elementor-element-9efe4a7 elementor-widget elementor-widget-text-editor\" data-id=\"9efe4a7\" data-element_type=\"widget\" data-e-type=\"widget\" data-widget_type=\"text-editor.default\">\n\t\t\t\t<div class=\"elementor-widget-container\">\n\t\t\t\t\t\t\t\t\t<h2>\u00ab Enfants mineurs, quelle \u00e9galit\u00e9 ? \u00bb<\/h2><p>\u00c9tude sur la pratique physique des jeunes, INSEE<\/p><p><a href=\"https:\/\/lesite.snepfsu.fr\/agir\/campagnes-pour-leps\/les-bienfaits-de-lactivite-physique\/enfants-mineurs-quelle-egalite\/\" target=\"_blank\" rel=\"noopener\">Lire<\/a><\/p>\t\t\t\t\t\t\t\t<\/div>\n\t\t\t\t<\/div>\n\t\t\t\t<\/div>\n\t\t\t\t\t<\/div>\n\t\t\t\t<\/div>\n\t\t<div class=\"elementor-element elementor-element-c64076e e-flex e-con-boxed e-con e-parent\" data-id=\"c64076e\" data-element_type=\"container\" data-e-type=\"container\">\n\t\t\t\t\t<div class=\"e-con-inner\">\n\t\t<div class=\"elementor-element elementor-element-ffdfda0 e-con-full e-flex e-con e-child\" data-id=\"ffdfda0\" data-element_type=\"container\" data-e-type=\"container\">\n\t\t\t\t<div class=\"elementor-element elementor-element-c4a86f4 elementor-widget elementor-widget-image\" data-id=\"c4a86f4\" data-element_type=\"widget\" data-e-type=\"widget\" data-widget_type=\"image.default\">\n\t\t\t\t<div class=\"elementor-widget-container\">\n\t\t\t\t\t\t\t\t\t\t\t\t\t\t\t<img loading=\"lazy\" decoding=\"async\" width=\"720\" height=\"480\" src=\"https:\/\/snepfsu.fr\/eps2024\/wp-content\/uploads\/2023\/10\/anses-sedentarite.png\" class=\"attachment-large size-large wp-image-333\" alt=\"\" srcset=\"https:\/\/snepfsu.fr\/eps2024\/wp-content\/uploads\/2023\/10\/anses-sedentarite.png 720w, https:\/\/snepfsu.fr\/eps2024\/wp-content\/uploads\/2023\/10\/anses-sedentarite-300x200.png 300w\" sizes=\"(max-width: 720px) 100vw, 720px\" \/>\t\t\t\t\t\t\t\t\t\t\t\t\t\t\t<\/div>\n\t\t\t\t<\/div>\n\t\t\t\t<\/div>\n\t\t<div class=\"elementor-element elementor-element-c2fdbd6 e-con-full e-flex e-con e-child\" data-id=\"c2fdbd6\" data-element_type=\"container\" data-e-type=\"container\">\n\t\t\t\t<div class=\"elementor-element elementor-element-e03d913 elementor-widget elementor-widget-text-editor\" data-id=\"e03d913\" data-element_type=\"widget\" data-e-type=\"widget\" data-widget_type=\"text-editor.default\">\n\t\t\t\t<div class=\"elementor-widget-container\">\n\t\t\t\t\t\t\t\t\t<h2>Inactivit\u00e9 physique et s\u00e9dentarit\u00e9 chez les jeunes : l\u2019ANSES alerte les pouvoirs publics<\/h2><p>Pour \u00eatre en bonne sant\u00e9, il est essentiel de pratiquer des activit\u00e9s physiques \u2013 sport, marche, jeux\u2026 \u2013 et de limiter les temps de s\u00e9dentarit\u00e9 devant les \u00e9crans<\/p><p><a href=\"https:\/\/lesite.snepfsu.fr\/agir\/campagnes-pour-leps\/les-bienfaits-de-lactivite-physique\/inactivite-physique-et-sedentarite-chez-les-jeunes-lanses-alerte-les-pouvoirs-publics\/\" target=\"_blank\" rel=\"noopener\">Lire<\/a><\/p><p><a href=\"https:\/\/lesite.snepfsu.fr\/agir\/campagnes-pour-leps\/les-bienfaits-de-lactivite-physique\/interview-direne-margaritis-anses\/\" target=\"_blank\" rel=\"noopener\">Lire interview d\u2019Ir\u00e8ne Margaritis \u2013 ANSES<\/a><\/p>\t\t\t\t\t\t\t\t<\/div>\n\t\t\t\t<\/div>\n\t\t\t\t<\/div>\n\t\t\t\t\t<\/div>\n\t\t\t\t<\/div>\n\t\t<div class=\"elementor-element elementor-element-a67c1c1 e-flex e-con-boxed e-con e-parent\" data-id=\"a67c1c1\" data-element_type=\"container\" data-e-type=\"container\">\n\t\t\t\t\t<div class=\"e-con-inner\">\n\t\t<div class=\"elementor-element elementor-element-047c8e4 e-con-full e-flex e-con e-child\" data-id=\"047c8e4\" data-element_type=\"container\" data-e-type=\"container\">\n\t\t\t\t<div class=\"elementor-element elementor-element-693a629 elementor-widget elementor-widget-image\" data-id=\"693a629\" data-element_type=\"widget\" data-e-type=\"widget\" data-widget_type=\"image.default\">\n\t\t\t\t<div class=\"elementor-widget-container\">\n\t\t\t\t\t\t\t\t\t\t\t\t\t\t\t<img loading=\"lazy\" decoding=\"async\" width=\"720\" height=\"480\" src=\"https:\/\/snepfsu.fr\/eps2024\/wp-content\/uploads\/2023\/10\/avis-anses.jpg\" class=\"attachment-large size-large wp-image-334\" alt=\"\" srcset=\"https:\/\/snepfsu.fr\/eps2024\/wp-content\/uploads\/2023\/10\/avis-anses.jpg 720w, https:\/\/snepfsu.fr\/eps2024\/wp-content\/uploads\/2023\/10\/avis-anses-300x200.jpg 300w\" sizes=\"(max-width: 720px) 100vw, 720px\" \/>\t\t\t\t\t\t\t\t\t\t\t\t\t\t\t<\/div>\n\t\t\t\t<\/div>\n\t\t\t\t<\/div>\n\t\t<div class=\"elementor-element elementor-element-8a250e8 e-con-full e-flex e-con e-child\" data-id=\"8a250e8\" data-element_type=\"container\" data-e-type=\"container\">\n\t\t\t\t<div class=\"elementor-element elementor-element-f3a39dd elementor-widget elementor-widget-text-editor\" data-id=\"f3a39dd\" data-element_type=\"widget\" data-e-type=\"widget\" data-widget_type=\"text-editor.default\">\n\t\t\t\t<div class=\"elementor-widget-container\">\n\t\t\t\t\t\t\t\t\t<h2>Avis de l\u2019ANSES relatif \u00e0 l\u2019\u00e9valuation des risques li\u00e9s aux niveaux d\u2019activit\u00e9 physique et de s\u00e9dentarit\u00e9 des enfants et des adolescents<\/h2><p>\u00c9valuation des risques li\u00e9s aux niveaux d\u2019activit\u00e9 physique et de s\u00e9dentarit\u00e9 de la population des enfants et des adolescents<\/p><p><a href=\"https:\/\/lesite.snepfsu.fr\/agir\/campagnes-pour-leps\/les-bienfaits-de-lactivite-physique\/avis-de-lanses-relatif-a-levaluation-des-risques-lies-aux-niveaux-dactivite-physique-et-de-sedentarite-des-enfants-et-des-adolescents\/\" target=\"_blank\" rel=\"noopener\">Lire<\/a><\/p>\t\t\t\t\t\t\t\t<\/div>\n\t\t\t\t<\/div>\n\t\t\t\t<\/div>\n\t\t\t\t\t<\/div>\n\t\t\t\t<\/div>\n\t\t<div class=\"elementor-element elementor-element-a0155b2 e-flex e-con-boxed e-con e-parent\" data-id=\"a0155b2\" data-element_type=\"container\" data-e-type=\"container\">\n\t\t\t\t\t<div class=\"e-con-inner\">\n\t\t<div class=\"elementor-element elementor-element-7e10d02 e-con-full e-flex e-con e-child\" data-id=\"7e10d02\" data-element_type=\"container\" data-e-type=\"container\">\n\t\t\t\t<div class=\"elementor-element elementor-element-f1ddb84 elementor-widget elementor-widget-image\" data-id=\"f1ddb84\" data-element_type=\"widget\" data-e-type=\"widget\" data-widget_type=\"image.default\">\n\t\t\t\t<div class=\"elementor-widget-container\">\n\t\t\t\t\t\t\t\t\t\t\t\t\t\t\t<img loading=\"lazy\" decoding=\"async\" width=\"720\" height=\"480\" src=\"https:\/\/snepfsu.fr\/eps2024\/wp-content\/uploads\/2023\/10\/situation-alarmante.jpg\" class=\"attachment-large size-large wp-image-337\" alt=\"\" srcset=\"https:\/\/snepfsu.fr\/eps2024\/wp-content\/uploads\/2023\/10\/situation-alarmante.jpg 720w, https:\/\/snepfsu.fr\/eps2024\/wp-content\/uploads\/2023\/10\/situation-alarmante-300x200.jpg 300w\" sizes=\"(max-width: 720px) 100vw, 720px\" \/>\t\t\t\t\t\t\t\t\t\t\t\t\t\t\t<\/div>\n\t\t\t\t<\/div>\n\t\t\t\t<\/div>\n\t\t<div class=\"elementor-element elementor-element-219eac8 e-con-full e-flex e-con e-child\" data-id=\"219eac8\" data-element_type=\"container\" data-e-type=\"container\">\n\t\t\t\t<div class=\"elementor-element elementor-element-8ce97f2 elementor-widget elementor-widget-text-editor\" data-id=\"8ce97f2\" data-element_type=\"widget\" data-e-type=\"widget\" data-widget_type=\"text-editor.default\">\n\t\t\t\t<div class=\"elementor-widget-container\">\n\t\t\t\t\t\t\t\t\t<h2>Une situation alarmante : manque de pratique physique et in\u00e9galit\u00e9s territoriales et sociales !<\/h2><p>Extraits d\u2019\u00e9tudes et de rapports<\/p><p><a href=\"https:\/\/lesite.snepfsu.fr\/agir\/campagnes-pour-leps\/les-bienfaits-de-lactivite-physique\/une-situation-alarmante-manque-de-pratique-physique-et-inegalites-territoriales-et-sociales\/\" target=\"_blank\" rel=\"noopener\">Lire<\/a><\/p>\t\t\t\t\t\t\t\t<\/div>\n\t\t\t\t<\/div>\n\t\t\t\t<\/div>\n\t\t\t\t\t<\/div>\n\t\t\t\t<\/div>\n\t\t<div class=\"elementor-element elementor-element-3872264 e-flex e-con-boxed e-con e-parent\" data-id=\"3872264\" data-element_type=\"container\" data-e-type=\"container\">\n\t\t\t\t\t<div class=\"e-con-inner\">\n\t\t<div class=\"elementor-element elementor-element-6930162 e-con-full e-flex e-con e-child\" data-id=\"6930162\" data-element_type=\"container\" data-e-type=\"container\">\n\t\t\t\t<div class=\"elementor-element elementor-element-5a1c46b elementor-widget elementor-widget-image\" data-id=\"5a1c46b\" data-element_type=\"widget\" data-e-type=\"widget\" data-widget_type=\"image.default\">\n\t\t\t\t<div class=\"elementor-widget-container\">\n\t\t\t\t\t\t\t\t\t\t\t\t\t\t\t<img loading=\"lazy\" decoding=\"async\" width=\"720\" height=\"480\" src=\"https:\/\/snepfsu.fr\/eps2024\/wp-content\/uploads\/2023\/10\/velo-cyclisme.jpg\" class=\"attachment-large size-large wp-image-338\" alt=\"\" srcset=\"https:\/\/snepfsu.fr\/eps2024\/wp-content\/uploads\/2023\/10\/velo-cyclisme.jpg 720w, https:\/\/snepfsu.fr\/eps2024\/wp-content\/uploads\/2023\/10\/velo-cyclisme-300x200.jpg 300w\" sizes=\"(max-width: 720px) 100vw, 720px\" \/>\t\t\t\t\t\t\t\t\t\t\t\t\t\t\t<\/div>\n\t\t\t\t<\/div>\n\t\t\t\t<\/div>\n\t\t<div class=\"elementor-element elementor-element-3e635fd e-con-full e-flex e-con e-child\" data-id=\"3e635fd\" data-element_type=\"container\" data-e-type=\"container\">\n\t\t\t\t<div class=\"elementor-element elementor-element-8bf2731 elementor-widget elementor-widget-text-editor\" data-id=\"8bf2731\" data-element_type=\"widget\" data-e-type=\"widget\" data-widget_type=\"text-editor.default\">\n\t\t\t\t<div class=\"elementor-widget-container\">\n\t\t\t\t\t\t\t\t\t<h2>\u00c9tudes et enqu\u00eates \u2013 Archives<\/h2><p>Extraits d\u2019\u00e9tudes et de rapports : Esteban, UNICEF, FF Cardiologie&#8230;<\/p><p><a href=\"https:\/\/lesite.snepfsu.fr\/agir\/campagnes-pour-leps\/les-bienfaits-de-lactivite-physique\/etudes-et-enquetes-archives\/\" target=\"_blank\" rel=\"noopener\">Lire<\/a><\/p>\t\t\t\t\t\t\t\t<\/div>\n\t\t\t\t<\/div>\n\t\t\t\t<\/div>\n\t\t\t\t\t<\/div>\n\t\t\t\t<\/div>\n\t\t\t\t<\/div>\n\t\t","protected":false},"excerpt":{"rendered":"<p>Les \u00e9tudes Extrait du rapport de la commission sur PLF 2023 (&#8230;) L\u2019activit\u00e9 physique est un facteur de r\u00e9ussite scolaire des \u00e9l\u00e8ves en ce qu\u2019elle am\u00e9liore leur concentration, leurs capacit\u00e9s cognitives et motrices, ainsi que leur estime d\u2019eux-m\u00eames (&#8230;) Lire OMS: rapport sur la situation mondiale de l\u2019activit\u00e9 physique 2022 L\u2019OMS alerte sur le co\u00fbt [&hellip;]<\/p>\n","protected":false},"author":1,"featured_media":0,"parent":0,"menu_order":0,"comment_status":"closed","ping_status":"closed","template":"","meta":{"ocean_post_layout":"","ocean_both_sidebars_style":"","ocean_both_sidebars_content_width":0,"ocean_both_sidebars_sidebars_width":0,"ocean_sidebar":"","ocean_second_sidebar":"","ocean_disable_margins":"enable","ocean_add_body_class":"","ocean_shortcode_before_top_bar":"","ocean_shortcode_after_top_bar":"","ocean_shortcode_before_header":"","ocean_shortcode_after_header":"","ocean_has_shortcode":"","ocean_shortcode_after_title":"","ocean_shortcode_before_footer_widgets":"","ocean_shortcode_after_footer_widgets":"","ocean_shortcode_before_footer_bottom":"","ocean_shortcode_after_footer_bottom":"","ocean_display_top_bar":"default","ocean_display_header":"default","ocean_header_style":"","ocean_center_header_left_menu":"","ocean_custom_header_template":"","ocean_custom_logo":0,"ocean_custom_retina_logo":0,"ocean_custom_logo_max_width":0,"ocean_custom_logo_tablet_max_width":0,"ocean_custom_logo_mobile_max_width":0,"ocean_custom_logo_max_height":0,"ocean_custom_logo_tablet_max_height":0,"ocean_custom_logo_mobile_max_height":0,"ocean_header_custom_menu":"","ocean_menu_typo_font_family":"","ocean_menu_typo_font_subset":"","ocean_menu_typo_font_size":0,"ocean_menu_typo_font_size_tablet":0,"ocean_menu_typo_font_size_mobile":0,"ocean_menu_typo_font_size_unit":"px","ocean_menu_typo_font_weight":"","ocean_menu_typo_font_weight_tablet":"","ocean_menu_typo_font_weight_mobile":"","ocean_menu_typo_transform":"","ocean_menu_typo_transform_tablet":"","ocean_menu_typo_transform_mobile":"","ocean_menu_typo_line_height":0,"ocean_menu_typo_line_height_tablet":0,"ocean_menu_typo_line_height_mobile":0,"ocean_menu_typo_line_height_unit":"","ocean_menu_typo_spacing":0,"ocean_menu_typo_spacing_tablet":0,"ocean_menu_typo_spacing_mobile":0,"ocean_menu_typo_spacing_unit":"","ocean_menu_link_color":"","ocean_menu_link_color_hover":"","ocean_menu_link_color_active":"","ocean_menu_link_background":"","ocean_menu_link_hover_background":"","ocean_menu_link_active_background":"","ocean_menu_social_links_bg":"","ocean_menu_social_hover_links_bg":"","ocean_menu_social_links_color":"","ocean_menu_social_hover_links_color":"","ocean_disable_title":"default","ocean_disable_heading":"default","ocean_post_title":"","ocean_post_subheading":"","ocean_post_title_style":"","ocean_post_title_background_color":"","ocean_post_title_background":0,"ocean_post_title_bg_image_position":"","ocean_post_title_bg_image_attachment":"","ocean_post_title_bg_image_repeat":"","ocean_post_title_bg_image_size":"","ocean_post_title_height":0,"ocean_post_title_bg_overlay":0.5,"ocean_post_title_bg_overlay_color":"","ocean_disable_breadcrumbs":"default","ocean_breadcrumbs_color":"","ocean_breadcrumbs_separator_color":"","ocean_breadcrumbs_links_color":"","ocean_breadcrumbs_links_hover_color":"","ocean_display_footer_widgets":"default","ocean_display_footer_bottom":"default","ocean_custom_footer_template":"","footnotes":""},"class_list":["post-155","page","type-page","status-publish","hentry","entry"],"yoast_head":"<!-- This site is optimized with the Yoast SEO plugin v27.5 - https:\/\/yoast.com\/product\/yoast-seo-wordpress\/ -->\n<title>Les \u00e9tudes - #EPS2024<\/title>\n<meta name=\"robots\" content=\"index, follow, max-snippet:-1, max-image-preview:large, max-video-preview:-1\" \/>\n<link rel=\"canonical\" href=\"https:\/\/snepfsu.fr\/eps2024\/les-etudes\/\" \/>\n<meta property=\"og:locale\" content=\"fr_FR\" \/>\n<meta property=\"og:type\" content=\"article\" \/>\n<meta property=\"og:title\" content=\"Les \u00e9tudes - #EPS2024\" \/>\n<meta property=\"og:description\" content=\"Les \u00e9tudes Extrait du rapport de la commission sur PLF 2023 (&#8230;) L\u2019activit\u00e9 physique est un facteur de r\u00e9ussite scolaire des \u00e9l\u00e8ves en ce qu\u2019elle am\u00e9liore leur concentration, leurs capacit\u00e9s cognitives et motrices, ainsi que leur estime d\u2019eux-m\u00eames (&#8230;) Lire OMS: rapport sur la situation mondiale de l\u2019activit\u00e9 physique 2022 L\u2019OMS alerte sur le co\u00fbt [&hellip;]\" \/>\n<meta property=\"og:url\" content=\"https:\/\/snepfsu.fr\/eps2024\/les-etudes\/\" \/>\n<meta property=\"og:site_name\" content=\"#EPS2024\" \/>\n<meta property=\"article:modified_time\" content=\"2023-10-16T06:27:11+00:00\" \/>\n<meta property=\"og:image\" content=\"http:\/\/snepfsu.fr\/eps2024\/wp-content\/uploads\/2023\/10\/etirement.jpg\" \/>\n<meta name=\"twitter:card\" content=\"summary_large_image\" \/>\n<meta name=\"twitter:label1\" content=\"Dur\u00e9e de lecture estim\u00e9e\" \/>\n\t<meta name=\"twitter:data1\" content=\"1 minute\" \/>\n<script type=\"application\/ld+json\" class=\"yoast-schema-graph\">{\"@context\":\"https:\\\/\\\/schema.org\",\"@graph\":[{\"@type\":\"WebPage\",\"@id\":\"https:\\\/\\\/snepfsu.fr\\\/eps2024\\\/les-etudes\\\/\",\"url\":\"https:\\\/\\\/snepfsu.fr\\\/eps2024\\\/les-etudes\\\/\",\"name\":\"Les \u00e9tudes - #EPS2024\",\"isPartOf\":{\"@id\":\"https:\\\/\\\/snepfsu.fr\\\/eps2024\\\/#website\"},\"primaryImageOfPage\":{\"@id\":\"https:\\\/\\\/snepfsu.fr\\\/eps2024\\\/les-etudes\\\/#primaryimage\"},\"image\":{\"@id\":\"https:\\\/\\\/snepfsu.fr\\\/eps2024\\\/les-etudes\\\/#primaryimage\"},\"thumbnailUrl\":\"http:\\\/\\\/snepfsu.fr\\\/eps2024\\\/wp-content\\\/uploads\\\/2023\\\/10\\\/etirement.jpg\",\"datePublished\":\"2023-10-12T14:07:29+00:00\",\"dateModified\":\"2023-10-16T06:27:11+00:00\",\"breadcrumb\":{\"@id\":\"https:\\\/\\\/snepfsu.fr\\\/eps2024\\\/les-etudes\\\/#breadcrumb\"},\"inLanguage\":\"fr-FR\",\"potentialAction\":[{\"@type\":\"ReadAction\",\"target\":[\"https:\\\/\\\/snepfsu.fr\\\/eps2024\\\/les-etudes\\\/\"]}]},{\"@type\":\"ImageObject\",\"inLanguage\":\"fr-FR\",\"@id\":\"https:\\\/\\\/snepfsu.fr\\\/eps2024\\\/les-etudes\\\/#primaryimage\",\"url\":\"https:\\\/\\\/snepfsu.fr\\\/eps2024\\\/wp-content\\\/uploads\\\/2023\\\/10\\\/etirement.jpg\",\"contentUrl\":\"https:\\\/\\\/snepfsu.fr\\\/eps2024\\\/wp-content\\\/uploads\\\/2023\\\/10\\\/etirement.jpg\",\"width\":720,\"height\":480},{\"@type\":\"BreadcrumbList\",\"@id\":\"https:\\\/\\\/snepfsu.fr\\\/eps2024\\\/les-etudes\\\/#breadcrumb\",\"itemListElement\":[{\"@type\":\"ListItem\",\"position\":1,\"name\":\"Accueil\",\"item\":\"https:\\\/\\\/snepfsu.fr\\\/eps2024\\\/\"},{\"@type\":\"ListItem\",\"position\":2,\"name\":\"Les \u00e9tudes\"}]},{\"@type\":\"WebSite\",\"@id\":\"https:\\\/\\\/snepfsu.fr\\\/eps2024\\\/#website\",\"url\":\"https:\\\/\\\/snepfsu.fr\\\/eps2024\\\/\",\"name\":\"#EPS2024\",\"description\":\"\",\"publisher\":{\"@id\":\"https:\\\/\\\/snepfsu.fr\\\/eps2024\\\/#organization\"},\"potentialAction\":[{\"@type\":\"SearchAction\",\"target\":{\"@type\":\"EntryPoint\",\"urlTemplate\":\"https:\\\/\\\/snepfsu.fr\\\/eps2024\\\/?s={search_term_string}\"},\"query-input\":{\"@type\":\"PropertyValueSpecification\",\"valueRequired\":true,\"valueName\":\"search_term_string\"}}],\"inLanguage\":\"fr-FR\"},{\"@type\":\"Organization\",\"@id\":\"https:\\\/\\\/snepfsu.fr\\\/eps2024\\\/#organization\",\"name\":\"#EPS2024\",\"url\":\"https:\\\/\\\/snepfsu.fr\\\/eps2024\\\/\",\"logo\":{\"@type\":\"ImageObject\",\"inLanguage\":\"fr-FR\",\"@id\":\"https:\\\/\\\/snepfsu.fr\\\/eps2024\\\/#\\\/schema\\\/logo\\\/image\\\/\",\"url\":\"https:\\\/\\\/snepfsu.fr\\\/eps2024\\\/wp-content\\\/uploads\\\/2023\\\/10\\\/signature-2023-4000-x-690-px-2560-x-442-px.gif\",\"contentUrl\":\"https:\\\/\\\/snepfsu.fr\\\/eps2024\\\/wp-content\\\/uploads\\\/2023\\\/10\\\/signature-2023-4000-x-690-px-2560-x-442-px.gif\",\"width\":2560,\"height\":442,\"caption\":\"#EPS2024\"},\"image\":{\"@id\":\"https:\\\/\\\/snepfsu.fr\\\/eps2024\\\/#\\\/schema\\\/logo\\\/image\\\/\"}}]}<\/script>\n<!-- \/ Yoast SEO plugin. -->","yoast_head_json":{"title":"Les \u00e9tudes - #EPS2024","robots":{"index":"index","follow":"follow","max-snippet":"max-snippet:-1","max-image-preview":"max-image-preview:large","max-video-preview":"max-video-preview:-1"},"canonical":"https:\/\/snepfsu.fr\/eps2024\/les-etudes\/","og_locale":"fr_FR","og_type":"article","og_title":"Les \u00e9tudes - #EPS2024","og_description":"Les \u00e9tudes Extrait du rapport de la commission sur PLF 2023 (&#8230;) L\u2019activit\u00e9 physique est un facteur de r\u00e9ussite scolaire des \u00e9l\u00e8ves en ce qu\u2019elle am\u00e9liore leur concentration, leurs capacit\u00e9s cognitives et motrices, ainsi que leur estime d\u2019eux-m\u00eames (&#8230;) Lire OMS: rapport sur la situation mondiale de l\u2019activit\u00e9 physique 2022 L\u2019OMS alerte sur le co\u00fbt [&hellip;]","og_url":"https:\/\/snepfsu.fr\/eps2024\/les-etudes\/","og_site_name":"#EPS2024","article_modified_time":"2023-10-16T06:27:11+00:00","og_image":[{"url":"http:\/\/snepfsu.fr\/eps2024\/wp-content\/uploads\/2023\/10\/etirement.jpg","type":"","width":"","height":""}],"twitter_card":"summary_large_image","twitter_misc":{"Dur\u00e9e de lecture estim\u00e9e":"1 minute"},"schema":{"@context":"https:\/\/schema.org","@graph":[{"@type":"WebPage","@id":"https:\/\/snepfsu.fr\/eps2024\/les-etudes\/","url":"https:\/\/snepfsu.fr\/eps2024\/les-etudes\/","name":"Les \u00e9tudes - #EPS2024","isPartOf":{"@id":"https:\/\/snepfsu.fr\/eps2024\/#website"},"primaryImageOfPage":{"@id":"https:\/\/snepfsu.fr\/eps2024\/les-etudes\/#primaryimage"},"image":{"@id":"https:\/\/snepfsu.fr\/eps2024\/les-etudes\/#primaryimage"},"thumbnailUrl":"http:\/\/snepfsu.fr\/eps2024\/wp-content\/uploads\/2023\/10\/etirement.jpg","datePublished":"2023-10-12T14:07:29+00:00","dateModified":"2023-10-16T06:27:11+00:00","breadcrumb":{"@id":"https:\/\/snepfsu.fr\/eps2024\/les-etudes\/#breadcrumb"},"inLanguage":"fr-FR","potentialAction":[{"@type":"ReadAction","target":["https:\/\/snepfsu.fr\/eps2024\/les-etudes\/"]}]},{"@type":"ImageObject","inLanguage":"fr-FR","@id":"https:\/\/snepfsu.fr\/eps2024\/les-etudes\/#primaryimage","url":"https:\/\/snepfsu.fr\/eps2024\/wp-content\/uploads\/2023\/10\/etirement.jpg","contentUrl":"https:\/\/snepfsu.fr\/eps2024\/wp-content\/uploads\/2023\/10\/etirement.jpg","width":720,"height":480},{"@type":"BreadcrumbList","@id":"https:\/\/snepfsu.fr\/eps2024\/les-etudes\/#breadcrumb","itemListElement":[{"@type":"ListItem","position":1,"name":"Accueil","item":"https:\/\/snepfsu.fr\/eps2024\/"},{"@type":"ListItem","position":2,"name":"Les \u00e9tudes"}]},{"@type":"WebSite","@id":"https:\/\/snepfsu.fr\/eps2024\/#website","url":"https:\/\/snepfsu.fr\/eps2024\/","name":"#EPS2024","description":"","publisher":{"@id":"https:\/\/snepfsu.fr\/eps2024\/#organization"},"potentialAction":[{"@type":"SearchAction","target":{"@type":"EntryPoint","urlTemplate":"https:\/\/snepfsu.fr\/eps2024\/?s={search_term_string}"},"query-input":{"@type":"PropertyValueSpecification","valueRequired":true,"valueName":"search_term_string"}}],"inLanguage":"fr-FR"},{"@type":"Organization","@id":"https:\/\/snepfsu.fr\/eps2024\/#organization","name":"#EPS2024","url":"https:\/\/snepfsu.fr\/eps2024\/","logo":{"@type":"ImageObject","inLanguage":"fr-FR","@id":"https:\/\/snepfsu.fr\/eps2024\/#\/schema\/logo\/image\/","url":"https:\/\/snepfsu.fr\/eps2024\/wp-content\/uploads\/2023\/10\/signature-2023-4000-x-690-px-2560-x-442-px.gif","contentUrl":"https:\/\/snepfsu.fr\/eps2024\/wp-content\/uploads\/2023\/10\/signature-2023-4000-x-690-px-2560-x-442-px.gif","width":2560,"height":442,"caption":"#EPS2024"},"image":{"@id":"https:\/\/snepfsu.fr\/eps2024\/#\/schema\/logo\/image\/"}}]}},"_links":{"self":[{"href":"https:\/\/snepfsu.fr\/eps2024\/wp-json\/wp\/v2\/pages\/155","targetHints":{"allow":["GET"]}}],"collection":[{"href":"https:\/\/snepfsu.fr\/eps2024\/wp-json\/wp\/v2\/pages"}],"about":[{"href":"https:\/\/snepfsu.fr\/eps2024\/wp-json\/wp\/v2\/types\/page"}],"author":[{"embeddable":true,"href":"https:\/\/snepfsu.fr\/eps2024\/wp-json\/wp\/v2\/users\/1"}],"replies":[{"embeddable":true,"href":"https:\/\/snepfsu.fr\/eps2024\/wp-json\/wp\/v2\/comments?post=155"}],"version-history":[{"count":5,"href":"https:\/\/snepfsu.fr\/eps2024\/wp-json\/wp\/v2\/pages\/155\/revisions"}],"predecessor-version":[{"id":345,"href":"https:\/\/snepfsu.fr\/eps2024\/wp-json\/wp\/v2\/pages\/155\/revisions\/345"}],"wp:attachment":[{"href":"https:\/\/snepfsu.fr\/eps2024\/wp-json\/wp\/v2\/media?parent=155"}],"curies":[{"name":"wp","href":"https:\/\/api.w.org\/{rel}","templated":true}]}}