{"id":153,"date":"2023-10-12T16:07:00","date_gmt":"2023-10-12T14:07:00","guid":{"rendered":"https:\/\/snepfsu.fr\/eps2024\/?page_id=153"},"modified":"2024-03-22T08:59:04","modified_gmt":"2024-03-22T07:59:04","slug":"lactu-de-la-campagne","status":"publish","type":"page","link":"https:\/\/snepfsu.fr\/eps2024\/lactu-de-la-campagne\/","title":{"rendered":"L&rsquo;Actu de la campagne"},"content":{"rendered":"\t\t<div data-elementor-type=\"wp-page\" data-elementor-id=\"153\" class=\"elementor elementor-153\" data-elementor-post-type=\"page\">\n\t\t\t\t<div class=\"elementor-element elementor-element-6f22473 e-flex e-con-boxed e-con e-parent\" data-id=\"6f22473\" data-element_type=\"container\" data-e-type=\"container\">\n\t\t\t\t\t<div class=\"e-con-inner\">\n\t\t<div class=\"elementor-element elementor-element-962d30c e-flex e-con-boxed e-con e-child\" data-id=\"962d30c\" data-element_type=\"container\" data-e-type=\"container\">\n\t\t\t\t\t<div class=\"e-con-inner\">\n\t\t\t\t<div class=\"elementor-element elementor-element-1e6e24e elementor-widget elementor-widget-heading\" data-id=\"1e6e24e\" data-element_type=\"widget\" data-e-type=\"widget\" data-widget_type=\"heading.default\">\n\t\t\t\t<div class=\"elementor-widget-container\">\n\t\t\t\t\t<h1 class=\"elementor-heading-title elementor-size-xxl\">L'Actu de la campagne<\/h1>\t\t\t\t<\/div>\n\t\t\t\t<\/div>\n\t\t\t\t\t<\/div>\n\t\t\t\t<\/div>\n\t\t\t\t<div class=\"elementor-element elementor-element-b43ab07 elementor-widget elementor-widget-timeline-widget-addon\" data-id=\"b43ab07\" data-element_type=\"widget\" data-e-type=\"widget\" data-widget_type=\"timeline-widget-addon.default\">\n\t\t\t\t<div class=\"elementor-widget-container\">\n\t\t\t\t\t<!-- ========= Timeline Widget Addon For Elementor 1.6.24 ========= -->\n<div id=\"twae-wrapper-b43ab07\" class=\"twae-vertical twae-wrapper  twae-both-sided\">   \n    <div class=\"twae-start\"><\/div>    \n    <div id=\"twea-timeline-b43ab07\" class=\"twae-timeline\" ><!-- Start of Story Repeater Content --><div id=\"story-db6f6fa\" class=\"twae-story twae-repeater-item twae-story-right twae-story-no-icon\"><!-- Story Label --><div class=\"twae-labels\"><div class=\"twae-label-big\">15 mars 2024<\/div><\/div><!-- Story Icon --><div class=\"twae-icon\"><i aria-hidden=\"true\" class=\"far fa-clock\"><\/i><\/div><!-- Story Arrow --><div class=\"twae-arrow\"><\/div><!-- Start of Story Content --><div class=\"twae-content\"><!-- Story Title --><div class=\"twae-title\">Journ\u00e9e d\u2019action nationale des professeur\u00b7es d\u2019EPS<\/div><!-- Story Image --><div class=\"twae-media large\"><img fetchpriority=\"high\" decoding=\"async\" width=\"720\" height=\"480\" src=\"https:\/\/snepfsu.fr\/eps2024\/wp-content\/uploads\/2024\/03\/15-mars-1.jpg\" class=\"attachment-large size-large\" alt=\"\" srcset=\"https:\/\/snepfsu.fr\/eps2024\/wp-content\/uploads\/2024\/03\/15-mars-1.jpg 720w, https:\/\/snepfsu.fr\/eps2024\/wp-content\/uploads\/2024\/03\/15-mars-1-300x200.jpg 300w\" sizes=\"(max-width: 720px) 100vw, 720px\" \/><\/div><!-- Story Description --><div class=\"twae-description\"><p>Pour un v\u00e9ritable h\u00e9ritage des JOP 2024 tout commence \u00e0 l\u2019\u00e9cole.<\/p><p>Plus de 1000 coll\u00e8gues d\u2019EPS venus de toute la France pour revendiquer plus et mieux d\u2019EPS<\/p><p><a href=\"https:\/\/lesite.snepfsu.fr\/actualites\/communiques\/mobilisation-du-15-mars-snep-fsu-place-de-la-republique\/\" target=\"_blank\" rel=\"noopener\">Voir...<\/a><\/p><\/div><\/div><\/div><!-- Start of Story Repeater Content --><div id=\"story-d033de6\" class=\"twae-story twae-repeater-item twae-story-left twae-story-no-icon\"><!-- Story Label --><div class=\"twae-labels\"><div class=\"twae-label-big\">12 janvier 2024<\/div><\/div><!-- Story Icon --><div class=\"twae-icon\"><i aria-hidden=\"true\" class=\"far fa-clock\"><\/i><\/div><!-- Story Arrow --><div class=\"twae-arrow\"><\/div><!-- Start of Story Content --><div class=\"twae-content\"><!-- Story Title --><div class=\"twae-title\">Lancement de la Web S\u00e9rie \"Les Flammes de l'EPS\"<\/div><!-- Story Image --><div class=\"twae-media large\"><img decoding=\"async\" width=\"720\" height=\"480\" src=\"https:\/\/snepfsu.fr\/eps2024\/wp-content\/uploads\/2024\/01\/flamme-ravivons.jpg\" class=\"attachment-large size-large\" alt=\"\" srcset=\"https:\/\/snepfsu.fr\/eps2024\/wp-content\/uploads\/2024\/01\/flamme-ravivons.jpg 720w, https:\/\/snepfsu.fr\/eps2024\/wp-content\/uploads\/2024\/01\/flamme-ravivons-300x200.jpg 300w\" sizes=\"(max-width: 720px) 100vw, 720px\" \/><\/div><!-- Story Description --><div class=\"twae-description\"><p style=\"text-align: left\"><span class=\"yt-core-attributed-string yt-core-attributed-string--white-space-pre-wrap\">Jusqu'au 15 mars 2024, journ\u00e9e de gr\u00e8ve des professeur\u00b7es d'EPS pour revendiquer un r\u00e9el h\u00e9ritage JOP pour toute la jeunesse (augmentation des horaires, construction d'installations sportives...), le SNEP FSU se mobilise et ravive la flamme de l'EPS sur tout le territoire.<\/span><\/p>\n<a href=\"https:\/\/snepfsu.fr\/eps2024\/les-flammes-de-leps-la-web-serie\/\" target=\"_blank\" rel=\"noopener\">Voir...<\/a><\/div><\/div><\/div><!-- Start of Story Repeater Content --><div id=\"story-23e0e0c\" class=\"twae-story twae-repeater-item twae-story-right twae-story-no-icon\"><!-- Story Label --><div class=\"twae-labels\"><div class=\"twae-label-big\">8 d\u00e9cembre 2023<\/div><div class=\"twae-label-small\">\u00e0 Paris<\/div><\/div><!-- Story Icon --><div class=\"twae-icon\"><i aria-hidden=\"true\" class=\"far fa-clock\"><\/i><\/div><!-- Story Arrow --><div class=\"twae-arrow\"><\/div><!-- Start of Story Content --><div class=\"twae-content\"><!-- Story Title --><div class=\"twae-title\">\u00c9tats G\u00e9n\u00e9raux de l\u2019EPS<\/div><!-- Story Image --><div class=\"twae-media large\"><img decoding=\"async\" width=\"720\" height=\"480\" src=\"https:\/\/snepfsu.fr\/eps2024\/wp-content\/uploads\/2023\/11\/visuel-officiel-Etats-generaux-logo-photo.png\" class=\"attachment-large size-large\" alt=\"\" srcset=\"https:\/\/snepfsu.fr\/eps2024\/wp-content\/uploads\/2023\/11\/visuel-officiel-Etats-generaux-logo-photo.png 720w, https:\/\/snepfsu.fr\/eps2024\/wp-content\/uploads\/2023\/11\/visuel-officiel-Etats-generaux-logo-photo-300x200.png 300w\" sizes=\"(max-width: 720px) 100vw, 720px\" \/><\/div><!-- Story Description --><div class=\"twae-description\"><p style=\"text-align: left\">F\u00e9d\u00e9rations sportives, associations de parents d\u2019\u00e9l\u00e8ves, d\u2019\u00e9tudiant\u00b7es, formateur\u00b7rices des universit\u00e9s, professeur\u00b7es d\u2019EPS et syndicats, se donnent rendez-vous le 8 d\u00e9cembre \u00e0 Bagnolet pour organiser les \u00c9tats G\u00e9n\u00e9raux de l\u2019\u00c9ducation Physique et Sportive.<\/p><p style=\"text-align: left\"><a href=\"https:\/\/lesite.snepfsu.fr\/le-snep-fsu\/les-evenements\/etats-generaux-de-leps\/\" target=\"_blank\" rel=\"noopener\">Lire...<\/a><\/p><\/div><\/div><\/div><!-- Start of Story Repeater Content --><div id=\"story-6dda05f\" class=\"twae-story twae-repeater-item twae-story-left twae-story-no-icon\"><!-- Story Label --><div class=\"twae-labels\"><div class=\"twae-label-big\">20 novembre 2023<\/div><\/div><!-- Story Icon --><div class=\"twae-icon\"><i aria-hidden=\"true\" class=\"far fa-clock\"><\/i><\/div><!-- Story Arrow --><div class=\"twae-arrow\"><\/div><!-- Start of Story Content --><div class=\"twae-content\"><!-- Story Title --><div class=\"twae-title\">Semaine de l'EPS<\/div><!-- Story Image --><div class=\"twae-media large\"><img loading=\"lazy\" decoding=\"async\" width=\"720\" height=\"480\" src=\"https:\/\/snepfsu.fr\/eps2024\/wp-content\/uploads\/2023\/11\/campagne-eps-4h.jpg\" class=\"attachment-large size-large\" alt=\"\" srcset=\"https:\/\/snepfsu.fr\/eps2024\/wp-content\/uploads\/2023\/11\/campagne-eps-4h.jpg 720w, https:\/\/snepfsu.fr\/eps2024\/wp-content\/uploads\/2023\/11\/campagne-eps-4h-300x200.jpg 300w\" sizes=\"(max-width: 720px) 100vw, 720px\" \/><\/div><!-- Story Description --><div class=\"twae-description\"><p style=\"text-align: left\">Le site de la semaine de l'EPS :<\/p><ul style=\"text-align: left\"><li>les 6 mesures cl\u00e9s<\/li><li>les \u00e9v\u00e9nements<\/li><li>l'\u00e9cho des m\u00e9dias<\/li><\/ul><p style=\"text-align: left\"><a href=\"https:\/\/www.semaineeps.snepfsu.fr\/\">Visiter...<\/a><\/p><\/div><\/div><\/div><!-- Start of Story Repeater Content --><div id=\"story-4530dd3\" class=\"twae-story twae-repeater-item twae-story-right twae-story-no-icon\"><!-- Story Label --><div class=\"twae-labels\"><div class=\"twae-label-big\">11 novembre 2023<\/div><\/div><!-- Story Icon --><div class=\"twae-icon\"><i aria-hidden=\"true\" class=\"far fa-clock\"><\/i><\/div><!-- Story Arrow --><div class=\"twae-arrow\"><\/div><!-- Start of Story Content --><div class=\"twae-content\"><!-- Story Title --><div class=\"twae-title\">P\u00e9tition - \"Pour une jeunesse plus sportive : tout commence \u00e0 l\u2019Ecole !\"<\/div><!-- Story Image --><div class=\"twae-media large\"><img loading=\"lazy\" decoding=\"async\" width=\"720\" height=\"480\" src=\"https:\/\/snepfsu.fr\/eps2024\/wp-content\/uploads\/2023\/11\/visuel-petition-eps2024-720.jpg\" class=\"attachment-large size-large\" alt=\"\" srcset=\"https:\/\/snepfsu.fr\/eps2024\/wp-content\/uploads\/2023\/11\/visuel-petition-eps2024-720.jpg 720w, https:\/\/snepfsu.fr\/eps2024\/wp-content\/uploads\/2023\/11\/visuel-petition-eps2024-720-300x200.jpg 300w\" sizes=\"(max-width: 720px) 100vw, 720px\" \/><\/div><!-- Story Description --><div class=\"twae-description\"><p style=\"text-align: left\">(...) A la veille des JOP, nous, signataires, demandons le d\u00e9veloppement de l\u2019EPS de la maternelle \u00e0 l\u2019universit\u00e9 (horaires, \u00e9quipements, recrutements, sport scolaire\u2026), du sport scolaire et du service public du sport en France.\u00a0<\/p><p style=\"text-align: left\"><a href=\"https:\/\/www.change.org\/p\/pour-une-jeunesse-plus-sportive-tout-commence-%C3%A0-l-ecole\" target=\"_blank\" rel=\"noopener\">Je signe la p\u00e9tition...<\/a><\/p><\/div><\/div><\/div><!-- Start of Story Repeater Content --><div id=\"story-9642b8a\" class=\"twae-story twae-repeater-item twae-story-left twae-story-no-icon\"><!-- Story Label --><div class=\"twae-labels\"><div class=\"twae-label-big\">7 octobre 2023<\/div><div class=\"twae-label-small\">\u00e0 l'OL Stadium de Lyon<\/div><\/div><!-- Story Icon --><div class=\"twae-icon\"><i aria-hidden=\"true\" class=\"far fa-clock\"><\/i><\/div><!-- Story Arrow --><div class=\"twae-arrow\"><\/div><!-- Start of Story Content --><div class=\"twae-content\"><!-- Story Title --><div class=\"twae-title\">Tractages coupe du monde de rugby<\/div><!-- Story Image --><div class=\"twae-media large\"><img loading=\"lazy\" decoding=\"async\" width=\"720\" height=\"480\" src=\"https:\/\/snepfsu.fr\/eps2024\/wp-content\/uploads\/2023\/10\/tractage-rugby-lyon.jpg\" class=\"attachment-large size-large\" alt=\"\" srcset=\"https:\/\/snepfsu.fr\/eps2024\/wp-content\/uploads\/2023\/10\/tractage-rugby-lyon.jpg 720w, https:\/\/snepfsu.fr\/eps2024\/wp-content\/uploads\/2023\/10\/tractage-rugby-lyon-300x200.jpg 300w\" sizes=\"(max-width: 720px) 100vw, 720px\" \/><\/div><!-- Story Description --><div class=\"twae-description\"><p style=\"text-align: left\"><span class=\"x193iq5w xeuugli x13faqbe x1vvkbs x1xmvt09 x1lliihq x1s928wv xhkezso x1gmr53x x1cpjm7i x1fgarty x1943h6x xudqn12 x3x7a5m x6prxxf xvq8zen xo1l8bm xzsf02u x1yc453h\" dir=\"auto\">Le Snep-fsu 69 porte les 4h d'EPS pour tous les \u00e9l\u00e8ves au coeur de la m\u00eal\u00e9e avant France-Italie<\/span><\/p><p style=\"text-align: left\"><a href=\"https:\/\/www.facebook.com\/snepfsu69\/posts\/pfbid02jhgZsf1vT7goW8sgSgkWpgKvUQX1dqZVU3qRJvtyiAcwLBwTtKb9cW53K6bWuzKcl?__cft__[0]=AZVwxBUGlVkVUtxMssuQBX8ZDwgWE3P9yBWk2yaS85be6sJuqRS3lNUTtrT0zbH6uSaNbqIjR3s02-bcwH0uav9yKNZ0WxHSlBZWdHt7fA4Wa0E98lwZKpY-AMumHSsFBU72Bf3ZT3ncBHRNflnnaFonyl4HntJIwi961QijW6HrV0EwpOdz0iFUke1RSha9Gv8&amp;__tn__=%2CO%2CP-R\">Voir d'autres photos...<\/a><\/p><p><a href=\"https:\/\/snepfsu.fr\/eps2024\/outils-eps2024\/#tractsrugby\" target=\"_blank\" rel=\"noopener\">T\u00e9l\u00e9charger les tracts...<\/a><\/p><\/div><\/div><\/div><!-- Start of Story Repeater Content --><div id=\"story-f3bbc09\" class=\"twae-story twae-repeater-item twae-story-right twae-story-no-icon\"><!-- Story Label --><div class=\"twae-labels\"><div class=\"twae-label-big\">19 septembre 2023<\/div><div class=\"twae-label-small\">\u00e0 Paris<\/div><\/div><!-- Story Icon --><div class=\"twae-icon\"><i aria-hidden=\"true\" class=\"far fa-clock\"><\/i><\/div><!-- Story Arrow --><div class=\"twae-arrow\"><\/div><!-- Start of Story Content --><div class=\"twae-content\"><!-- Story Title --><div class=\"twae-title\">\u00c9tat des lieux de l\u2019EPS \u00e0 l\u2019aube des JOP 2024<\/div><!-- Story Image --><div class=\"twae-media large\"><img loading=\"lazy\" decoding=\"async\" width=\"720\" height=\"480\" src=\"https:\/\/snepfsu.fr\/eps2024\/wp-content\/uploads\/2023\/10\/Conf-presse-19092023.png\" class=\"attachment-large size-large\" alt=\"\" srcset=\"https:\/\/snepfsu.fr\/eps2024\/wp-content\/uploads\/2023\/10\/Conf-presse-19092023.png 720w, https:\/\/snepfsu.fr\/eps2024\/wp-content\/uploads\/2023\/10\/Conf-presse-19092023-300x200.png 300w\" sizes=\"(max-width: 720px) 100vw, 720px\" \/><\/div><!-- Story Description --><div class=\"twae-description\"><p style=\"text-align: left\">Le SNEP-FSU pr\u00e9sente un \u00e9tat des lieux de l\u2019EPS \u00e0 partir d\u2019une enqu\u00eate nationale de l\u2019\u00e9ducation physique et sportive.<\/p><p style=\"text-align: left\"><a href=\"https:\/\/lesite.snepfsu.fr\/actualites\/communiques\/conference-de-presse-etat-des-lieux-de-leps-a-laube-des-jop-2024\/\" target=\"_blank\" rel=\"noopener\">Voir le replay...<\/a><\/p><\/div><\/div><\/div><!-- Start of Story Repeater Content --><div id=\"story-fa10638\" class=\"twae-story twae-repeater-item twae-story-left twae-story-no-icon\"><!-- Story Label --><div class=\"twae-labels\"><div class=\"twae-label-big\">18 septembre 2023<\/div><\/div><!-- Story Icon --><div class=\"twae-icon\"><i aria-hidden=\"true\" class=\"far fa-clock\"><\/i><\/div><!-- Story Arrow --><div class=\"twae-arrow\"><\/div><!-- Start of Story Content --><div class=\"twae-content\"><!-- Story Title --><div class=\"twae-title\">Soir\u00e9e de l\u2019EPS - Les JOP 2024 pour ou contre l\u2019EPS ?<\/div><!-- Story Image --><div class=\"twae-media large\"><img loading=\"lazy\" decoding=\"async\" width=\"720\" height=\"480\" src=\"https:\/\/snepfsu.fr\/eps2024\/wp-content\/uploads\/2023\/10\/soiree-eps-jop-2024-replay.png\" class=\"attachment-large size-large\" alt=\"\" srcset=\"https:\/\/snepfsu.fr\/eps2024\/wp-content\/uploads\/2023\/10\/soiree-eps-jop-2024-replay.png 720w, https:\/\/snepfsu.fr\/eps2024\/wp-content\/uploads\/2023\/10\/soiree-eps-jop-2024-replay-300x200.png 300w\" sizes=\"(max-width: 720px) 100vw, 720px\" \/><\/div><!-- Story Description --><div class=\"twae-description\"><p style=\"text-align: left\"><strong>\u00ab\u00a0Les JOP d\u00e9sh\u00e9ritent l\u2019EPS ?\u00a0\u00bb<\/strong> <br \/>Les derni\u00e8res d\u00e9clarations de Monsieur Macron ne donnent aucune garantie sur le renforcement de l\u2019EPS et du sport pour tous et toutes \u00e0 l\u2019\u00e9cole...<\/p><p style=\"text-align: left\"><a href=\"https:\/\/pedagogie.snepfsu.fr\/2023\/09\/05\/soiree-de-leps-n1-saison-4-les-jop-2024-pour-ou-contre-leps\/\" target=\"_blank\" rel=\"noopener\">Voir le replay...<\/a><\/p><\/div><\/div><\/div><!-- Start of Story Repeater Content --><div id=\"story-8ab3881\" class=\"twae-story twae-repeater-item twae-story-right twae-story-no-icon\"><!-- Story Label --><div class=\"twae-labels\"><div class=\"twae-label-big\">Rentr\u00e9e 2023<\/div><div class=\"twae-label-small\"><br><\/div><\/div><!-- Story Icon --><div class=\"twae-icon\"><i aria-hidden=\"true\" class=\"far fa-clock\"><\/i><\/div><!-- Story Arrow --><div class=\"twae-arrow\"><\/div><!-- Start of Story Content --><div class=\"twae-content\"><!-- Story Title --><div class=\"twae-title\">\u00c9tat des lieux de l\u2019EPS \u00e0 l\u2019aube des JOP 2024<\/div><!-- Story Image --><div class=\"twae-media large\"><img loading=\"lazy\" decoding=\"async\" width=\"720\" height=\"480\" src=\"https:\/\/snepfsu.fr\/eps2024\/wp-content\/uploads\/2023\/10\/visuel-questionnaire-etat-des-lieux-2023.png\" class=\"attachment-large size-large\" alt=\"\" srcset=\"https:\/\/snepfsu.fr\/eps2024\/wp-content\/uploads\/2023\/10\/visuel-questionnaire-etat-des-lieux-2023.png 720w, https:\/\/snepfsu.fr\/eps2024\/wp-content\/uploads\/2023\/10\/visuel-questionnaire-etat-des-lieux-2023-300x200.png 300w\" sizes=\"(max-width: 720px) 100vw, 720px\" \/><\/div><!-- Story Description --><div class=\"twae-description\"><p style=\"text-align: left\">Le SNEP-FSU lance \u00e0 la rentr\u00e9e 2023 une grande enqu\u00eate \u00ab \u00c9tat des lieux de l\u2019EPS \u00bb : \u00e9quipements, heures perdues, sport scolaire, contenus\u2026<\/p><p style=\"text-align: left\"><a href=\"https:\/\/lesite.snepfsu.fr\/agir\/campagnes-pour-leps\/questionnaire-etat-des-lieux-de-leps-a-la-rentree-2023-la-realite-du-terrain\/\" target=\"_blank\" rel=\"noopener\">Lire...<\/a><\/p><\/div><\/div><\/div><\/div>\n    <div class=\"twae-end\"><\/div>\n    <\/div><style type=\"text\/css\">@media (max-width: 1024px){ .twae-wrapper{--tw-ybx-size: 80px !important;}}@media (max-width: 767px){ .twae-wrapper{--tw-ybx-size: 80px !important}}<\/style>\t\t\t\t<\/div>\n\t\t\t\t<\/div>\n\t\t\t\t\t<\/div>\n\t\t\t\t<\/div>\n\t\t\t\t<\/div>\n\t\t","protected":false},"excerpt":{"rendered":"<p>L&rsquo;Actu de la campagne 15 mars 2024Journ\u00e9e d\u2019action nationale des professeur\u00b7es d\u2019EPS Pour un v\u00e9ritable h\u00e9ritage des JOP 2024 tout commence \u00e0 l\u2019\u00e9cole. Plus de 1000 coll\u00e8gues d\u2019EPS venus de toute la France pour revendiquer plus et mieux d\u2019EPS Voir&#8230; 12 janvier 2024Lancement de la Web S\u00e9rie \u00ab\u00a0Les Flammes de l&rsquo;EPS\u00a0\u00bb Jusqu&rsquo;au 15 mars 2024, [&hellip;]<\/p>\n","protected":false},"author":1,"featured_media":0,"parent":0,"menu_order":0,"comment_status":"closed","ping_status":"closed","template":"","meta":{"ocean_post_layout":"","ocean_both_sidebars_style":"","ocean_both_sidebars_content_width":0,"ocean_both_sidebars_sidebars_width":0,"ocean_sidebar":"","ocean_second_sidebar":"","ocean_disable_margins":"enable","ocean_add_body_class":"","ocean_shortcode_before_top_bar":"","ocean_shortcode_after_top_bar":"","ocean_shortcode_before_header":"","ocean_shortcode_after_header":"","ocean_has_shortcode":"","ocean_shortcode_after_title":"","ocean_shortcode_before_footer_widgets":"","ocean_shortcode_after_footer_widgets":"","ocean_shortcode_before_footer_bottom":"","ocean_shortcode_after_footer_bottom":"","ocean_display_top_bar":"default","ocean_display_header":"default","ocean_header_style":"","ocean_center_header_left_menu":"","ocean_custom_header_template":"","ocean_custom_logo":0,"ocean_custom_retina_logo":0,"ocean_custom_logo_max_width":0,"ocean_custom_logo_tablet_max_width":0,"ocean_custom_logo_mobile_max_width":0,"ocean_custom_logo_max_height":0,"ocean_custom_logo_tablet_max_height":0,"ocean_custom_logo_mobile_max_height":0,"ocean_header_custom_menu":"","ocean_menu_typo_font_family":"","ocean_menu_typo_font_subset":"","ocean_menu_typo_font_size":0,"ocean_menu_typo_font_size_tablet":0,"ocean_menu_typo_font_size_mobile":0,"ocean_menu_typo_font_size_unit":"px","ocean_menu_typo_font_weight":"","ocean_menu_typo_font_weight_tablet":"","ocean_menu_typo_font_weight_mobile":"","ocean_menu_typo_transform":"","ocean_menu_typo_transform_tablet":"","ocean_menu_typo_transform_mobile":"","ocean_menu_typo_line_height":0,"ocean_menu_typo_line_height_tablet":0,"ocean_menu_typo_line_height_mobile":0,"ocean_menu_typo_line_height_unit":"","ocean_menu_typo_spacing":0,"ocean_menu_typo_spacing_tablet":0,"ocean_menu_typo_spacing_mobile":0,"ocean_menu_typo_spacing_unit":"","ocean_menu_link_color":"","ocean_menu_link_color_hover":"","ocean_menu_link_color_active":"","ocean_menu_link_background":"","ocean_menu_link_hover_background":"","ocean_menu_link_active_background":"","ocean_menu_social_links_bg":"","ocean_menu_social_hover_links_bg":"","ocean_menu_social_links_color":"","ocean_menu_social_hover_links_color":"","ocean_disable_title":"default","ocean_disable_heading":"default","ocean_post_title":"","ocean_post_subheading":"","ocean_post_title_style":"","ocean_post_title_background_color":"","ocean_post_title_background":0,"ocean_post_title_bg_image_position":"","ocean_post_title_bg_image_attachment":"","ocean_post_title_bg_image_repeat":"","ocean_post_title_bg_image_size":"","ocean_post_title_height":0,"ocean_post_title_bg_overlay":0.5,"ocean_post_title_bg_overlay_color":"","ocean_disable_breadcrumbs":"default","ocean_breadcrumbs_color":"","ocean_breadcrumbs_separator_color":"","ocean_breadcrumbs_links_color":"","ocean_breadcrumbs_links_hover_color":"","ocean_display_footer_widgets":"default","ocean_display_footer_bottom":"default","ocean_custom_footer_template":"","footnotes":""},"class_list":["post-153","page","type-page","status-publish","hentry","entry"],"yoast_head":"<!-- This site is optimized with the Yoast SEO plugin v27.5 - https:\/\/yoast.com\/product\/yoast-seo-wordpress\/ -->\n<title>L&#039;Actu de la campagne - #EPS2024<\/title>\n<meta name=\"robots\" content=\"index, follow, max-snippet:-1, max-image-preview:large, max-video-preview:-1\" \/>\n<link rel=\"canonical\" href=\"https:\/\/snepfsu.fr\/eps2024\/lactu-de-la-campagne\/\" \/>\n<meta property=\"og:locale\" content=\"fr_FR\" \/>\n<meta property=\"og:type\" content=\"article\" \/>\n<meta property=\"og:title\" content=\"L&#039;Actu de la campagne - #EPS2024\" \/>\n<meta property=\"og:description\" content=\"L&rsquo;Actu de la campagne 15 mars 2024Journ\u00e9e d\u2019action nationale des professeur\u00b7es d\u2019EPS Pour un v\u00e9ritable h\u00e9ritage des JOP 2024 tout commence \u00e0 l\u2019\u00e9cole. Plus de 1000 coll\u00e8gues d\u2019EPS venus de toute la France pour revendiquer plus et mieux d\u2019EPS Voir&#8230; 12 janvier 2024Lancement de la Web S\u00e9rie \u00ab\u00a0Les Flammes de l&rsquo;EPS\u00a0\u00bb Jusqu&rsquo;au 15 mars 2024, [&hellip;]\" \/>\n<meta property=\"og:url\" content=\"https:\/\/snepfsu.fr\/eps2024\/lactu-de-la-campagne\/\" \/>\n<meta property=\"og:site_name\" content=\"#EPS2024\" \/>\n<meta property=\"article:modified_time\" content=\"2024-03-22T07:59:04+00:00\" \/>\n<meta property=\"og:image\" content=\"http:\/\/snepfsu.fr\/eps2024\/wp-content\/uploads\/2024\/03\/15-mars-1.jpg\" \/>\n<meta name=\"twitter:card\" content=\"summary_large_image\" \/>\n<meta name=\"twitter:label1\" content=\"Dur\u00e9e de lecture estim\u00e9e\" \/>\n\t<meta name=\"twitter:data1\" content=\"4 minutes\" \/>\n<script type=\"application\/ld+json\" class=\"yoast-schema-graph\">{\"@context\":\"https:\\\/\\\/schema.org\",\"@graph\":[{\"@type\":\"WebPage\",\"@id\":\"https:\\\/\\\/snepfsu.fr\\\/eps2024\\\/lactu-de-la-campagne\\\/\",\"url\":\"https:\\\/\\\/snepfsu.fr\\\/eps2024\\\/lactu-de-la-campagne\\\/\",\"name\":\"L'Actu de la campagne - #EPS2024\",\"isPartOf\":{\"@id\":\"https:\\\/\\\/snepfsu.fr\\\/eps2024\\\/#website\"},\"primaryImageOfPage\":{\"@id\":\"https:\\\/\\\/snepfsu.fr\\\/eps2024\\\/lactu-de-la-campagne\\\/#primaryimage\"},\"image\":{\"@id\":\"https:\\\/\\\/snepfsu.fr\\\/eps2024\\\/lactu-de-la-campagne\\\/#primaryimage\"},\"thumbnailUrl\":\"http:\\\/\\\/snepfsu.fr\\\/eps2024\\\/wp-content\\\/uploads\\\/2024\\\/03\\\/15-mars-1.jpg\",\"datePublished\":\"2023-10-12T14:07:00+00:00\",\"dateModified\":\"2024-03-22T07:59:04+00:00\",\"breadcrumb\":{\"@id\":\"https:\\\/\\\/snepfsu.fr\\\/eps2024\\\/lactu-de-la-campagne\\\/#breadcrumb\"},\"inLanguage\":\"fr-FR\",\"potentialAction\":[{\"@type\":\"ReadAction\",\"target\":[\"https:\\\/\\\/snepfsu.fr\\\/eps2024\\\/lactu-de-la-campagne\\\/\"]}]},{\"@type\":\"ImageObject\",\"inLanguage\":\"fr-FR\",\"@id\":\"https:\\\/\\\/snepfsu.fr\\\/eps2024\\\/lactu-de-la-campagne\\\/#primaryimage\",\"url\":\"http:\\\/\\\/snepfsu.fr\\\/eps2024\\\/wp-content\\\/uploads\\\/2024\\\/03\\\/15-mars-1.jpg\",\"contentUrl\":\"http:\\\/\\\/snepfsu.fr\\\/eps2024\\\/wp-content\\\/uploads\\\/2024\\\/03\\\/15-mars-1.jpg\"},{\"@type\":\"BreadcrumbList\",\"@id\":\"https:\\\/\\\/snepfsu.fr\\\/eps2024\\\/lactu-de-la-campagne\\\/#breadcrumb\",\"itemListElement\":[{\"@type\":\"ListItem\",\"position\":1,\"name\":\"Accueil\",\"item\":\"https:\\\/\\\/snepfsu.fr\\\/eps2024\\\/\"},{\"@type\":\"ListItem\",\"position\":2,\"name\":\"L&rsquo;Actu de la campagne\"}]},{\"@type\":\"WebSite\",\"@id\":\"https:\\\/\\\/snepfsu.fr\\\/eps2024\\\/#website\",\"url\":\"https:\\\/\\\/snepfsu.fr\\\/eps2024\\\/\",\"name\":\"#EPS2024\",\"description\":\"\",\"publisher\":{\"@id\":\"https:\\\/\\\/snepfsu.fr\\\/eps2024\\\/#organization\"},\"potentialAction\":[{\"@type\":\"SearchAction\",\"target\":{\"@type\":\"EntryPoint\",\"urlTemplate\":\"https:\\\/\\\/snepfsu.fr\\\/eps2024\\\/?s={search_term_string}\"},\"query-input\":{\"@type\":\"PropertyValueSpecification\",\"valueRequired\":true,\"valueName\":\"search_term_string\"}}],\"inLanguage\":\"fr-FR\"},{\"@type\":\"Organization\",\"@id\":\"https:\\\/\\\/snepfsu.fr\\\/eps2024\\\/#organization\",\"name\":\"#EPS2024\",\"url\":\"https:\\\/\\\/snepfsu.fr\\\/eps2024\\\/\",\"logo\":{\"@type\":\"ImageObject\",\"inLanguage\":\"fr-FR\",\"@id\":\"https:\\\/\\\/snepfsu.fr\\\/eps2024\\\/#\\\/schema\\\/logo\\\/image\\\/\",\"url\":\"https:\\\/\\\/snepfsu.fr\\\/eps2024\\\/wp-content\\\/uploads\\\/2023\\\/10\\\/signature-2023-4000-x-690-px-2560-x-442-px.gif\",\"contentUrl\":\"https:\\\/\\\/snepfsu.fr\\\/eps2024\\\/wp-content\\\/uploads\\\/2023\\\/10\\\/signature-2023-4000-x-690-px-2560-x-442-px.gif\",\"width\":2560,\"height\":442,\"caption\":\"#EPS2024\"},\"image\":{\"@id\":\"https:\\\/\\\/snepfsu.fr\\\/eps2024\\\/#\\\/schema\\\/logo\\\/image\\\/\"}}]}<\/script>\n<!-- \/ Yoast SEO plugin. -->","yoast_head_json":{"title":"L'Actu de la campagne - #EPS2024","robots":{"index":"index","follow":"follow","max-snippet":"max-snippet:-1","max-image-preview":"max-image-preview:large","max-video-preview":"max-video-preview:-1"},"canonical":"https:\/\/snepfsu.fr\/eps2024\/lactu-de-la-campagne\/","og_locale":"fr_FR","og_type":"article","og_title":"L'Actu de la campagne - #EPS2024","og_description":"L&rsquo;Actu de la campagne 15 mars 2024Journ\u00e9e d\u2019action nationale des professeur\u00b7es d\u2019EPS Pour un v\u00e9ritable h\u00e9ritage des JOP 2024 tout commence \u00e0 l\u2019\u00e9cole. Plus de 1000 coll\u00e8gues d\u2019EPS venus de toute la France pour revendiquer plus et mieux d\u2019EPS Voir&#8230; 12 janvier 2024Lancement de la Web S\u00e9rie \u00ab\u00a0Les Flammes de l&rsquo;EPS\u00a0\u00bb Jusqu&rsquo;au 15 mars 2024, [&hellip;]","og_url":"https:\/\/snepfsu.fr\/eps2024\/lactu-de-la-campagne\/","og_site_name":"#EPS2024","article_modified_time":"2024-03-22T07:59:04+00:00","og_image":[{"url":"http:\/\/snepfsu.fr\/eps2024\/wp-content\/uploads\/2024\/03\/15-mars-1.jpg","type":"","width":"","height":""}],"twitter_card":"summary_large_image","twitter_misc":{"Dur\u00e9e de lecture estim\u00e9e":"4 minutes"},"schema":{"@context":"https:\/\/schema.org","@graph":[{"@type":"WebPage","@id":"https:\/\/snepfsu.fr\/eps2024\/lactu-de-la-campagne\/","url":"https:\/\/snepfsu.fr\/eps2024\/lactu-de-la-campagne\/","name":"L'Actu de la campagne - #EPS2024","isPartOf":{"@id":"https:\/\/snepfsu.fr\/eps2024\/#website"},"primaryImageOfPage":{"@id":"https:\/\/snepfsu.fr\/eps2024\/lactu-de-la-campagne\/#primaryimage"},"image":{"@id":"https:\/\/snepfsu.fr\/eps2024\/lactu-de-la-campagne\/#primaryimage"},"thumbnailUrl":"http:\/\/snepfsu.fr\/eps2024\/wp-content\/uploads\/2024\/03\/15-mars-1.jpg","datePublished":"2023-10-12T14:07:00+00:00","dateModified":"2024-03-22T07:59:04+00:00","breadcrumb":{"@id":"https:\/\/snepfsu.fr\/eps2024\/lactu-de-la-campagne\/#breadcrumb"},"inLanguage":"fr-FR","potentialAction":[{"@type":"ReadAction","target":["https:\/\/snepfsu.fr\/eps2024\/lactu-de-la-campagne\/"]}]},{"@type":"ImageObject","inLanguage":"fr-FR","@id":"https:\/\/snepfsu.fr\/eps2024\/lactu-de-la-campagne\/#primaryimage","url":"http:\/\/snepfsu.fr\/eps2024\/wp-content\/uploads\/2024\/03\/15-mars-1.jpg","contentUrl":"http:\/\/snepfsu.fr\/eps2024\/wp-content\/uploads\/2024\/03\/15-mars-1.jpg"},{"@type":"BreadcrumbList","@id":"https:\/\/snepfsu.fr\/eps2024\/lactu-de-la-campagne\/#breadcrumb","itemListElement":[{"@type":"ListItem","position":1,"name":"Accueil","item":"https:\/\/snepfsu.fr\/eps2024\/"},{"@type":"ListItem","position":2,"name":"L&rsquo;Actu de la campagne"}]},{"@type":"WebSite","@id":"https:\/\/snepfsu.fr\/eps2024\/#website","url":"https:\/\/snepfsu.fr\/eps2024\/","name":"#EPS2024","description":"","publisher":{"@id":"https:\/\/snepfsu.fr\/eps2024\/#organization"},"potentialAction":[{"@type":"SearchAction","target":{"@type":"EntryPoint","urlTemplate":"https:\/\/snepfsu.fr\/eps2024\/?s={search_term_string}"},"query-input":{"@type":"PropertyValueSpecification","valueRequired":true,"valueName":"search_term_string"}}],"inLanguage":"fr-FR"},{"@type":"Organization","@id":"https:\/\/snepfsu.fr\/eps2024\/#organization","name":"#EPS2024","url":"https:\/\/snepfsu.fr\/eps2024\/","logo":{"@type":"ImageObject","inLanguage":"fr-FR","@id":"https:\/\/snepfsu.fr\/eps2024\/#\/schema\/logo\/image\/","url":"https:\/\/snepfsu.fr\/eps2024\/wp-content\/uploads\/2023\/10\/signature-2023-4000-x-690-px-2560-x-442-px.gif","contentUrl":"https:\/\/snepfsu.fr\/eps2024\/wp-content\/uploads\/2023\/10\/signature-2023-4000-x-690-px-2560-x-442-px.gif","width":2560,"height":442,"caption":"#EPS2024"},"image":{"@id":"https:\/\/snepfsu.fr\/eps2024\/#\/schema\/logo\/image\/"}}]}},"_links":{"self":[{"href":"https:\/\/snepfsu.fr\/eps2024\/wp-json\/wp\/v2\/pages\/153","targetHints":{"allow":["GET"]}}],"collection":[{"href":"https:\/\/snepfsu.fr\/eps2024\/wp-json\/wp\/v2\/pages"}],"about":[{"href":"https:\/\/snepfsu.fr\/eps2024\/wp-json\/wp\/v2\/types\/page"}],"author":[{"embeddable":true,"href":"https:\/\/snepfsu.fr\/eps2024\/wp-json\/wp\/v2\/users\/1"}],"replies":[{"embeddable":true,"href":"https:\/\/snepfsu.fr\/eps2024\/wp-json\/wp\/v2\/comments?post=153"}],"version-history":[{"count":5,"href":"https:\/\/snepfsu.fr\/eps2024\/wp-json\/wp\/v2\/pages\/153\/revisions"}],"predecessor-version":[{"id":808,"href":"https:\/\/snepfsu.fr\/eps2024\/wp-json\/wp\/v2\/pages\/153\/revisions\/808"}],"wp:attachment":[{"href":"https:\/\/snepfsu.fr\/eps2024\/wp-json\/wp\/v2\/media?parent=153"}],"curies":[{"name":"wp","href":"https:\/\/api.w.org\/{rel}","templated":true}]}}